{"id":1253,"date":"2022-04-04T22:17:59","date_gmt":"2022-04-04T22:17:59","guid":{"rendered":"https:\/\/halimi.al\/?page_id=1253"},"modified":"2022-04-25T10:57:49","modified_gmt":"2022-04-25T10:57:49","slug":"blog","status":"publish","type":"page","link":"https:\/\/halimi.al\/en\/blog\/","title":{"rendered":"Blog"},"content":{"rendered":"<div data-elementor-type=\"wp-page\" data-elementor-id=\"1253\" class=\"elementor elementor-1253\" data-elementor-post-type=\"page\">\n\t\t\t\t\t\t<section class=\"elementor-section elementor-top-section elementor-element elementor-element-36d6eea5 elementor-section-full_width elementor-section-height-default elementor-section-height-default\" data-id=\"36d6eea5\" data-element_type=\"section\" data-settings=\"{&quot;background_background&quot;:&quot;classic&quot;}\">\n\t\t\t\t\t\t\t<div class=\"elementor-background-overlay\"><\/div>\n\t\t\t\t\t\t\t<div class=\"elementor-container elementor-column-gap-default\">\n\t\t\t\t\t<div class=\"elementor-column elementor-col-100 elementor-top-column elementor-element elementor-element-77cbb386\" data-id=\"77cbb386\" data-element_type=\"column\">\n\t\t\t<div class=\"elementor-widget-wrap elementor-element-populated\">\n\t\t\t\t\t\t<section class=\"elementor-section elementor-inner-section elementor-element elementor-element-7f47b0d6 elementor-section-boxed elementor-section-height-default elementor-section-height-default\" data-id=\"7f47b0d6\" data-element_type=\"section\">\n\t\t\t\t\t\t<div class=\"elementor-container elementor-column-gap-default\">\n\t\t\t\t\t<div class=\"elementor-column elementor-col-100 elementor-inner-column elementor-element elementor-element-747d6df2\" data-id=\"747d6df2\" data-element_type=\"column\">\n\t\t\t<div class=\"elementor-widget-wrap elementor-element-populated\">\n\t\t\t\t\t\t<div class=\"elementor-element elementor-element-36e76165 elementor-widget elementor-widget-spacer\" data-id=\"36e76165\" data-element_type=\"widget\" data-widget_type=\"spacer.default\">\n\t\t\t\t<div class=\"elementor-widget-container\">\n\t\t\t\t\t\t\t<div class=\"elementor-spacer\">\n\t\t\t<div class=\"elementor-spacer-inner\"><\/div>\n\t\t<\/div>\n\t\t\t\t\t\t<\/div>\n\t\t\t\t<\/div>\n\t\t\t\t<div class=\"elementor-element elementor-element-47124bbd elementor-widget elementor-widget-image\" data-id=\"47124bbd\" data-element_type=\"widget\" data-settings=\"{&quot;motion_fx_motion_fx_scrolling&quot;:&quot;yes&quot;,&quot;motion_fx_rotateZ_effect&quot;:&quot;yes&quot;,&quot;motion_fx_rotateZ_speed&quot;:{&quot;unit&quot;:&quot;px&quot;,&quot;size&quot;:1,&quot;sizes&quot;:[]},&quot;motion_fx_rotateZ_affectedRange&quot;:{&quot;unit&quot;:&quot;%&quot;,&quot;size&quot;:&quot;&quot;,&quot;sizes&quot;:{&quot;start&quot;:0,&quot;end&quot;:100}},&quot;motion_fx_devices&quot;:[&quot;desktop&quot;,&quot;tablet&quot;,&quot;mobile&quot;]}\" data-widget_type=\"image.default\">\n\t\t\t\t<div class=\"elementor-widget-container\">\n\t\t\t\t\t\t\t\t\t\t\t\t\t\t\t<img decoding=\"async\" width=\"200\" height=\"163\" src=\"https:\/\/halimi.al\/wp-content\/uploads\/2022\/03\/LOGO-HALIMI-200px-1.png\" class=\"attachment-full size-full wp-image-288\" alt=\"\" \/>\t\t\t\t\t\t\t\t\t\t\t\t\t\t\t<\/div>\n\t\t\t\t<\/div>\n\t\t\t\t<div class=\"elementor-element elementor-element-2d1bbbbc elementor-widget elementor-widget-heading\" data-id=\"2d1bbbbc\" data-element_type=\"widget\" data-widget_type=\"heading.default\">\n\t\t\t\t<div class=\"elementor-widget-container\">\n\t\t\t\t\t<h2 class=\"elementor-heading-title elementor-size-default\">BLOG<\/h2>\t\t\t\t<\/div>\n\t\t\t\t<\/div>\n\t\t\t\t\t<\/div>\n\t\t<\/div>\n\t\t\t\t\t<\/div>\n\t\t<\/section>\n\t\t\t\t<section class=\"elementor-section elementor-inner-section elementor-element elementor-element-354cc7c elementor-section-boxed elementor-section-height-default elementor-section-height-default\" data-id=\"354cc7c\" data-element_type=\"section\">\n\t\t\t\t\t\t<div class=\"elementor-container elementor-column-gap-default\">\n\t\t\t\t\t<div class=\"elementor-column elementor-col-33 elementor-inner-column elementor-element elementor-element-21a96ccd\" data-id=\"21a96ccd\" data-element_type=\"column\">\n\t\t\t<div class=\"elementor-widget-wrap elementor-element-populated\">\n\t\t\t\t\t\t<div class=\"elementor-element elementor-element-644c7e7e elementor-widget elementor-widget-counter\" data-id=\"644c7e7e\" data-element_type=\"widget\" data-widget_type=\"counter.default\">\n\t\t\t\t<div class=\"elementor-widget-container\">\n\t\t\t\t\t\t\t<div class=\"elementor-counter\">\n\t\t\t<div class=\"elementor-counter-title\">Legal Assistance<\/div>\t\t\t<div class=\"elementor-counter-number-wrapper\">\n\t\t\t\t<span class=\"elementor-counter-number-prefix\"><\/span>\n\t\t\t\t<span class=\"elementor-counter-number\" data-duration=\"2000\" data-to-value=\"50\" data-from-value=\"0\" data-delimiter=\",\">0<\/span>\n\t\t\t\t<span class=\"elementor-counter-number-suffix\"><\/span>\n\t\t\t<\/div>\n\t\t<\/div>\n\t\t\t\t\t\t<\/div>\n\t\t\t\t<\/div>\n\t\t\t\t\t<\/div>\n\t\t<\/div>\n\t\t\t\t<div class=\"elementor-column elementor-col-33 elementor-inner-column elementor-element elementor-element-36697eb7\" data-id=\"36697eb7\" data-element_type=\"column\">\n\t\t\t<div class=\"elementor-widget-wrap elementor-element-populated\">\n\t\t\t\t\t\t<div class=\"elementor-element elementor-element-6f39a0c6 elementor-widget elementor-widget-counter\" data-id=\"6f39a0c6\" data-element_type=\"widget\" data-widget_type=\"counter.default\">\n\t\t\t\t<div class=\"elementor-widget-container\">\n\t\t\t\t\t\t\t<div class=\"elementor-counter\">\n\t\t\t<div class=\"elementor-counter-title\">Notifications<\/div>\t\t\t<div class=\"elementor-counter-number-wrapper\">\n\t\t\t\t<span class=\"elementor-counter-number-prefix\"><\/span>\n\t\t\t\t<span class=\"elementor-counter-number\" data-duration=\"2000\" data-to-value=\"30\" data-from-value=\"0\" data-delimiter=\",\">0<\/span>\n\t\t\t\t<span class=\"elementor-counter-number-suffix\"><\/span>\n\t\t\t<\/div>\n\t\t<\/div>\n\t\t\t\t\t\t<\/div>\n\t\t\t\t<\/div>\n\t\t\t\t\t<\/div>\n\t\t<\/div>\n\t\t\t\t<div class=\"elementor-column elementor-col-33 elementor-inner-column elementor-element elementor-element-66af452e\" data-id=\"66af452e\" data-element_type=\"column\">\n\t\t\t<div class=\"elementor-widget-wrap elementor-element-populated\">\n\t\t\t\t\t\t<div class=\"elementor-element elementor-element-23bc4451 elementor-widget elementor-widget-counter\" data-id=\"23bc4451\" data-element_type=\"widget\" data-widget_type=\"counter.default\">\n\t\t\t\t<div class=\"elementor-widget-container\">\n\t\t\t\t\t\t\t<div class=\"elementor-counter\">\n\t\t\t<div class=\"elementor-counter-title\">Presentation<\/div>\t\t\t<div class=\"elementor-counter-number-wrapper\">\n\t\t\t\t<span class=\"elementor-counter-number-prefix\"><\/span>\n\t\t\t\t<span class=\"elementor-counter-number\" data-duration=\"2000\" data-to-value=\"15\" data-from-value=\"0\" data-delimiter=\",\">0<\/span>\n\t\t\t\t<span class=\"elementor-counter-number-suffix\"><\/span>\n\t\t\t<\/div>\n\t\t<\/div>\n\t\t\t\t\t\t<\/div>\n\t\t\t\t<\/div>\n\t\t\t\t\t<\/div>\n\t\t<\/div>\n\t\t\t\t\t<\/div>\n\t\t<\/section>\n\t\t\t\t\t<\/div>\n\t\t<\/div>\n\t\t\t\t\t<\/div>\n\t\t<\/section>\n\t\t\t\t<section class=\"elementor-section elementor-top-section elementor-element elementor-element-31c5911 elementor-section-full_width elementor-section-height-default elementor-section-height-default\" data-id=\"31c5911\" data-element_type=\"section\">\n\t\t\t\t\t\t<div class=\"elementor-container elementor-column-gap-default\">\n\t\t\t\t\t<div class=\"elementor-column elementor-col-100 elementor-top-column elementor-element elementor-element-4eea18d\" data-id=\"4eea18d\" data-element_type=\"column\">\n\t\t\t<div class=\"elementor-widget-wrap elementor-element-populated\">\n\t\t\t\t\t\t<section class=\"elementor-section elementor-inner-section elementor-element elementor-element-5508e40 elementor-section-height-default elementor-section-boxed elementor-section-height-default\" data-id=\"5508e40\" data-element_type=\"section\" data-settings=\"{&quot;background_background&quot;:&quot;classic&quot;,&quot;motion_fx_motion_fx_scrolling&quot;:&quot;yes&quot;,&quot;motion_fx_translateY_effect&quot;:&quot;yes&quot;,&quot;motion_fx_translateY_speed&quot;:{&quot;unit&quot;:&quot;px&quot;,&quot;size&quot;:4,&quot;sizes&quot;:[]},&quot;motion_fx_translateY_affectedRange&quot;:{&quot;unit&quot;:&quot;%&quot;,&quot;size&quot;:&quot;&quot;,&quot;sizes&quot;:{&quot;start&quot;:0,&quot;end&quot;:100}},&quot;motion_fx_devices&quot;:[&quot;desktop&quot;,&quot;tablet&quot;,&quot;mobile&quot;]}\">\n\t\t\t\t\t\t<div class=\"elementor-container elementor-column-gap-default\">\n\t\t\t\t\t<div class=\"elementor-column elementor-col-100 elementor-top-column elementor-element elementor-element-10911d6\" data-id=\"10911d6\" data-element_type=\"column\">\n\t\t\t<div class=\"elementor-widget-wrap elementor-element-populated\">\n\t\t\t\t\t\t<section class=\"elementor-section elementor-inner-section elementor-element elementor-element-fb07261 elementor-section-boxed elementor-section-height-default elementor-section-height-default\" data-id=\"fb07261\" data-element_type=\"section\">\n\t\t\t\t\t\t<div class=\"elementor-container elementor-column-gap-default\">\n\t\t\t\t\t<div class=\"elementor-column elementor-col-50 elementor-inner-column elementor-element elementor-element-9085651\" data-id=\"9085651\" data-element_type=\"column\">\n\t\t\t<div class=\"elementor-widget-wrap\">\n\t\t\t\t\t\t\t<\/div>\n\t\t<\/div>\n\t\t\t\t<div class=\"elementor-column elementor-col-50 elementor-inner-column elementor-element elementor-element-386acb3\" data-id=\"386acb3\" data-element_type=\"column\">\n\t\t\t<div class=\"elementor-widget-wrap\">\n\t\t\t\t\t\t\t<\/div>\n\t\t<\/div>\n\t\t\t\t\t<\/div>\n\t\t<\/section>\n\t\t\t\t<section class=\"elementor-section elementor-inner-section elementor-element elementor-element-7c40ea9 elementor-section-boxed elementor-section-height-default elementor-section-height-default\" data-id=\"7c40ea9\" data-element_type=\"section\">\n\t\t\t\t\t\t<div class=\"elementor-container elementor-column-gap-default\">\n\t\t\t\t\t<div class=\"elementor-column elementor-col-100 elementor-inner-column elementor-element elementor-element-23584ca\" data-id=\"23584ca\" data-element_type=\"column\">\n\t\t\t<div class=\"elementor-widget-wrap elementor-element-populated\">\n\t\t\t\t\t\t<div class=\"elementor-element elementor-element-d8f2090 elementor-grid-3 elementor-grid-tablet-2 elementor-grid-mobile-1 elementor-posts--thumbnail-top elementor-posts--show-avatar elementor-card-shadow-yes elementor-posts__hover-gradient elementor-widget elementor-widget-posts\" data-id=\"d8f2090\" data-element_type=\"widget\" data-settings=\"{&quot;cards_masonry&quot;:&quot;yes&quot;,&quot;cards_columns&quot;:&quot;3&quot;,&quot;cards_columns_tablet&quot;:&quot;2&quot;,&quot;cards_columns_mobile&quot;:&quot;1&quot;,&quot;cards_row_gap&quot;:{&quot;unit&quot;:&quot;px&quot;,&quot;size&quot;:35,&quot;sizes&quot;:[]},&quot;cards_row_gap_tablet&quot;:{&quot;unit&quot;:&quot;px&quot;,&quot;size&quot;:&quot;&quot;,&quot;sizes&quot;:[]},&quot;cards_row_gap_mobile&quot;:{&quot;unit&quot;:&quot;px&quot;,&quot;size&quot;:&quot;&quot;,&quot;sizes&quot;:[]}}\" data-widget_type=\"posts.cards\">\n\t\t\t\t<div class=\"elementor-widget-container\">\n\t\t\t\t\t\t\t<div class=\"elementor-posts-container elementor-posts elementor-posts--skin-cards elementor-grid\" role=\"list\">\n\t\t\t\t<article class=\"elementor-post elementor-grid-item post-2491 post type-post status-publish format-standard has-post-thumbnail hentry category-blog\" role=\"listitem\">\n\t\t\t<div class=\"elementor-post__card\">\n\t\t\t\t<a class=\"elementor-post__thumbnail__link\" href=\"https:\/\/halimi.al\/en\/partneri-dhe-avokati-yne-arlind-ahmetaj\/\" tabindex=\"-1\" ><div class=\"elementor-post__thumbnail\"><img fetchpriority=\"high\" decoding=\"async\" width=\"1080\" height=\"721\" src=\"https:\/\/halimi.al\/wp-content\/uploads\/2025\/10\/foto-1.jpg\" class=\"attachment-full size-full wp-image-2492\" alt=\"\" srcset=\"https:\/\/halimi.al\/wp-content\/uploads\/2025\/10\/foto-1.jpg 1080w, https:\/\/halimi.al\/wp-content\/uploads\/2025\/10\/foto-1-300x200.jpg 300w, https:\/\/halimi.al\/wp-content\/uploads\/2025\/10\/foto-1-1024x684.jpg 1024w, https:\/\/halimi.al\/wp-content\/uploads\/2025\/10\/foto-1-768x513.jpg 768w, https:\/\/halimi.al\/wp-content\/uploads\/2025\/10\/foto-1-18x12.jpg 18w, https:\/\/halimi.al\/wp-content\/uploads\/2025\/10\/foto-1-200x134.jpg 200w\" sizes=\"(max-width: 1080px) 100vw, 1080px\" \/><\/div><\/a>\n\t\t\t\t<div class=\"elementor-post__badge\">Blog<\/div>\n\t\t\t\t<div class=\"elementor-post__avatar\">\n\t\t\t<img alt='ves' src='https:\/\/secure.gravatar.com\/avatar\/7b26f6fa8aa27d94d95b6cdbd73e79a388dd58c6b2fc0d63ddf5635eab9d2196?s=128&#038;d=mm&#038;r=g' srcset='https:\/\/secure.gravatar.com\/avatar\/7b26f6fa8aa27d94d95b6cdbd73e79a388dd58c6b2fc0d63ddf5635eab9d2196?s=256&#038;d=mm&#038;r=g 2x' class='avatar avatar-128 photo' height='128' width='128' \/>\t\t<\/div>\n\t\t\t\t<div class=\"elementor-post__text\">\n\t\t\t\t<h1 class=\"elementor-post__title\">\n\t\t\t<a href=\"https:\/\/halimi.al\/en\/partneri-dhe-avokati-yne-arlind-ahmetaj\/\" >\n\t\t\t\tPartneri dhe avokati yn\u00eb, Arlind Ahmetaj.\t\t\t<\/a>\n\t\t<\/h1>\n\t\t\t\t<div class=\"elementor-post__excerpt\">\n\t\t\t<p>Partneri dhe avokati yn\u00eb, ARLIND AHMETAJ , nj\u00ebkoh\u00ebsisht dhe N\u00ebnkryetar i Komitetit p\u00ebr \u00c7\u00ebshtjet Rregullatore, Ligjore &amp; IPR pran\u00eb American Chamber of Commerce in Albania,<\/p>\n\t\t<\/div>\n\t\t\n\t\t<a class=\"elementor-post__read-more\" href=\"https:\/\/halimi.al\/en\/partneri-dhe-avokati-yne-arlind-ahmetaj\/\" aria-label=\"Read more about Partneri dhe avokati yn\u00eb, Arlind Ahmetaj.\" tabindex=\"-1\" >\n\t\t\tRead More \u00bb\t\t<\/a>\n\n\t\t\t\t<\/div>\n\t\t\t\t<div class=\"elementor-post__meta-data\">\n\t\t\t\t\t<span class=\"elementor-post-date\">\n\t\t\tOctober 30, 2025\t\t<\/span>\n\t\t\t\t<\/div>\n\t\t\t\t\t<\/div>\n\t\t<\/article>\n\t\t\t\t<article class=\"elementor-post elementor-grid-item post-2487 post type-post status-publish format-standard has-post-thumbnail hentry category-blog\" role=\"listitem\">\n\t\t\t<div class=\"elementor-post__card\">\n\t\t\t\t<a class=\"elementor-post__thumbnail__link\" href=\"https:\/\/halimi.al\/en\/partneri-i-zyres-sone-eduard-halimi-ishte-i-ftuar-nga-westminster-foundation-for-democracy-dhe-ambasada-e-mbreterise-se-bashkuar\/\" tabindex=\"-1\" ><div class=\"elementor-post__thumbnail\"><img decoding=\"async\" width=\"2048\" height=\"1366\" src=\"https:\/\/halimi.al\/wp-content\/uploads\/2025\/10\/573927712_1958547344935050_3467743153990921288_n.jpg\" class=\"attachment-full size-full wp-image-2488\" alt=\"\" srcset=\"https:\/\/halimi.al\/wp-content\/uploads\/2025\/10\/573927712_1958547344935050_3467743153990921288_n.jpg 2048w, https:\/\/halimi.al\/wp-content\/uploads\/2025\/10\/573927712_1958547344935050_3467743153990921288_n-300x200.jpg 300w, https:\/\/halimi.al\/wp-content\/uploads\/2025\/10\/573927712_1958547344935050_3467743153990921288_n-1024x683.jpg 1024w, https:\/\/halimi.al\/wp-content\/uploads\/2025\/10\/573927712_1958547344935050_3467743153990921288_n-768x512.jpg 768w, https:\/\/halimi.al\/wp-content\/uploads\/2025\/10\/573927712_1958547344935050_3467743153990921288_n-1536x1025.jpg 1536w, https:\/\/halimi.al\/wp-content\/uploads\/2025\/10\/573927712_1958547344935050_3467743153990921288_n-18x12.jpg 18w, https:\/\/halimi.al\/wp-content\/uploads\/2025\/10\/573927712_1958547344935050_3467743153990921288_n-200x133.jpg 200w\" sizes=\"(max-width: 2048px) 100vw, 2048px\" \/><\/div><\/a>\n\t\t\t\t<div class=\"elementor-post__badge\">Blog<\/div>\n\t\t\t\t<div class=\"elementor-post__avatar\">\n\t\t\t<img alt='ves' src='https:\/\/secure.gravatar.com\/avatar\/7b26f6fa8aa27d94d95b6cdbd73e79a388dd58c6b2fc0d63ddf5635eab9d2196?s=128&#038;d=mm&#038;r=g' srcset='https:\/\/secure.gravatar.com\/avatar\/7b26f6fa8aa27d94d95b6cdbd73e79a388dd58c6b2fc0d63ddf5635eab9d2196?s=256&#038;d=mm&#038;r=g 2x' class='avatar avatar-128 photo' height='128' width='128' \/>\t\t<\/div>\n\t\t\t\t<div class=\"elementor-post__text\">\n\t\t\t\t<h1 class=\"elementor-post__title\">\n\t\t\t<a href=\"https:\/\/halimi.al\/en\/partneri-i-zyres-sone-eduard-halimi-ishte-i-ftuar-nga-westminster-foundation-for-democracy-dhe-ambasada-e-mbreterise-se-bashkuar\/\" >\n\t\t\t\tPartneri i zyr\u00ebs son\u00eb Eduard Halimi ishte i ftuar nga Westminster Foundation for Democracy dhe Ambasada e Mbret\u00ebris\u00eb s\u00eb Bashkuar\t\t\t<\/a>\n\t\t<\/h1>\n\t\t\t\t<div class=\"elementor-post__excerpt\">\n\t\t\t<p>Partneri i zyr\u00ebs son\u00eb Eduard Halimi ishte i ftuar nga Westminster Foundation for Democracy dhe Ambasada e Mbret\u00ebris\u00eb s\u00eb Bashkuar, n\u00eb tryez\u00ebn me deputet\u00ebt e<\/p>\n\t\t<\/div>\n\t\t\n\t\t<a class=\"elementor-post__read-more\" href=\"https:\/\/halimi.al\/en\/partneri-i-zyres-sone-eduard-halimi-ishte-i-ftuar-nga-westminster-foundation-for-democracy-dhe-ambasada-e-mbreterise-se-bashkuar\/\" aria-label=\"Read more about Partneri i zyr\u00ebs son\u00eb Eduard Halimi ishte i ftuar nga Westminster Foundation for Democracy dhe Ambasada e Mbret\u00ebris\u00eb s\u00eb Bashkuar\" tabindex=\"-1\" >\n\t\t\tRead More \u00bb\t\t<\/a>\n\n\t\t\t\t<\/div>\n\t\t\t\t<div class=\"elementor-post__meta-data\">\n\t\t\t\t\t<span class=\"elementor-post-date\">\n\t\t\tOctober 29, 2025\t\t<\/span>\n\t\t\t\t<\/div>\n\t\t\t\t\t<\/div>\n\t\t<\/article>\n\t\t\t\t<article class=\"elementor-post elementor-grid-item post-2481 post type-post status-publish format-standard has-post-thumbnail hentry category-blog\" role=\"listitem\">\n\t\t\t<div class=\"elementor-post__card\">\n\t\t\t\t<a class=\"elementor-post__thumbnail__link\" href=\"https:\/\/halimi.al\/en\/avokati-yne-i-energjise-dhe-teknologjise-alban-avdulla\/\" tabindex=\"-1\" ><div class=\"elementor-post__thumbnail\"><img loading=\"lazy\" decoding=\"async\" width=\"1080\" height=\"1350\" src=\"https:\/\/halimi.al\/wp-content\/uploads\/2025\/10\/572065115_1958553998267718_2532564074763559096_n.jpg\" class=\"attachment-full size-full wp-image-2482\" alt=\"\" srcset=\"https:\/\/halimi.al\/wp-content\/uploads\/2025\/10\/572065115_1958553998267718_2532564074763559096_n.jpg 1080w, https:\/\/halimi.al\/wp-content\/uploads\/2025\/10\/572065115_1958553998267718_2532564074763559096_n-240x300.jpg 240w, https:\/\/halimi.al\/wp-content\/uploads\/2025\/10\/572065115_1958553998267718_2532564074763559096_n-819x1024.jpg 819w, https:\/\/halimi.al\/wp-content\/uploads\/2025\/10\/572065115_1958553998267718_2532564074763559096_n-768x960.jpg 768w, https:\/\/halimi.al\/wp-content\/uploads\/2025\/10\/572065115_1958553998267718_2532564074763559096_n-10x12.jpg 10w, https:\/\/halimi.al\/wp-content\/uploads\/2025\/10\/572065115_1958553998267718_2532564074763559096_n-200x250.jpg 200w\" sizes=\"(max-width: 1080px) 100vw, 1080px\" \/><\/div><\/a>\n\t\t\t\t<div class=\"elementor-post__badge\">Blog<\/div>\n\t\t\t\t<div class=\"elementor-post__avatar\">\n\t\t\t<img alt='ves' src='https:\/\/secure.gravatar.com\/avatar\/7b26f6fa8aa27d94d95b6cdbd73e79a388dd58c6b2fc0d63ddf5635eab9d2196?s=128&#038;d=mm&#038;r=g' srcset='https:\/\/secure.gravatar.com\/avatar\/7b26f6fa8aa27d94d95b6cdbd73e79a388dd58c6b2fc0d63ddf5635eab9d2196?s=256&#038;d=mm&#038;r=g 2x' class='avatar avatar-128 photo' height='128' width='128' \/>\t\t<\/div>\n\t\t\t\t<div class=\"elementor-post__text\">\n\t\t\t\t<h1 class=\"elementor-post__title\">\n\t\t\t<a href=\"https:\/\/halimi.al\/en\/avokati-yne-i-energjise-dhe-teknologjise-alban-avdulla\/\" >\n\t\t\t\tAvokati yn\u00eb i Energjis\u00eb dhe Teknologjis\u00eb, Alban Avdulla\t\t\t<\/a>\n\t\t<\/h1>\n\t\t\t\t<div class=\"elementor-post__excerpt\">\n\t\t\t<p>Avokati yn\u00eb i Energjis\u00eb dhe Teknologjis\u00eb, Alban Avdulla, mori pjes\u00eb n\u00eb Panairin e Energjis\u00eb, Nd\u00ebrtimit dhe Ekonomis\u00eb s\u00eb Gjelb\u00ebr (ECGE 2025), ku u ndal mbi<\/p>\n\t\t<\/div>\n\t\t\n\t\t<a class=\"elementor-post__read-more\" href=\"https:\/\/halimi.al\/en\/avokati-yne-i-energjise-dhe-teknologjise-alban-avdulla\/\" aria-label=\"Read more about Avokati yn\u00eb i Energjis\u00eb dhe Teknologjis\u00eb, Alban Avdulla\" tabindex=\"-1\" >\n\t\t\tRead More \u00bb\t\t<\/a>\n\n\t\t\t\t<\/div>\n\t\t\t\t<div class=\"elementor-post__meta-data\">\n\t\t\t\t\t<span class=\"elementor-post-date\">\n\t\t\tOctober 29, 2025\t\t<\/span>\n\t\t\t\t<\/div>\n\t\t\t\t\t<\/div>\n\t\t<\/article>\n\t\t\t\t<article class=\"elementor-post elementor-grid-item post-2339 post type-post status-publish format-standard has-post-thumbnail hentry category-blog\" role=\"listitem\">\n\t\t\t<div class=\"elementor-post__card\">\n\t\t\t\t<a class=\"elementor-post__thumbnail__link\" href=\"https:\/\/halimi.al\/en\/kullat-dhe-spak-a-jane-te-sigurta-blerjet-ne-themel\/\" tabindex=\"-1\" ><div class=\"elementor-post__thumbnail\"><img loading=\"lazy\" decoding=\"async\" width=\"1561\" height=\"880\" src=\"https:\/\/halimi.al\/wp-content\/uploads\/2025\/06\/halimi.webp\" class=\"attachment-full size-full wp-image-2337\" alt=\"\" srcset=\"https:\/\/halimi.al\/wp-content\/uploads\/2025\/06\/halimi.webp 1561w, https:\/\/halimi.al\/wp-content\/uploads\/2025\/06\/halimi-300x169.webp 300w, https:\/\/halimi.al\/wp-content\/uploads\/2025\/06\/halimi-1024x577.webp 1024w, https:\/\/halimi.al\/wp-content\/uploads\/2025\/06\/halimi-768x433.webp 768w, https:\/\/halimi.al\/wp-content\/uploads\/2025\/06\/halimi-1536x866.webp 1536w, https:\/\/halimi.al\/wp-content\/uploads\/2025\/06\/halimi-18x10.webp 18w, https:\/\/halimi.al\/wp-content\/uploads\/2025\/06\/halimi-200x113.webp 200w\" sizes=\"(max-width: 1561px) 100vw, 1561px\" \/><\/div><\/a>\n\t\t\t\t<div class=\"elementor-post__badge\">Blog<\/div>\n\t\t\t\t<div class=\"elementor-post__avatar\">\n\t\t\t<img alt='ves' src='https:\/\/secure.gravatar.com\/avatar\/7b26f6fa8aa27d94d95b6cdbd73e79a388dd58c6b2fc0d63ddf5635eab9d2196?s=128&#038;d=mm&#038;r=g' srcset='https:\/\/secure.gravatar.com\/avatar\/7b26f6fa8aa27d94d95b6cdbd73e79a388dd58c6b2fc0d63ddf5635eab9d2196?s=256&#038;d=mm&#038;r=g 2x' class='avatar avatar-128 photo' height='128' width='128' \/>\t\t<\/div>\n\t\t\t\t<div class=\"elementor-post__text\">\n\t\t\t\t<h1 class=\"elementor-post__title\">\n\t\t\t<a href=\"https:\/\/halimi.al\/en\/kullat-dhe-spak-a-jane-te-sigurta-blerjet-ne-themel\/\" >\n\t\t\t\tKullat dhe SPAK, a jan\u00eb t\u00eb sigurta blerjet n\u00eb themel?\t\t\t<\/a>\n\t\t<\/h1>\n\t\t\t\t<div class=\"elementor-post__excerpt\">\n\t\t\t<p>&nbsp; VIDEO &nbsp;<\/p>\n\t\t<\/div>\n\t\t\n\t\t<a class=\"elementor-post__read-more\" href=\"https:\/\/halimi.al\/en\/kullat-dhe-spak-a-jane-te-sigurta-blerjet-ne-themel\/\" aria-label=\"Read more about Kullat dhe SPAK, a jan\u00eb t\u00eb sigurta blerjet n\u00eb themel?\" tabindex=\"-1\" >\n\t\t\tRead More \u00bb\t\t<\/a>\n\n\t\t\t\t<\/div>\n\t\t\t\t<div class=\"elementor-post__meta-data\">\n\t\t\t\t\t<span class=\"elementor-post-date\">\n\t\t\tJune 27, 2025\t\t<\/span>\n\t\t\t\t<\/div>\n\t\t\t\t\t<\/div>\n\t\t<\/article>\n\t\t\t\t<article class=\"elementor-post elementor-grid-item post-2336 post type-post status-publish format-standard has-post-thumbnail hentry category-blog\" role=\"listitem\">\n\t\t\t<div class=\"elementor-post__card\">\n\t\t\t\t<a class=\"elementor-post__thumbnail__link\" href=\"https:\/\/halimi.al\/en\/kullat-blerjet-ne-grope-dhe-spak-halimi-vemendje-e-shtuar-nga-bleresit-nga-bankat-dhe-prokuroret\/\" tabindex=\"-1\" ><div class=\"elementor-post__thumbnail\"><img loading=\"lazy\" decoding=\"async\" width=\"1561\" height=\"880\" src=\"https:\/\/halimi.al\/wp-content\/uploads\/2025\/06\/halimi.webp\" class=\"attachment-full size-full wp-image-2337\" alt=\"\" srcset=\"https:\/\/halimi.al\/wp-content\/uploads\/2025\/06\/halimi.webp 1561w, https:\/\/halimi.al\/wp-content\/uploads\/2025\/06\/halimi-300x169.webp 300w, https:\/\/halimi.al\/wp-content\/uploads\/2025\/06\/halimi-1024x577.webp 1024w, https:\/\/halimi.al\/wp-content\/uploads\/2025\/06\/halimi-768x433.webp 768w, https:\/\/halimi.al\/wp-content\/uploads\/2025\/06\/halimi-1536x866.webp 1536w, https:\/\/halimi.al\/wp-content\/uploads\/2025\/06\/halimi-18x10.webp 18w, https:\/\/halimi.al\/wp-content\/uploads\/2025\/06\/halimi-200x113.webp 200w\" sizes=\"(max-width: 1561px) 100vw, 1561px\" \/><\/div><\/a>\n\t\t\t\t<div class=\"elementor-post__badge\">Blog<\/div>\n\t\t\t\t<div class=\"elementor-post__avatar\">\n\t\t\t<img alt='ves' src='https:\/\/secure.gravatar.com\/avatar\/7b26f6fa8aa27d94d95b6cdbd73e79a388dd58c6b2fc0d63ddf5635eab9d2196?s=128&#038;d=mm&#038;r=g' srcset='https:\/\/secure.gravatar.com\/avatar\/7b26f6fa8aa27d94d95b6cdbd73e79a388dd58c6b2fc0d63ddf5635eab9d2196?s=256&#038;d=mm&#038;r=g 2x' class='avatar avatar-128 photo' height='128' width='128' \/>\t\t<\/div>\n\t\t\t\t<div class=\"elementor-post__text\">\n\t\t\t\t<h1 class=\"elementor-post__title\">\n\t\t\t<a href=\"https:\/\/halimi.al\/en\/kullat-blerjet-ne-grope-dhe-spak-halimi-vemendje-e-shtuar-nga-bleresit-nga-bankat-dhe-prokuroret\/\" >\n\t\t\t\tKullat, blerjet n\u00eb grop\u00eb dhe SPAK\/ Halimi: V\u00ebmendje e shtuar nga bler\u00ebsit, nga bankat dhe prokuror\u00ebt\t\t\t<\/a>\n\t\t<\/h1>\n\t\t\t\t<div class=\"elementor-post__excerpt\">\n\t\t\t<p>Juristi Eduard Halimi k\u00ebrkon v\u00ebmendje t\u00eb shtuar nga bler\u00ebsit, bankat por edhe prokuroria lidhur me investimet q\u00eb b\u00ebhen n\u00eb nd\u00ebrtim dhe burimin e tyre. N\u00eb<\/p>\n\t\t<\/div>\n\t\t\n\t\t<a class=\"elementor-post__read-more\" href=\"https:\/\/halimi.al\/en\/kullat-blerjet-ne-grope-dhe-spak-halimi-vemendje-e-shtuar-nga-bleresit-nga-bankat-dhe-prokuroret\/\" aria-label=\"Read more about Kullat, blerjet n\u00eb grop\u00eb dhe SPAK\/ Halimi: V\u00ebmendje e shtuar nga bler\u00ebsit, nga bankat dhe prokuror\u00ebt\" tabindex=\"-1\" >\n\t\t\tRead More \u00bb\t\t<\/a>\n\n\t\t\t\t<\/div>\n\t\t\t\t<div class=\"elementor-post__meta-data\">\n\t\t\t\t\t<span class=\"elementor-post-date\">\n\t\t\tJune 27, 2025\t\t<\/span>\n\t\t\t\t<\/div>\n\t\t\t\t\t<\/div>\n\t\t<\/article>\n\t\t\t\t<article class=\"elementor-post elementor-grid-item post-2329 post type-post status-publish format-standard has-post-thumbnail hentry category-blog\" role=\"listitem\">\n\t\t\t<div class=\"elementor-post__card\">\n\t\t\t\t<a class=\"elementor-post__thumbnail__link\" href=\"https:\/\/halimi.al\/en\/a-jane-skyecc-encrochat-prova-te-vlefshme\/\" tabindex=\"-1\" ><div class=\"elementor-post__thumbnail\"><img loading=\"lazy\" decoding=\"async\" width=\"2560\" height=\"1268\" src=\"https:\/\/halimi.al\/wp-content\/uploads\/2025\/06\/Screenshot-2025-06-26-at-2.12.26\u202fAM-scaled.png\" class=\"attachment-full size-full wp-image-2330\" alt=\"\" srcset=\"https:\/\/halimi.al\/wp-content\/uploads\/2025\/06\/Screenshot-2025-06-26-at-2.12.26\u202fAM-scaled.png 2560w, https:\/\/halimi.al\/wp-content\/uploads\/2025\/06\/Screenshot-2025-06-26-at-2.12.26\u202fAM-300x149.png 300w, https:\/\/halimi.al\/wp-content\/uploads\/2025\/06\/Screenshot-2025-06-26-at-2.12.26\u202fAM-1024x507.png 1024w, https:\/\/halimi.al\/wp-content\/uploads\/2025\/06\/Screenshot-2025-06-26-at-2.12.26\u202fAM-768x381.png 768w, https:\/\/halimi.al\/wp-content\/uploads\/2025\/06\/Screenshot-2025-06-26-at-2.12.26\u202fAM-1536x761.png 1536w, https:\/\/halimi.al\/wp-content\/uploads\/2025\/06\/Screenshot-2025-06-26-at-2.12.26\u202fAM-2048x1015.png 2048w, https:\/\/halimi.al\/wp-content\/uploads\/2025\/06\/Screenshot-2025-06-26-at-2.12.26\u202fAM-18x9.png 18w, https:\/\/halimi.al\/wp-content\/uploads\/2025\/06\/Screenshot-2025-06-26-at-2.12.26\u202fAM-200x99.png 200w\" sizes=\"(max-width: 2560px) 100vw, 2560px\" \/><\/div><\/a>\n\t\t\t\t<div class=\"elementor-post__badge\">Blog<\/div>\n\t\t\t\t<div class=\"elementor-post__avatar\">\n\t\t\t<img alt='ves' src='https:\/\/secure.gravatar.com\/avatar\/7b26f6fa8aa27d94d95b6cdbd73e79a388dd58c6b2fc0d63ddf5635eab9d2196?s=128&#038;d=mm&#038;r=g' srcset='https:\/\/secure.gravatar.com\/avatar\/7b26f6fa8aa27d94d95b6cdbd73e79a388dd58c6b2fc0d63ddf5635eab9d2196?s=256&#038;d=mm&#038;r=g 2x' class='avatar avatar-128 photo' height='128' width='128' \/>\t\t<\/div>\n\t\t\t\t<div class=\"elementor-post__text\">\n\t\t\t\t<h1 class=\"elementor-post__title\">\n\t\t\t<a href=\"https:\/\/halimi.al\/en\/a-jane-skyecc-encrochat-prova-te-vlefshme\/\" >\n\t\t\t\tA jan\u00eb SKYECC &#038; ENCROCHAT prova t\u00eb vlefshme?\t\t\t<\/a>\n\t\t<\/h1>\n\t\t\t\t<div class=\"elementor-post__excerpt\">\n\t\t\t<p>Video<\/p>\n\t\t<\/div>\n\t\t\n\t\t<a class=\"elementor-post__read-more\" href=\"https:\/\/halimi.al\/en\/a-jane-skyecc-encrochat-prova-te-vlefshme\/\" aria-label=\"Read more about A jan\u00eb SKYECC &#038; ENCROCHAT prova t\u00eb vlefshme?\" tabindex=\"-1\" >\n\t\t\tRead More \u00bb\t\t<\/a>\n\n\t\t\t\t<\/div>\n\t\t\t\t<div class=\"elementor-post__meta-data\">\n\t\t\t\t\t<span class=\"elementor-post-date\">\n\t\t\tJune 26, 2025\t\t<\/span>\n\t\t\t\t<\/div>\n\t\t\t\t\t<\/div>\n\t\t<\/article>\n\t\t\t\t<article class=\"elementor-post elementor-grid-item post-2324 post type-post status-publish format-standard has-post-thumbnail hentry category-blog\" role=\"listitem\">\n\t\t\t<div class=\"elementor-post__card\">\n\t\t\t\t<a class=\"elementor-post__thumbnail__link\" href=\"https:\/\/halimi.al\/en\/beteja-per-sky-ecc-te-vertetat-e-vendimeve-penale-ne-gjermani-a-do-ta-fitoje-spak-betejen-me-organizatat-kriminale-ne-shqiperi\/\" tabindex=\"-1\" ><div class=\"elementor-post__thumbnail\"><img loading=\"lazy\" decoding=\"async\" width=\"1525\" height=\"2560\" src=\"https:\/\/halimi.al\/wp-content\/uploads\/2025\/06\/WhatsApp-Image-2025-06-22-at-8.46.00-PM-scaled.jpeg\" class=\"attachment-full size-full wp-image-2326\" alt=\"\" srcset=\"https:\/\/halimi.al\/wp-content\/uploads\/2025\/06\/WhatsApp-Image-2025-06-22-at-8.46.00-PM-scaled.jpeg 1525w, https:\/\/halimi.al\/wp-content\/uploads\/2025\/06\/WhatsApp-Image-2025-06-22-at-8.46.00-PM-179x300.jpeg 179w, https:\/\/halimi.al\/wp-content\/uploads\/2025\/06\/WhatsApp-Image-2025-06-22-at-8.46.00-PM-610x1024.jpeg 610w, https:\/\/halimi.al\/wp-content\/uploads\/2025\/06\/WhatsApp-Image-2025-06-22-at-8.46.00-PM-768x1289.jpeg 768w, https:\/\/halimi.al\/wp-content\/uploads\/2025\/06\/WhatsApp-Image-2025-06-22-at-8.46.00-PM-915x1536.jpeg 915w, https:\/\/halimi.al\/wp-content\/uploads\/2025\/06\/WhatsApp-Image-2025-06-22-at-8.46.00-PM-1220x2048.jpeg 1220w, https:\/\/halimi.al\/wp-content\/uploads\/2025\/06\/WhatsApp-Image-2025-06-22-at-8.46.00-PM-7x12.jpeg 7w, https:\/\/halimi.al\/wp-content\/uploads\/2025\/06\/WhatsApp-Image-2025-06-22-at-8.46.00-PM-200x336.jpeg 200w\" sizes=\"(max-width: 1525px) 100vw, 1525px\" \/><\/div><\/a>\n\t\t\t\t<div class=\"elementor-post__badge\">Blog<\/div>\n\t\t\t\t<div class=\"elementor-post__avatar\">\n\t\t\t<img alt='ves' src='https:\/\/secure.gravatar.com\/avatar\/7b26f6fa8aa27d94d95b6cdbd73e79a388dd58c6b2fc0d63ddf5635eab9d2196?s=128&#038;d=mm&#038;r=g' srcset='https:\/\/secure.gravatar.com\/avatar\/7b26f6fa8aa27d94d95b6cdbd73e79a388dd58c6b2fc0d63ddf5635eab9d2196?s=256&#038;d=mm&#038;r=g 2x' class='avatar avatar-128 photo' height='128' width='128' \/>\t\t<\/div>\n\t\t\t\t<div class=\"elementor-post__text\">\n\t\t\t\t<h1 class=\"elementor-post__title\">\n\t\t\t<a href=\"https:\/\/halimi.al\/en\/beteja-per-sky-ecc-te-vertetat-e-vendimeve-penale-ne-gjermani-a-do-ta-fitoje-spak-betejen-me-organizatat-kriminale-ne-shqiperi\/\" >\n\t\t\t\tBeteja p\u00ebr Sky ECC: T\u00eb V\u00ebrtetat e Vendimeve Penale n\u00eb Gjermani! A do ta Fitoj\u00eb SPAK Betej\u00ebn me Organizatat Kriminale n\u00eb Shqip\u00ebri?\t\t\t<\/a>\n\t\t<\/h1>\n\t\t\t\t<div class=\"elementor-post__excerpt\">\n\t\t\t\t\t<\/div>\n\t\t\n\t\t<a class=\"elementor-post__read-more\" href=\"https:\/\/halimi.al\/en\/beteja-per-sky-ecc-te-vertetat-e-vendimeve-penale-ne-gjermani-a-do-ta-fitoje-spak-betejen-me-organizatat-kriminale-ne-shqiperi\/\" aria-label=\"Read more about Beteja p\u00ebr Sky ECC: T\u00eb V\u00ebrtetat e Vendimeve Penale n\u00eb Gjermani! A do ta Fitoj\u00eb SPAK Betej\u00ebn me Organizatat Kriminale n\u00eb Shqip\u00ebri?\" tabindex=\"-1\" >\n\t\t\tRead More \u00bb\t\t<\/a>\n\n\t\t\t\t<\/div>\n\t\t\t\t<div class=\"elementor-post__meta-data\">\n\t\t\t\t\t<span class=\"elementor-post-date\">\n\t\t\tJune 22, 2025\t\t<\/span>\n\t\t\t\t<\/div>\n\t\t\t\t\t<\/div>\n\t\t<\/article>\n\t\t\t\t<article class=\"elementor-post elementor-grid-item post-2308 post type-post status-publish format-standard has-post-thumbnail hentry category-blog\" role=\"listitem\">\n\t\t\t<div class=\"elementor-post__card\">\n\t\t\t\t<a class=\"elementor-post__thumbnail__link\" href=\"https:\/\/halimi.al\/en\/the-shadows-of-capital-in-tiranas-giant-towers-banks-in-the-struggle-to-protect-loans-the-silent-clash-with-spak-and-the-importance-of-the-bona-fide-principle\/\" tabindex=\"-1\" ><div class=\"elementor-post__thumbnail\"><img loading=\"lazy\" decoding=\"async\" width=\"823\" height=\"512\" src=\"https:\/\/halimi.al\/wp-content\/uploads\/2025\/06\/Halimi-Law-copy.webp\" class=\"attachment-full size-full wp-image-2256\" alt=\"\" srcset=\"https:\/\/halimi.al\/wp-content\/uploads\/2025\/06\/Halimi-Law-copy.webp 823w, https:\/\/halimi.al\/wp-content\/uploads\/2025\/06\/Halimi-Law-copy-300x187.webp 300w, https:\/\/halimi.al\/wp-content\/uploads\/2025\/06\/Halimi-Law-copy-768x478.webp 768w, https:\/\/halimi.al\/wp-content\/uploads\/2025\/06\/Halimi-Law-copy-18x12.webp 18w, https:\/\/halimi.al\/wp-content\/uploads\/2025\/06\/Halimi-Law-copy-200x124.webp 200w\" sizes=\"(max-width: 823px) 100vw, 823px\" \/><\/div><\/a>\n\t\t\t\t<div class=\"elementor-post__badge\">Blog<\/div>\n\t\t\t\t<div class=\"elementor-post__avatar\">\n\t\t\t<img alt='ves' src='https:\/\/secure.gravatar.com\/avatar\/7b26f6fa8aa27d94d95b6cdbd73e79a388dd58c6b2fc0d63ddf5635eab9d2196?s=128&#038;d=mm&#038;r=g' srcset='https:\/\/secure.gravatar.com\/avatar\/7b26f6fa8aa27d94d95b6cdbd73e79a388dd58c6b2fc0d63ddf5635eab9d2196?s=256&#038;d=mm&#038;r=g 2x' class='avatar avatar-128 photo' height='128' width='128' \/>\t\t<\/div>\n\t\t\t\t<div class=\"elementor-post__text\">\n\t\t\t\t<h1 class=\"elementor-post__title\">\n\t\t\t<a href=\"https:\/\/halimi.al\/en\/the-shadows-of-capital-in-tiranas-giant-towers-banks-in-the-struggle-to-protect-loans-the-silent-clash-with-spak-and-the-importance-of-the-bona-fide-principle\/\" >\n\t\t\t\tThe Shadows of Capital in Tirana\u2019s Giant Towers: Banks in the Struggle to Protect Loans. The Silent Clash with SPAK and the Importance of the Bona Fide Principle!\t\t\t<\/a>\n\t\t<\/h1>\n\t\t\t\t<div class=\"elementor-post__excerpt\">\n\t\t\t\t\t<\/div>\n\t\t\n\t\t<a class=\"elementor-post__read-more\" href=\"https:\/\/halimi.al\/en\/the-shadows-of-capital-in-tiranas-giant-towers-banks-in-the-struggle-to-protect-loans-the-silent-clash-with-spak-and-the-importance-of-the-bona-fide-principle\/\" aria-label=\"Read more about The Shadows of Capital in Tirana\u2019s Giant Towers: Banks in the Struggle to Protect Loans. The Silent Clash with SPAK and the Importance of the Bona Fide Principle!\" tabindex=\"-1\" >\n\t\t\tRead More \u00bb\t\t<\/a>\n\n\t\t\t\t<\/div>\n\t\t\t\t<div class=\"elementor-post__meta-data\">\n\t\t\t\t\t<span class=\"elementor-post-date\">\n\t\t\tJune 18, 2025\t\t<\/span>\n\t\t\t\t<\/div>\n\t\t\t\t\t<\/div>\n\t\t<\/article>\n\t\t\t\t<article class=\"elementor-post elementor-grid-item post-2254 post type-post status-publish format-standard has-post-thumbnail hentry category-blog\" role=\"listitem\">\n\t\t\t<div class=\"elementor-post__card\">\n\t\t\t\t<a class=\"elementor-post__thumbnail__link\" href=\"https:\/\/halimi.al\/en\/hijet-e-kapitalit-ne-kullat-gjigande-te-tiranes-bankat-ne-sfiden-per-mbrojtjen-e-kredive-perballja-e-heshtur-me-spak-dhe-rendesia-e-parimit-bona-fide\/\" tabindex=\"-1\" ><div class=\"elementor-post__thumbnail\"><img loading=\"lazy\" decoding=\"async\" width=\"823\" height=\"512\" src=\"https:\/\/halimi.al\/wp-content\/uploads\/2025\/06\/Halimi-Law-copy.webp\" class=\"attachment-full size-full wp-image-2256\" alt=\"\" srcset=\"https:\/\/halimi.al\/wp-content\/uploads\/2025\/06\/Halimi-Law-copy.webp 823w, https:\/\/halimi.al\/wp-content\/uploads\/2025\/06\/Halimi-Law-copy-300x187.webp 300w, https:\/\/halimi.al\/wp-content\/uploads\/2025\/06\/Halimi-Law-copy-768x478.webp 768w, https:\/\/halimi.al\/wp-content\/uploads\/2025\/06\/Halimi-Law-copy-18x12.webp 18w, https:\/\/halimi.al\/wp-content\/uploads\/2025\/06\/Halimi-Law-copy-200x124.webp 200w\" sizes=\"(max-width: 823px) 100vw, 823px\" \/><\/div><\/a>\n\t\t\t\t<div class=\"elementor-post__badge\">Blog<\/div>\n\t\t\t\t<div class=\"elementor-post__avatar\">\n\t\t\t<img alt='ves' src='https:\/\/secure.gravatar.com\/avatar\/7b26f6fa8aa27d94d95b6cdbd73e79a388dd58c6b2fc0d63ddf5635eab9d2196?s=128&#038;d=mm&#038;r=g' srcset='https:\/\/secure.gravatar.com\/avatar\/7b26f6fa8aa27d94d95b6cdbd73e79a388dd58c6b2fc0d63ddf5635eab9d2196?s=256&#038;d=mm&#038;r=g 2x' class='avatar avatar-128 photo' height='128' width='128' \/>\t\t<\/div>\n\t\t\t\t<div class=\"elementor-post__text\">\n\t\t\t\t<h1 class=\"elementor-post__title\">\n\t\t\t<a href=\"https:\/\/halimi.al\/en\/hijet-e-kapitalit-ne-kullat-gjigande-te-tiranes-bankat-ne-sfiden-per-mbrojtjen-e-kredive-perballja-e-heshtur-me-spak-dhe-rendesia-e-parimit-bona-fide\/\" >\n\t\t\t\tThe Shadows of Capital in Tirana\u2019s Giant Towers Banks in the Struggle to Protect Loans. The Silent Clash with SPAK and the Importance of the Bona Fide Principle!\t\t\t<\/a>\n\t\t<\/h1>\n\t\t\t\t<div class=\"elementor-post__excerpt\">\n\t\t\t\t\t<\/div>\n\t\t\n\t\t<a class=\"elementor-post__read-more\" href=\"https:\/\/halimi.al\/en\/hijet-e-kapitalit-ne-kullat-gjigande-te-tiranes-bankat-ne-sfiden-per-mbrojtjen-e-kredive-perballja-e-heshtur-me-spak-dhe-rendesia-e-parimit-bona-fide\/\" aria-label=\"Read more about Hijet e kapitalit n\u00eb Kullat gjigande t\u00eb Tiran\u00ebs: Bankat n\u00eb sfid\u00ebn p\u00ebr mbrojtjen e kredive. P\u00ebrballja e heshtur me SPAK dhe r\u00ebnd\u00ebsia e parimit Bona Fide!\" tabindex=\"-1\" >\n\t\t\tRead More \u00bb\t\t<\/a>\n\n\t\t\t\t<\/div>\n\t\t\t\t<div class=\"elementor-post__meta-data\">\n\t\t\t\t\t<span class=\"elementor-post-date\">\n\t\t\tJune 16, 2025\t\t<\/span>\n\t\t\t\t<\/div>\n\t\t\t\t\t<\/div>\n\t\t<\/article>\n\t\t\t\t<article class=\"elementor-post elementor-grid-item post-2125 post type-post status-publish format-standard has-post-thumbnail hentry category-blog\" role=\"listitem\">\n\t\t\t<div class=\"elementor-post__card\">\n\t\t\t\t<a class=\"elementor-post__thumbnail__link\" href=\"https:\/\/halimi.al\/en\/rreziku-nga-inteligjenca-artificiale-avokati-ja-ku-duhet-te-tregojme-kujdes\/\" tabindex=\"-1\" ><div class=\"elementor-post__thumbnail\"><img loading=\"lazy\" decoding=\"async\" width=\"1082\" height=\"555\" src=\"https:\/\/halimi.al\/wp-content\/uploads\/2023\/10\/Alban-Avdulla-AI.png\" class=\"attachment-full size-full wp-image-2127\" alt=\"\" srcset=\"https:\/\/halimi.al\/wp-content\/uploads\/2023\/10\/Alban-Avdulla-AI.png 1082w, https:\/\/halimi.al\/wp-content\/uploads\/2023\/10\/Alban-Avdulla-AI-300x154.png 300w, https:\/\/halimi.al\/wp-content\/uploads\/2023\/10\/Alban-Avdulla-AI-1024x525.png 1024w, https:\/\/halimi.al\/wp-content\/uploads\/2023\/10\/Alban-Avdulla-AI-768x394.png 768w, https:\/\/halimi.al\/wp-content\/uploads\/2023\/10\/Alban-Avdulla-AI-18x9.png 18w, https:\/\/halimi.al\/wp-content\/uploads\/2023\/10\/Alban-Avdulla-AI-200x103.png 200w\" sizes=\"(max-width: 1082px) 100vw, 1082px\" \/><\/div><\/a>\n\t\t\t\t<div class=\"elementor-post__badge\">Blog<\/div>\n\t\t\t\t<div class=\"elementor-post__avatar\">\n\t\t\t<img alt='ves' src='https:\/\/secure.gravatar.com\/avatar\/7b26f6fa8aa27d94d95b6cdbd73e79a388dd58c6b2fc0d63ddf5635eab9d2196?s=128&#038;d=mm&#038;r=g' srcset='https:\/\/secure.gravatar.com\/avatar\/7b26f6fa8aa27d94d95b6cdbd73e79a388dd58c6b2fc0d63ddf5635eab9d2196?s=256&#038;d=mm&#038;r=g 2x' class='avatar avatar-128 photo' height='128' width='128' \/>\t\t<\/div>\n\t\t\t\t<div class=\"elementor-post__text\">\n\t\t\t\t<h1 class=\"elementor-post__title\">\n\t\t\t<a href=\"https:\/\/halimi.al\/en\/rreziku-nga-inteligjenca-artificiale-avokati-ja-ku-duhet-te-tregojme-kujdes\/\" >\n\t\t\t\tRreziku nga Inteligjenca Artificiale, avokati: Ja ku duhet t\u00eb tregojm\u00eb kujdes\t\t\t<\/a>\n\t\t<\/h1>\n\t\t\t\t<div class=\"elementor-post__excerpt\">\n\t\t\t<p>Alban Avdulla, avokat p\u00ebr teknologjin\u00eb ka komentuar \u201cTokyo Tiran\u00ebn\u201d, spikeren virtuale q\u00eb erdhi si risi n\u00eb Euronews Albania, hera e par\u00eb n\u00eb televizionet shqiptare. N\u00eb<\/p>\n\t\t<\/div>\n\t\t\n\t\t<a class=\"elementor-post__read-more\" href=\"https:\/\/halimi.al\/en\/rreziku-nga-inteligjenca-artificiale-avokati-ja-ku-duhet-te-tregojme-kujdes\/\" aria-label=\"Read more about Rreziku nga Inteligjenca Artificiale, avokati: Ja ku duhet t\u00eb tregojm\u00eb kujdes\" tabindex=\"-1\" >\n\t\t\tRead More \u00bb\t\t<\/a>\n\n\t\t\t\t<\/div>\n\t\t\t\t<div class=\"elementor-post__meta-data\">\n\t\t\t\t\t<span class=\"elementor-post-date\">\n\t\t\tOctober 5, 2023\t\t<\/span>\n\t\t\t\t<\/div>\n\t\t\t\t\t<\/div>\n\t\t<\/article>\n\t\t\t\t<article class=\"elementor-post elementor-grid-item post-2118 post type-post status-publish format-standard has-post-thumbnail hentry category-blog\" role=\"listitem\">\n\t\t\t<div class=\"elementor-post__card\">\n\t\t\t\t<a class=\"elementor-post__thumbnail__link\" href=\"https:\/\/halimi.al\/en\/halimi-law-and-tax-me-mbeshtetjen-e-wfd-albania\/\" tabindex=\"-1\" ><div class=\"elementor-post__thumbnail\"><img loading=\"lazy\" decoding=\"async\" width=\"2048\" height=\"1365\" src=\"https:\/\/halimi.al\/wp-content\/uploads\/2023\/10\/384387976_694210792757755_1211837291535533663_n.jpg\" class=\"attachment-full size-full wp-image-2120\" alt=\"\" srcset=\"https:\/\/halimi.al\/wp-content\/uploads\/2023\/10\/384387976_694210792757755_1211837291535533663_n.jpg 2048w, https:\/\/halimi.al\/wp-content\/uploads\/2023\/10\/384387976_694210792757755_1211837291535533663_n-300x200.jpg 300w, https:\/\/halimi.al\/wp-content\/uploads\/2023\/10\/384387976_694210792757755_1211837291535533663_n-1024x683.jpg 1024w, https:\/\/halimi.al\/wp-content\/uploads\/2023\/10\/384387976_694210792757755_1211837291535533663_n-768x512.jpg 768w, https:\/\/halimi.al\/wp-content\/uploads\/2023\/10\/384387976_694210792757755_1211837291535533663_n-1536x1024.jpg 1536w, https:\/\/halimi.al\/wp-content\/uploads\/2023\/10\/384387976_694210792757755_1211837291535533663_n-18x12.jpg 18w, https:\/\/halimi.al\/wp-content\/uploads\/2023\/10\/384387976_694210792757755_1211837291535533663_n-200x133.jpg 200w\" sizes=\"(max-width: 2048px) 100vw, 2048px\" \/><\/div><\/a>\n\t\t\t\t<div class=\"elementor-post__badge\">Blog<\/div>\n\t\t\t\t<div class=\"elementor-post__avatar\">\n\t\t\t<img alt='ves' src='https:\/\/secure.gravatar.com\/avatar\/7b26f6fa8aa27d94d95b6cdbd73e79a388dd58c6b2fc0d63ddf5635eab9d2196?s=128&#038;d=mm&#038;r=g' srcset='https:\/\/secure.gravatar.com\/avatar\/7b26f6fa8aa27d94d95b6cdbd73e79a388dd58c6b2fc0d63ddf5635eab9d2196?s=256&#038;d=mm&#038;r=g 2x' class='avatar avatar-128 photo' height='128' width='128' \/>\t\t<\/div>\n\t\t\t\t<div class=\"elementor-post__text\">\n\t\t\t\t<h1 class=\"elementor-post__title\">\n\t\t\t<a href=\"https:\/\/halimi.al\/en\/halimi-law-and-tax-me-mbeshtetjen-e-wfd-albania\/\" >\n\t\t\t\tHalimi Law and Tax, me mb\u00ebshtetjen e WFD Albania\t\t\t<\/a>\n\t\t<\/h1>\n\t\t\t\t<div class=\"elementor-post__excerpt\">\n\t\t\t<p>Nevojitet realisht dekriminalizim i politik\u00ebs dhe jo politizim i dekriminalizimit. N\u00eb prezantimin e Raportit Mbi Zbatimin e Ligjit t\u00eb Dekriminalizimit n\u00eb Shqip\u00ebri, i p\u00ebrgatitur nga<\/p>\n\t\t<\/div>\n\t\t\n\t\t<a class=\"elementor-post__read-more\" href=\"https:\/\/halimi.al\/en\/halimi-law-and-tax-me-mbeshtetjen-e-wfd-albania\/\" aria-label=\"Read more about Halimi Law and Tax, me mb\u00ebshtetjen e WFD Albania\" tabindex=\"-1\" >\n\t\t\tRead More \u00bb\t\t<\/a>\n\n\t\t\t\t<\/div>\n\t\t\t\t<div class=\"elementor-post__meta-data\">\n\t\t\t\t\t<span class=\"elementor-post-date\">\n\t\t\tOctober 3, 2023\t\t<\/span>\n\t\t\t\t<\/div>\n\t\t\t\t\t<\/div>\n\t\t<\/article>\n\t\t\t\t<article class=\"elementor-post elementor-grid-item post-2072 post type-post status-publish format-standard has-post-thumbnail hentry category-blog\" role=\"listitem\">\n\t\t\t<div class=\"elementor-post__card\">\n\t\t\t\t<a class=\"elementor-post__thumbnail__link\" href=\"https:\/\/halimi.al\/en\/cluster-one-eu-negotiations-platform-albania\/\" tabindex=\"-1\" ><div class=\"elementor-post__thumbnail\"><img loading=\"lazy\" decoding=\"async\" width=\"1284\" height=\"860\" src=\"https:\/\/halimi.al\/wp-content\/uploads\/2023\/06\/350490248_1370853027096363_7884714259847887441_n.jpg\" class=\"attachment-full size-full wp-image-2073\" alt=\"\" srcset=\"https:\/\/halimi.al\/wp-content\/uploads\/2023\/06\/350490248_1370853027096363_7884714259847887441_n.jpg 1284w, https:\/\/halimi.al\/wp-content\/uploads\/2023\/06\/350490248_1370853027096363_7884714259847887441_n-300x201.jpg 300w, https:\/\/halimi.al\/wp-content\/uploads\/2023\/06\/350490248_1370853027096363_7884714259847887441_n-1024x686.jpg 1024w, https:\/\/halimi.al\/wp-content\/uploads\/2023\/06\/350490248_1370853027096363_7884714259847887441_n-768x514.jpg 768w, https:\/\/halimi.al\/wp-content\/uploads\/2023\/06\/350490248_1370853027096363_7884714259847887441_n-18x12.jpg 18w, https:\/\/halimi.al\/wp-content\/uploads\/2023\/06\/350490248_1370853027096363_7884714259847887441_n-200x134.jpg 200w\" sizes=\"(max-width: 1284px) 100vw, 1284px\" \/><\/div><\/a>\n\t\t\t\t<div class=\"elementor-post__badge\">Blog<\/div>\n\t\t\t\t<div class=\"elementor-post__avatar\">\n\t\t\t<img alt='ves' src='https:\/\/secure.gravatar.com\/avatar\/7b26f6fa8aa27d94d95b6cdbd73e79a388dd58c6b2fc0d63ddf5635eab9d2196?s=128&#038;d=mm&#038;r=g' srcset='https:\/\/secure.gravatar.com\/avatar\/7b26f6fa8aa27d94d95b6cdbd73e79a388dd58c6b2fc0d63ddf5635eab9d2196?s=256&#038;d=mm&#038;r=g 2x' class='avatar avatar-128 photo' height='128' width='128' \/>\t\t<\/div>\n\t\t\t\t<div class=\"elementor-post__text\">\n\t\t\t\t<h1 class=\"elementor-post__title\">\n\t\t\t<a href=\"https:\/\/halimi.al\/en\/cluster-one-eu-negotiations-platform-albania\/\" >\n\t\t\t\tCluster One Eu Negotiations Platform &#8211; Albania\t\t\t<\/a>\n\t\t<\/h1>\n\t\t\t\t<div class=\"elementor-post__excerpt\">\n\t\t\t<p>K\u00ebnaq\u00ebsi t\u00eb isha sot n\u00eb tryez\u00ebn e diskutimeve rreth Cluster One Eu Negotiations Platform &#8211; Albania lidhur me projektin e Qeveris\u00eb p\u00ebr \u201cPasaportat e Arta\u201d<\/p>\n\t\t<\/div>\n\t\t\n\t\t<a class=\"elementor-post__read-more\" href=\"https:\/\/halimi.al\/en\/cluster-one-eu-negotiations-platform-albania\/\" aria-label=\"Read more about Cluster One Eu Negotiations Platform &#8211; Albania\" tabindex=\"-1\" >\n\t\t\tRead More \u00bb\t\t<\/a>\n\n\t\t\t\t<\/div>\n\t\t\t\t<div class=\"elementor-post__meta-data\">\n\t\t\t\t\t<span class=\"elementor-post-date\">\n\t\t\tJune 15, 2023\t\t<\/span>\n\t\t\t\t<\/div>\n\t\t\t\t\t<\/div>\n\t\t<\/article>\n\t\t\t\t<article class=\"elementor-post elementor-grid-item post-2065 post type-post status-publish format-standard has-post-thumbnail hentry category-blog\" role=\"listitem\">\n\t\t\t<div class=\"elementor-post__card\">\n\t\t\t\t<a class=\"elementor-post__thumbnail__link\" href=\"https:\/\/halimi.al\/en\/avokati-marash-logu-duke-mbrojtur-ne-gjykaten-kushtetuese-ceshtjen-ndaj-vendimit-te-qeverise-per-ndertimet-pa-leje\/\" tabindex=\"-1\" ><div class=\"elementor-post__thumbnail\"><img loading=\"lazy\" decoding=\"async\" width=\"770\" height=\"394\" src=\"https:\/\/halimi.al\/wp-content\/uploads\/2023\/04\/marashlogu1.jpg\" class=\"attachment-full size-full wp-image-2066\" alt=\"\" srcset=\"https:\/\/halimi.al\/wp-content\/uploads\/2023\/04\/marashlogu1.jpg 770w, https:\/\/halimi.al\/wp-content\/uploads\/2023\/04\/marashlogu1-300x154.jpg 300w, https:\/\/halimi.al\/wp-content\/uploads\/2023\/04\/marashlogu1-768x393.jpg 768w, https:\/\/halimi.al\/wp-content\/uploads\/2023\/04\/marashlogu1-18x9.jpg 18w, https:\/\/halimi.al\/wp-content\/uploads\/2023\/04\/marashlogu1-200x102.jpg 200w\" sizes=\"(max-width: 770px) 100vw, 770px\" \/><\/div><\/a>\n\t\t\t\t<div class=\"elementor-post__badge\">Blog<\/div>\n\t\t\t\t<div class=\"elementor-post__avatar\">\n\t\t\t<img alt='ves' src='https:\/\/secure.gravatar.com\/avatar\/7b26f6fa8aa27d94d95b6cdbd73e79a388dd58c6b2fc0d63ddf5635eab9d2196?s=128&#038;d=mm&#038;r=g' srcset='https:\/\/secure.gravatar.com\/avatar\/7b26f6fa8aa27d94d95b6cdbd73e79a388dd58c6b2fc0d63ddf5635eab9d2196?s=256&#038;d=mm&#038;r=g 2x' class='avatar avatar-128 photo' height='128' width='128' \/>\t\t<\/div>\n\t\t\t\t<div class=\"elementor-post__text\">\n\t\t\t\t<h1 class=\"elementor-post__title\">\n\t\t\t<a href=\"https:\/\/halimi.al\/en\/avokati-marash-logu-duke-mbrojtur-ne-gjykaten-kushtetuese-ceshtjen-ndaj-vendimit-te-qeverise-per-ndertimet-pa-leje\/\" >\n\t\t\t\tAvokati Marash Logu, duke mbrojtur n\u00eb Gjykat\u00ebn Kushtetuese \u00e7\u00ebshtjen ndaj vendimit t\u00eb qeveris\u00eb p\u00ebr nd\u00ebrtimet pa leje!\t\t\t<\/a>\n\t\t<\/h1>\n\t\t\t\t<div class=\"elementor-post__excerpt\">\n\t\t\t<p>TIRAN\u00cb \u00cbsht\u00eb shoq\u00ebruar me debate seanca n\u00eb Gjykat\u00ebn Kushtetuese p\u00ebr padin\u00eb e grupit t\u00eb PD p\u00ebr VKM-n\u00eb e qeveris\u00eb p\u00ebr konfiskimin e pronave. Deputet\u00ebt e<\/p>\n\t\t<\/div>\n\t\t\n\t\t<a class=\"elementor-post__read-more\" href=\"https:\/\/halimi.al\/en\/avokati-marash-logu-duke-mbrojtur-ne-gjykaten-kushtetuese-ceshtjen-ndaj-vendimit-te-qeverise-per-ndertimet-pa-leje\/\" aria-label=\"Read more about Avokati Marash Logu, duke mbrojtur n\u00eb Gjykat\u00ebn Kushtetuese \u00e7\u00ebshtjen ndaj vendimit t\u00eb qeveris\u00eb p\u00ebr nd\u00ebrtimet pa leje!\" tabindex=\"-1\" >\n\t\t\tRead More \u00bb\t\t<\/a>\n\n\t\t\t\t<\/div>\n\t\t\t\t<div class=\"elementor-post__meta-data\">\n\t\t\t\t\t<span class=\"elementor-post-date\">\n\t\t\tApril 27, 2023\t\t<\/span>\n\t\t\t\t<\/div>\n\t\t\t\t\t<\/div>\n\t\t<\/article>\n\t\t\t\t<article class=\"elementor-post elementor-grid-item post-2048 post type-post status-publish format-standard has-post-thumbnail hentry category-blog\" role=\"listitem\">\n\t\t\t<div class=\"elementor-post__card\">\n\t\t\t\t<a class=\"elementor-post__thumbnail__link\" href=\"https:\/\/halimi.al\/en\/reformimi-i-hartes-gjyqesore-ne-shqiperi-per-2023-cfare-duhet-te-dini-per-gjykatat-e-shkalles-se-pare-gjykatat-administrative-dhe-gjykatat-e-apelit-pas-1-shkurtit-2023\/\" tabindex=\"-1\" ><div class=\"elementor-post__thumbnail\"><img loading=\"lazy\" decoding=\"async\" width=\"1240\" height=\"1755\" src=\"https:\/\/halimi.al\/wp-content\/uploads\/2023\/04\/324894381_700388448129240_1063997366646196987_n.jpg\" class=\"attachment-full size-full wp-image-2049\" alt=\"\" srcset=\"https:\/\/halimi.al\/wp-content\/uploads\/2023\/04\/324894381_700388448129240_1063997366646196987_n.jpg 1240w, https:\/\/halimi.al\/wp-content\/uploads\/2023\/04\/324894381_700388448129240_1063997366646196987_n-212x300.jpg 212w, https:\/\/halimi.al\/wp-content\/uploads\/2023\/04\/324894381_700388448129240_1063997366646196987_n-724x1024.jpg 724w, https:\/\/halimi.al\/wp-content\/uploads\/2023\/04\/324894381_700388448129240_1063997366646196987_n-768x1087.jpg 768w, https:\/\/halimi.al\/wp-content\/uploads\/2023\/04\/324894381_700388448129240_1063997366646196987_n-1085x1536.jpg 1085w, https:\/\/halimi.al\/wp-content\/uploads\/2023\/04\/324894381_700388448129240_1063997366646196987_n-8x12.jpg 8w, https:\/\/halimi.al\/wp-content\/uploads\/2023\/04\/324894381_700388448129240_1063997366646196987_n-200x283.jpg 200w\" sizes=\"(max-width: 1240px) 100vw, 1240px\" \/><\/div><\/a>\n\t\t\t\t<div class=\"elementor-post__badge\">Blog<\/div>\n\t\t\t\t<div class=\"elementor-post__avatar\">\n\t\t\t<img alt='ves' src='https:\/\/secure.gravatar.com\/avatar\/7b26f6fa8aa27d94d95b6cdbd73e79a388dd58c6b2fc0d63ddf5635eab9d2196?s=128&#038;d=mm&#038;r=g' srcset='https:\/\/secure.gravatar.com\/avatar\/7b26f6fa8aa27d94d95b6cdbd73e79a388dd58c6b2fc0d63ddf5635eab9d2196?s=256&#038;d=mm&#038;r=g 2x' class='avatar avatar-128 photo' height='128' width='128' \/>\t\t<\/div>\n\t\t\t\t<div class=\"elementor-post__text\">\n\t\t\t\t<h1 class=\"elementor-post__title\">\n\t\t\t<a href=\"https:\/\/halimi.al\/en\/reformimi-i-hartes-gjyqesore-ne-shqiperi-per-2023-cfare-duhet-te-dini-per-gjykatat-e-shkalles-se-pare-gjykatat-administrative-dhe-gjykatat-e-apelit-pas-1-shkurtit-2023\/\" >\n\t\t\t\tReformimi i hart\u00ebs gjyq\u00ebsore n\u00eb Shqip\u00ebri p\u00ebr 2023 | \u00c7far\u00eb duhet t\u00eb dini p\u00ebr Gjykatat e Shkall\u00ebs s\u00eb Par\u00eb, Gjykatat Administrative dhe Gjykatat e Apelit pas 1 shkurtit 2023?\t\t\t<\/a>\n\t\t<\/h1>\n\t\t\t\t<div class=\"elementor-post__excerpt\">\n\t\t\t\t\t<\/div>\n\t\t\n\t\t<a class=\"elementor-post__read-more\" href=\"https:\/\/halimi.al\/en\/reformimi-i-hartes-gjyqesore-ne-shqiperi-per-2023-cfare-duhet-te-dini-per-gjykatat-e-shkalles-se-pare-gjykatat-administrative-dhe-gjykatat-e-apelit-pas-1-shkurtit-2023\/\" aria-label=\"Read more about Reformimi i hart\u00ebs gjyq\u00ebsore n\u00eb Shqip\u00ebri p\u00ebr 2023 | \u00c7far\u00eb duhet t\u00eb dini p\u00ebr Gjykatat e Shkall\u00ebs s\u00eb Par\u00eb, Gjykatat Administrative dhe Gjykatat e Apelit pas 1 shkurtit 2023?\" tabindex=\"-1\" >\n\t\t\tRead More \u00bb\t\t<\/a>\n\n\t\t\t\t<\/div>\n\t\t\t\t<div class=\"elementor-post__meta-data\">\n\t\t\t\t\t<span class=\"elementor-post-date\">\n\t\t\tApril 27, 2023\t\t<\/span>\n\t\t\t\t<\/div>\n\t\t\t\t\t<\/div>\n\t\t<\/article>\n\t\t\t\t<article class=\"elementor-post elementor-grid-item post-2042 post type-post status-publish format-standard has-post-thumbnail hentry category-blog\" role=\"listitem\">\n\t\t\t<div class=\"elementor-post__card\">\n\t\t\t\t<a class=\"elementor-post__thumbnail__link\" href=\"https:\/\/halimi.al\/en\/raporti-i-dash-per-prestige-resort-ish-ministri-i-drejtesise-shkaterrimi-i-hotelit-me-tritol-u-be-per-te-heshtur-kritikat-ndaj-qeverise-konkluzionet-e-departamentit-me-te-rendesis\/\" tabindex=\"-1\" ><div class=\"elementor-post__thumbnail\"><img loading=\"lazy\" decoding=\"async\" width=\"2560\" height=\"1456\" src=\"https:\/\/halimi.al\/wp-content\/uploads\/2023\/04\/halimiblog1-scaled.jpg\" class=\"attachment-full size-full wp-image-2043\" alt=\"\" srcset=\"https:\/\/halimi.al\/wp-content\/uploads\/2023\/04\/halimiblog1-scaled.jpg 2560w, https:\/\/halimi.al\/wp-content\/uploads\/2023\/04\/halimiblog1-300x171.jpg 300w, https:\/\/halimi.al\/wp-content\/uploads\/2023\/04\/halimiblog1-1024x583.jpg 1024w, https:\/\/halimi.al\/wp-content\/uploads\/2023\/04\/halimiblog1-768x437.jpg 768w, https:\/\/halimi.al\/wp-content\/uploads\/2023\/04\/halimiblog1-1536x874.jpg 1536w, https:\/\/halimi.al\/wp-content\/uploads\/2023\/04\/halimiblog1-2048x1165.jpg 2048w, https:\/\/halimi.al\/wp-content\/uploads\/2023\/04\/halimiblog1-18x10.jpg 18w, https:\/\/halimi.al\/wp-content\/uploads\/2023\/04\/halimiblog1-200x114.jpg 200w\" sizes=\"(max-width: 2560px) 100vw, 2560px\" \/><\/div><\/a>\n\t\t\t\t<div class=\"elementor-post__badge\">Blog<\/div>\n\t\t\t\t<div class=\"elementor-post__avatar\">\n\t\t\t<img alt='ves' src='https:\/\/secure.gravatar.com\/avatar\/7b26f6fa8aa27d94d95b6cdbd73e79a388dd58c6b2fc0d63ddf5635eab9d2196?s=128&#038;d=mm&#038;r=g' srcset='https:\/\/secure.gravatar.com\/avatar\/7b26f6fa8aa27d94d95b6cdbd73e79a388dd58c6b2fc0d63ddf5635eab9d2196?s=256&#038;d=mm&#038;r=g 2x' class='avatar avatar-128 photo' height='128' width='128' \/>\t\t<\/div>\n\t\t\t\t<div class=\"elementor-post__text\">\n\t\t\t\t<h1 class=\"elementor-post__title\">\n\t\t\t<a href=\"https:\/\/halimi.al\/en\/raporti-i-dash-per-prestige-resort-ish-ministri-i-drejtesise-shkaterrimi-i-hotelit-me-tritol-u-be-per-te-heshtur-kritikat-ndaj-qeverise-konkluzionet-e-departamentit-me-te-rendesis\/\" >\n\t\t\t\tRaporti i DASH p\u00ebr \u201cPrestige Resort\u201d, ish-ministri i Drejt\u00ebsis\u00eb: Shkat\u00ebrrimi i hotelit me tritol u b\u00eb p\u00ebr t\u00eb heshtur kritikat ndaj qeveris\u00eb, konkluzionet e departamentit m\u00eb t\u00eb r\u00ebnd\u00ebsish\u00ebm n\u00eb bot\u00eb jan\u00eb trondit\u00ebse\t\t\t<\/a>\n\t\t<\/h1>\n\t\t\t\t<div class=\"elementor-post__excerpt\">\n\t\t\t<p>Komentet Halimi i b\u00ebri p\u00ebrmes nj\u00eb postimi n\u00eb faqen e tij n\u00eb Facebook, ku tha se ky raport konfirmon dob\u00ebsin\u00eb dramatike t\u00eb shtetit t\u00eb s\u00eb<\/p>\n\t\t<\/div>\n\t\t\n\t\t<a class=\"elementor-post__read-more\" href=\"https:\/\/halimi.al\/en\/raporti-i-dash-per-prestige-resort-ish-ministri-i-drejtesise-shkaterrimi-i-hotelit-me-tritol-u-be-per-te-heshtur-kritikat-ndaj-qeverise-konkluzionet-e-departamentit-me-te-rendesis\/\" aria-label=\"Read more about Raporti i DASH p\u00ebr \u201cPrestige Resort\u201d, ish-ministri i Drejt\u00ebsis\u00eb: Shkat\u00ebrrimi i hotelit me tritol u b\u00eb p\u00ebr t\u00eb heshtur kritikat ndaj qeveris\u00eb, konkluzionet e departamentit m\u00eb t\u00eb r\u00ebnd\u00ebsish\u00ebm n\u00eb bot\u00eb jan\u00eb trondit\u00ebse\" tabindex=\"-1\" >\n\t\t\tRead More \u00bb\t\t<\/a>\n\n\t\t\t\t<\/div>\n\t\t\t\t<div class=\"elementor-post__meta-data\">\n\t\t\t\t\t<span class=\"elementor-post-date\">\n\t\t\tApril 5, 2023\t\t<\/span>\n\t\t\t\t<\/div>\n\t\t\t\t\t<\/div>\n\t\t<\/article>\n\t\t\t\t<article class=\"elementor-post elementor-grid-item post-2037 post type-post status-publish format-standard has-post-thumbnail hentry category-blog\" role=\"listitem\">\n\t\t\t<div class=\"elementor-post__card\">\n\t\t\t\t<a class=\"elementor-post__thumbnail__link\" href=\"https:\/\/halimi.al\/en\/the-sunday-video-cfare-po-ndodh-me-banken-ne-silicon-valley-2\/\" tabindex=\"-1\" ><div class=\"elementor-post__thumbnail\"><img loading=\"lazy\" decoding=\"async\" width=\"1136\" height=\"852\" src=\"https:\/\/halimi.al\/wp-content\/uploads\/2023\/04\/Credit-Suisse.webp\" class=\"attachment-full size-full wp-image-2039\" alt=\"\" srcset=\"https:\/\/halimi.al\/wp-content\/uploads\/2023\/04\/Credit-Suisse.webp 1136w, https:\/\/halimi.al\/wp-content\/uploads\/2023\/04\/Credit-Suisse-300x225.webp 300w, https:\/\/halimi.al\/wp-content\/uploads\/2023\/04\/Credit-Suisse-1024x768.webp 1024w, https:\/\/halimi.al\/wp-content\/uploads\/2023\/04\/Credit-Suisse-768x576.webp 768w, https:\/\/halimi.al\/wp-content\/uploads\/2023\/04\/Credit-Suisse-16x12.webp 16w, https:\/\/halimi.al\/wp-content\/uploads\/2023\/04\/Credit-Suisse-200x150.webp 200w\" sizes=\"(max-width: 1136px) 100vw, 1136px\" \/><\/div><\/a>\n\t\t\t\t<div class=\"elementor-post__badge\">Blog<\/div>\n\t\t\t\t<div class=\"elementor-post__avatar\">\n\t\t\t<img alt='ves' src='https:\/\/secure.gravatar.com\/avatar\/7b26f6fa8aa27d94d95b6cdbd73e79a388dd58c6b2fc0d63ddf5635eab9d2196?s=128&#038;d=mm&#038;r=g' srcset='https:\/\/secure.gravatar.com\/avatar\/7b26f6fa8aa27d94d95b6cdbd73e79a388dd58c6b2fc0d63ddf5635eab9d2196?s=256&#038;d=mm&#038;r=g 2x' class='avatar avatar-128 photo' height='128' width='128' \/>\t\t<\/div>\n\t\t\t\t<div class=\"elementor-post__text\">\n\t\t\t\t<h1 class=\"elementor-post__title\">\n\t\t\t<a href=\"https:\/\/halimi.al\/en\/the-sunday-video-cfare-po-ndodh-me-banken-ne-silicon-valley-2\/\" >\n\t\t\t\t\u00c7far\u00eb ndodhi me bank\u00ebn Credit Suisse\t\t\t<\/a>\n\t\t<\/h1>\n\t\t\t\t<div class=\"elementor-post__excerpt\">\n\t\t\t\t\t<\/div>\n\t\t\n\t\t<a class=\"elementor-post__read-more\" href=\"https:\/\/halimi.al\/en\/the-sunday-video-cfare-po-ndodh-me-banken-ne-silicon-valley-2\/\" aria-label=\"Read more about \u00c7far\u00eb ndodhi me bank\u00ebn Credit Suisse\" tabindex=\"-1\" >\n\t\t\tRead More \u00bb\t\t<\/a>\n\n\t\t\t\t<\/div>\n\t\t\t\t<div class=\"elementor-post__meta-data\">\n\t\t\t\t\t<span class=\"elementor-post-date\">\n\t\t\tApril 5, 2023\t\t<\/span>\n\t\t\t\t<\/div>\n\t\t\t\t\t<\/div>\n\t\t<\/article>\n\t\t\t\t<article class=\"elementor-post elementor-grid-item post-2033 post type-post status-publish format-standard has-post-thumbnail hentry category-blog\" role=\"listitem\">\n\t\t\t<div class=\"elementor-post__card\">\n\t\t\t\t<a class=\"elementor-post__thumbnail__link\" href=\"https:\/\/halimi.al\/en\/the-sunday-video-cfare-po-ndodh-me-banken-ne-silicon-valley\/\" tabindex=\"-1\" ><div class=\"elementor-post__thumbnail\"><img loading=\"lazy\" decoding=\"async\" width=\"1600\" height=\"900\" src=\"https:\/\/halimi.al\/wp-content\/uploads\/2023\/04\/The-Sunday-Video.jpg\" class=\"attachment-full size-full wp-image-2034\" alt=\"\" srcset=\"https:\/\/halimi.al\/wp-content\/uploads\/2023\/04\/The-Sunday-Video.jpg 1600w, https:\/\/halimi.al\/wp-content\/uploads\/2023\/04\/The-Sunday-Video-300x169.jpg 300w, https:\/\/halimi.al\/wp-content\/uploads\/2023\/04\/The-Sunday-Video-1024x576.jpg 1024w, https:\/\/halimi.al\/wp-content\/uploads\/2023\/04\/The-Sunday-Video-768x432.jpg 768w, https:\/\/halimi.al\/wp-content\/uploads\/2023\/04\/The-Sunday-Video-1536x864.jpg 1536w, https:\/\/halimi.al\/wp-content\/uploads\/2023\/04\/The-Sunday-Video-18x10.jpg 18w, https:\/\/halimi.al\/wp-content\/uploads\/2023\/04\/The-Sunday-Video-200x113.jpg 200w\" sizes=\"(max-width: 1600px) 100vw, 1600px\" \/><\/div><\/a>\n\t\t\t\t<div class=\"elementor-post__badge\">Blog<\/div>\n\t\t\t\t<div class=\"elementor-post__avatar\">\n\t\t\t<img alt='ves' src='https:\/\/secure.gravatar.com\/avatar\/7b26f6fa8aa27d94d95b6cdbd73e79a388dd58c6b2fc0d63ddf5635eab9d2196?s=128&#038;d=mm&#038;r=g' srcset='https:\/\/secure.gravatar.com\/avatar\/7b26f6fa8aa27d94d95b6cdbd73e79a388dd58c6b2fc0d63ddf5635eab9d2196?s=256&#038;d=mm&#038;r=g 2x' class='avatar avatar-128 photo' height='128' width='128' \/>\t\t<\/div>\n\t\t\t\t<div class=\"elementor-post__text\">\n\t\t\t\t<h1 class=\"elementor-post__title\">\n\t\t\t<a href=\"https:\/\/halimi.al\/en\/the-sunday-video-cfare-po-ndodh-me-banken-ne-silicon-valley\/\" >\n\t\t\t\tThe Sunday Video: \u00c7far\u00eb po ndodh me Bank\u00ebn n\u00eb Silicon Valley?\t\t\t<\/a>\n\t\t<\/h1>\n\t\t\t\t<div class=\"elementor-post__excerpt\">\n\t\t\t\t\t<\/div>\n\t\t\n\t\t<a class=\"elementor-post__read-more\" href=\"https:\/\/halimi.al\/en\/the-sunday-video-cfare-po-ndodh-me-banken-ne-silicon-valley\/\" aria-label=\"Read more about The Sunday Video: \u00c7far\u00eb po ndodh me Bank\u00ebn n\u00eb Silicon Valley?\" tabindex=\"-1\" >\n\t\t\tRead More \u00bb\t\t<\/a>\n\n\t\t\t\t<\/div>\n\t\t\t\t<div class=\"elementor-post__meta-data\">\n\t\t\t\t\t<span class=\"elementor-post-date\">\n\t\t\tApril 5, 2023\t\t<\/span>\n\t\t\t\t<\/div>\n\t\t\t\t\t<\/div>\n\t\t<\/article>\n\t\t\t\t<article class=\"elementor-post elementor-grid-item post-2011 post type-post status-publish format-standard has-post-thumbnail hentry category-blog\" role=\"listitem\">\n\t\t\t<div class=\"elementor-post__card\">\n\t\t\t\t<a class=\"elementor-post__thumbnail__link\" href=\"https:\/\/halimi.al\/en\/halimi-per-sulmin-ndaj-prestige-resort-pervec-enver-hoxhes-askush-ska-konfiskuar-prona-pa-gjyq\/\" tabindex=\"-1\" ><div class=\"elementor-post__thumbnail\"><img loading=\"lazy\" decoding=\"async\" width=\"1280\" height=\"720\" src=\"https:\/\/halimi.al\/wp-content\/uploads\/2023\/03\/Halimi-Prestige-esort.jpg\" class=\"attachment-full size-full wp-image-2013\" alt=\"\" srcset=\"https:\/\/halimi.al\/wp-content\/uploads\/2023\/03\/Halimi-Prestige-esort.jpg 1280w, https:\/\/halimi.al\/wp-content\/uploads\/2023\/03\/Halimi-Prestige-esort-300x169.jpg 300w, https:\/\/halimi.al\/wp-content\/uploads\/2023\/03\/Halimi-Prestige-esort-1024x576.jpg 1024w, https:\/\/halimi.al\/wp-content\/uploads\/2023\/03\/Halimi-Prestige-esort-768x432.jpg 768w, https:\/\/halimi.al\/wp-content\/uploads\/2023\/03\/Halimi-Prestige-esort-18x10.jpg 18w, https:\/\/halimi.al\/wp-content\/uploads\/2023\/03\/Halimi-Prestige-esort-200x113.jpg 200w\" sizes=\"(max-width: 1280px) 100vw, 1280px\" \/><\/div><\/a>\n\t\t\t\t<div class=\"elementor-post__badge\">Blog<\/div>\n\t\t\t\t<div class=\"elementor-post__avatar\">\n\t\t\t<img alt='ves' src='https:\/\/secure.gravatar.com\/avatar\/7b26f6fa8aa27d94d95b6cdbd73e79a388dd58c6b2fc0d63ddf5635eab9d2196?s=128&#038;d=mm&#038;r=g' srcset='https:\/\/secure.gravatar.com\/avatar\/7b26f6fa8aa27d94d95b6cdbd73e79a388dd58c6b2fc0d63ddf5635eab9d2196?s=256&#038;d=mm&#038;r=g 2x' class='avatar avatar-128 photo' height='128' width='128' \/>\t\t<\/div>\n\t\t\t\t<div class=\"elementor-post__text\">\n\t\t\t\t<h1 class=\"elementor-post__title\">\n\t\t\t<a href=\"https:\/\/halimi.al\/en\/halimi-per-sulmin-ndaj-prestige-resort-pervec-enver-hoxhes-askush-ska-konfiskuar-prona-pa-gjyq\/\" >\n\t\t\t\tHalimi p\u00ebr sulmin ndaj \u201cPrestige Resort\u201d: P\u00ebrve\u00e7 Enver Hoxh\u00ebs, askush s&#8217;ka konfiskuar prona pa gjyq\t\t\t<\/a>\n\t\t<\/h1>\n\t\t\t\t<div class=\"elementor-post__excerpt\">\n\t\t\t\t\t<\/div>\n\t\t\n\t\t<a class=\"elementor-post__read-more\" href=\"https:\/\/halimi.al\/en\/halimi-per-sulmin-ndaj-prestige-resort-pervec-enver-hoxhes-askush-ska-konfiskuar-prona-pa-gjyq\/\" aria-label=\"Read more about Halimi p\u00ebr sulmin ndaj \u201cPrestige Resort\u201d: P\u00ebrve\u00e7 Enver Hoxh\u00ebs, askush s&#8217;ka konfiskuar prona pa gjyq\" tabindex=\"-1\" >\n\t\t\tRead More \u00bb\t\t<\/a>\n\n\t\t\t\t<\/div>\n\t\t\t\t<div class=\"elementor-post__meta-data\">\n\t\t\t\t\t<span class=\"elementor-post-date\">\n\t\t\tMarch 22, 2023\t\t<\/span>\n\t\t\t\t<\/div>\n\t\t\t\t\t<\/div>\n\t\t<\/article>\n\t\t\t\t<article class=\"elementor-post elementor-grid-item post-1988 post type-post status-publish format-standard has-post-thumbnail hentry category-blog\" role=\"listitem\">\n\t\t\t<div class=\"elementor-post__card\">\n\t\t\t\t<a class=\"elementor-post__thumbnail__link\" href=\"https:\/\/halimi.al\/en\/pasyrimi-ne-gazetat-kryesore-te-intervistes-se-z-halimi-lidhur-me-vkm-per-konfiskimet\/\" tabindex=\"-1\" ><div class=\"elementor-post__thumbnail\"><img loading=\"lazy\" decoding=\"async\" width=\"1560\" height=\"2048\" src=\"https:\/\/halimi.al\/wp-content\/uploads\/2023\/03\/333623517_2413970432099401_4128210665789875266_n.jpg\" class=\"attachment-full size-full wp-image-1989\" alt=\"\" srcset=\"https:\/\/halimi.al\/wp-content\/uploads\/2023\/03\/333623517_2413970432099401_4128210665789875266_n.jpg 1560w, https:\/\/halimi.al\/wp-content\/uploads\/2023\/03\/333623517_2413970432099401_4128210665789875266_n-229x300.jpg 229w, https:\/\/halimi.al\/wp-content\/uploads\/2023\/03\/333623517_2413970432099401_4128210665789875266_n-780x1024.jpg 780w, https:\/\/halimi.al\/wp-content\/uploads\/2023\/03\/333623517_2413970432099401_4128210665789875266_n-768x1008.jpg 768w, https:\/\/halimi.al\/wp-content\/uploads\/2023\/03\/333623517_2413970432099401_4128210665789875266_n-1170x1536.jpg 1170w, https:\/\/halimi.al\/wp-content\/uploads\/2023\/03\/333623517_2413970432099401_4128210665789875266_n-9x12.jpg 9w, https:\/\/halimi.al\/wp-content\/uploads\/2023\/03\/333623517_2413970432099401_4128210665789875266_n-200x263.jpg 200w\" sizes=\"(max-width: 1560px) 100vw, 1560px\" \/><\/div><\/a>\n\t\t\t\t<div class=\"elementor-post__badge\">Blog<\/div>\n\t\t\t\t<div class=\"elementor-post__avatar\">\n\t\t\t<img alt='ves' src='https:\/\/secure.gravatar.com\/avatar\/7b26f6fa8aa27d94d95b6cdbd73e79a388dd58c6b2fc0d63ddf5635eab9d2196?s=128&#038;d=mm&#038;r=g' srcset='https:\/\/secure.gravatar.com\/avatar\/7b26f6fa8aa27d94d95b6cdbd73e79a388dd58c6b2fc0d63ddf5635eab9d2196?s=256&#038;d=mm&#038;r=g 2x' class='avatar avatar-128 photo' height='128' width='128' \/>\t\t<\/div>\n\t\t\t\t<div class=\"elementor-post__text\">\n\t\t\t\t<h1 class=\"elementor-post__title\">\n\t\t\t<a href=\"https:\/\/halimi.al\/en\/pasyrimi-ne-gazetat-kryesore-te-intervistes-se-z-halimi-lidhur-me-vkm-per-konfiskimet\/\" >\n\t\t\t\tPasyrimi n\u00eb gazetat kryesore t\u00eb intervist\u00ebs s\u00eb z. Halimi lidhur me VKM p\u00ebr konfiskimet!\t\t\t<\/a>\n\t\t<\/h1>\n\t\t\t\t<div class=\"elementor-post__excerpt\">\n\t\t\t\t\t<\/div>\n\t\t\n\t\t<a class=\"elementor-post__read-more\" href=\"https:\/\/halimi.al\/en\/pasyrimi-ne-gazetat-kryesore-te-intervistes-se-z-halimi-lidhur-me-vkm-per-konfiskimet\/\" aria-label=\"Read more about Pasyrimi n\u00eb gazetat kryesore t\u00eb intervist\u00ebs s\u00eb z. Halimi lidhur me VKM p\u00ebr konfiskimet!\" tabindex=\"-1\" >\n\t\t\tRead More \u00bb\t\t<\/a>\n\n\t\t\t\t<\/div>\n\t\t\t\t<div class=\"elementor-post__meta-data\">\n\t\t\t\t\t<span class=\"elementor-post-date\">\n\t\t\tMarch 6, 2023\t\t<\/span>\n\t\t\t\t<\/div>\n\t\t\t\t\t<\/div>\n\t\t<\/article>\n\t\t\t\t<article class=\"elementor-post elementor-grid-item post-1977 post type-post status-publish format-standard has-post-thumbnail hentry category-blog\" role=\"listitem\">\n\t\t\t<div class=\"elementor-post__card\">\n\t\t\t\t<a class=\"elementor-post__thumbnail__link\" href=\"https:\/\/halimi.al\/en\/konfiskimi-i-pronave-aksion-politik-vkm-bazohet-ne-zinxhiret-e-fadromave-eduard-halimi-nese-kushtetuesja-nuk-ngrihet-ne-lartesine-e-detyres\/\" tabindex=\"-1\" ><div class=\"elementor-post__thumbnail\"><img loading=\"lazy\" decoding=\"async\" width=\"770\" height=\"415\" src=\"https:\/\/halimi.al\/wp-content\/uploads\/2023\/02\/Halimi-Kjo-Jave.jpeg\" class=\"attachment-full size-full wp-image-1978\" alt=\"\" srcset=\"https:\/\/halimi.al\/wp-content\/uploads\/2023\/02\/Halimi-Kjo-Jave.jpeg 770w, https:\/\/halimi.al\/wp-content\/uploads\/2023\/02\/Halimi-Kjo-Jave-300x162.jpeg 300w, https:\/\/halimi.al\/wp-content\/uploads\/2023\/02\/Halimi-Kjo-Jave-768x414.jpeg 768w, https:\/\/halimi.al\/wp-content\/uploads\/2023\/02\/Halimi-Kjo-Jave-18x10.jpeg 18w, https:\/\/halimi.al\/wp-content\/uploads\/2023\/02\/Halimi-Kjo-Jave-200x108.jpeg 200w\" sizes=\"(max-width: 770px) 100vw, 770px\" \/><\/div><\/a>\n\t\t\t\t<div class=\"elementor-post__badge\">Blog<\/div>\n\t\t\t\t<div class=\"elementor-post__avatar\">\n\t\t\t<img alt='ves' src='https:\/\/secure.gravatar.com\/avatar\/7b26f6fa8aa27d94d95b6cdbd73e79a388dd58c6b2fc0d63ddf5635eab9d2196?s=128&#038;d=mm&#038;r=g' srcset='https:\/\/secure.gravatar.com\/avatar\/7b26f6fa8aa27d94d95b6cdbd73e79a388dd58c6b2fc0d63ddf5635eab9d2196?s=256&#038;d=mm&#038;r=g 2x' class='avatar avatar-128 photo' height='128' width='128' \/>\t\t<\/div>\n\t\t\t\t<div class=\"elementor-post__text\">\n\t\t\t\t<h1 class=\"elementor-post__title\">\n\t\t\t<a href=\"https:\/\/halimi.al\/en\/konfiskimi-i-pronave-aksion-politik-vkm-bazohet-ne-zinxhiret-e-fadromave-eduard-halimi-nese-kushtetuesja-nuk-ngrihet-ne-lartesine-e-detyres\/\" >\n\t\t\t\tKonfiskimi i pronave\/ \u201cAksion politik, VKM bazohet n\u00eb zinxhir\u00ebt e fadromave\u201d, Eduard Halimi: N\u00ebse Kushtetuesja nuk ngrihet n\u00eb lart\u00ebsin\u00eb e detyr\u00ebs\u2026\t\t\t<\/a>\n\t\t<\/h1>\n\t\t\t\t<div class=\"elementor-post__excerpt\">\n\t\t\t<p>Ish-ministri i Drejt\u00ebsis\u00eb Eduard Halimi ka qen\u00eb i ftuar sot n\u00eb emisionin \u201cKjo jav\u00eb\u201d t\u00eb gazetares Nisida Tufa n\u00eb News24 p\u00ebr t\u00eb folur p\u00ebr nj\u00eb<\/p>\n\t\t<\/div>\n\t\t\n\t\t<a class=\"elementor-post__read-more\" href=\"https:\/\/halimi.al\/en\/konfiskimi-i-pronave-aksion-politik-vkm-bazohet-ne-zinxhiret-e-fadromave-eduard-halimi-nese-kushtetuesja-nuk-ngrihet-ne-lartesine-e-detyres\/\" aria-label=\"Read more about Konfiskimi i pronave\/ \u201cAksion politik, VKM bazohet n\u00eb zinxhir\u00ebt e fadromave\u201d, Eduard Halimi: N\u00ebse Kushtetuesja nuk ngrihet n\u00eb lart\u00ebsin\u00eb e detyr\u00ebs\u2026\" tabindex=\"-1\" >\n\t\t\tRead More \u00bb\t\t<\/a>\n\n\t\t\t\t<\/div>\n\t\t\t\t<div class=\"elementor-post__meta-data\">\n\t\t\t\t\t<span class=\"elementor-post-date\">\n\t\t\tFebruary 27, 2023\t\t<\/span>\n\t\t\t\t<\/div>\n\t\t\t\t\t<\/div>\n\t\t<\/article>\n\t\t\t\t<article class=\"elementor-post elementor-grid-item post-1974 post type-post status-publish format-standard has-post-thumbnail hentry category-blog\" role=\"listitem\">\n\t\t\t<div class=\"elementor-post__card\">\n\t\t\t\t<a class=\"elementor-post__thumbnail__link\" href=\"https:\/\/halimi.al\/en\/e-plote-ceshtja-per-financimin-rus-ne-pd-everta-pagoi-e-ndikuar-politikisht-halimiqeveria-bileta-pe\/\" tabindex=\"-1\" ><div class=\"elementor-post__thumbnail\"><img loading=\"lazy\" decoding=\"async\" width=\"770\" height=\"415\" src=\"https:\/\/halimi.al\/wp-content\/uploads\/2023\/02\/Halimi-Kjo-Jave.jpeg\" class=\"attachment-full size-full wp-image-1978\" alt=\"\" srcset=\"https:\/\/halimi.al\/wp-content\/uploads\/2023\/02\/Halimi-Kjo-Jave.jpeg 770w, https:\/\/halimi.al\/wp-content\/uploads\/2023\/02\/Halimi-Kjo-Jave-300x162.jpeg 300w, https:\/\/halimi.al\/wp-content\/uploads\/2023\/02\/Halimi-Kjo-Jave-768x414.jpeg 768w, https:\/\/halimi.al\/wp-content\/uploads\/2023\/02\/Halimi-Kjo-Jave-18x10.jpeg 18w, https:\/\/halimi.al\/wp-content\/uploads\/2023\/02\/Halimi-Kjo-Jave-200x108.jpeg 200w\" sizes=\"(max-width: 770px) 100vw, 770px\" \/><\/div><\/a>\n\t\t\t\t<div class=\"elementor-post__badge\">Blog<\/div>\n\t\t\t\t<div class=\"elementor-post__avatar\">\n\t\t\t<img alt='ves' src='https:\/\/secure.gravatar.com\/avatar\/7b26f6fa8aa27d94d95b6cdbd73e79a388dd58c6b2fc0d63ddf5635eab9d2196?s=128&#038;d=mm&#038;r=g' srcset='https:\/\/secure.gravatar.com\/avatar\/7b26f6fa8aa27d94d95b6cdbd73e79a388dd58c6b2fc0d63ddf5635eab9d2196?s=256&#038;d=mm&#038;r=g 2x' class='avatar avatar-128 photo' height='128' width='128' \/>\t\t<\/div>\n\t\t\t\t<div class=\"elementor-post__text\">\n\t\t\t\t<h1 class=\"elementor-post__title\">\n\t\t\t<a href=\"https:\/\/halimi.al\/en\/e-plote-ceshtja-per-financimin-rus-ne-pd-everta-pagoi-e-ndikuar-politikisht-halimiqeveria-bileta-pe\/\" >\n\t\t\t\t\u201c\u00c7\u00ebshtja p\u00ebr financimin rus n\u00eb PD \u00ebsht\u00eb e ndikuar politikisht\u201d, ish-ministri i drejt\u00ebsis\u00eb: Qeveria pagoi biletat p\u00ebr d\u00ebshmitar\u00eb\t\t\t<\/a>\n\t\t<\/h1>\n\t\t\t\t<div class=\"elementor-post__excerpt\">\n\t\t\t<p>Ish-ministri i Drejt\u00ebsis\u00eb Eduard Halimi ka deklaruar se hetimi p\u00ebr financimet ruse n\u00eb PD, \u00ebsht\u00eb fals dhe i fabrikuar politikisht. Ai ka shtuar se ka<\/p>\n\t\t<\/div>\n\t\t\n\t\t<a class=\"elementor-post__read-more\" href=\"https:\/\/halimi.al\/en\/e-plote-ceshtja-per-financimin-rus-ne-pd-everta-pagoi-e-ndikuar-politikisht-halimiqeveria-bileta-pe\/\" aria-label=\"Read more about \u201c\u00c7\u00ebshtja p\u00ebr financimin rus n\u00eb PD \u00ebsht\u00eb e ndikuar politikisht\u201d, ish-ministri i drejt\u00ebsis\u00eb: Qeveria pagoi biletat p\u00ebr d\u00ebshmitar\u00eb\" tabindex=\"-1\" >\n\t\t\tRead More \u00bb\t\t<\/a>\n\n\t\t\t\t<\/div>\n\t\t\t\t<div class=\"elementor-post__meta-data\">\n\t\t\t\t\t<span class=\"elementor-post-date\">\n\t\t\tFebruary 26, 2023\t\t<\/span>\n\t\t\t\t<\/div>\n\t\t\t\t\t<\/div>\n\t\t<\/article>\n\t\t\t\t<article class=\"elementor-post elementor-grid-item post-1969 post type-post status-publish format-standard has-post-thumbnail hentry category-blog\" role=\"listitem\">\n\t\t\t<div class=\"elementor-post__card\">\n\t\t\t\t<a class=\"elementor-post__thumbnail__link\" href=\"https:\/\/halimi.al\/en\/komisioni-hetimor-per-kryeministrin-cfare-e-pengon-juridikisht-te-ngrihet\/\" tabindex=\"-1\" ><div class=\"elementor-post__thumbnail\"><img loading=\"lazy\" decoding=\"async\" width=\"2048\" height=\"1365\" src=\"https:\/\/halimi.al\/wp-content\/uploads\/2023\/02\/84786167_1007435256299099_6456244648082931712_o.jpg\" class=\"attachment-full size-full wp-image-1971\" alt=\"\" srcset=\"https:\/\/halimi.al\/wp-content\/uploads\/2023\/02\/84786167_1007435256299099_6456244648082931712_o.jpg 2048w, https:\/\/halimi.al\/wp-content\/uploads\/2023\/02\/84786167_1007435256299099_6456244648082931712_o-300x200.jpg 300w, https:\/\/halimi.al\/wp-content\/uploads\/2023\/02\/84786167_1007435256299099_6456244648082931712_o-1024x683.jpg 1024w, https:\/\/halimi.al\/wp-content\/uploads\/2023\/02\/84786167_1007435256299099_6456244648082931712_o-768x512.jpg 768w, https:\/\/halimi.al\/wp-content\/uploads\/2023\/02\/84786167_1007435256299099_6456244648082931712_o-1536x1024.jpg 1536w, https:\/\/halimi.al\/wp-content\/uploads\/2023\/02\/84786167_1007435256299099_6456244648082931712_o-18x12.jpg 18w, https:\/\/halimi.al\/wp-content\/uploads\/2023\/02\/84786167_1007435256299099_6456244648082931712_o-200x133.jpg 200w\" sizes=\"(max-width: 2048px) 100vw, 2048px\" \/><\/div><\/a>\n\t\t\t\t<div class=\"elementor-post__badge\">Blog<\/div>\n\t\t\t\t<div class=\"elementor-post__avatar\">\n\t\t\t<img alt='ves' src='https:\/\/secure.gravatar.com\/avatar\/7b26f6fa8aa27d94d95b6cdbd73e79a388dd58c6b2fc0d63ddf5635eab9d2196?s=128&#038;d=mm&#038;r=g' srcset='https:\/\/secure.gravatar.com\/avatar\/7b26f6fa8aa27d94d95b6cdbd73e79a388dd58c6b2fc0d63ddf5635eab9d2196?s=256&#038;d=mm&#038;r=g 2x' class='avatar avatar-128 photo' height='128' width='128' \/>\t\t<\/div>\n\t\t\t\t<div class=\"elementor-post__text\">\n\t\t\t\t<h1 class=\"elementor-post__title\">\n\t\t\t<a href=\"https:\/\/halimi.al\/en\/komisioni-hetimor-per-kryeministrin-cfare-e-pengon-juridikisht-te-ngrihet\/\" >\n\t\t\t\tKomisioni hetimor p\u00ebr kryeministrin, \u00e7far\u00eb e pengon juridikisht t\u00eb ngrihet\t\t\t<\/a>\n\t\t<\/h1>\n\t\t\t\t<div class=\"elementor-post__excerpt\">\n\t\t\t<p>Avokati Marash Logu n\u00eb A2 CNN p\u00ebr t\u00eb analizuar \u00e7\u00ebshtjet kushtetuese m\u00eb t\u00eb r\u00ebnd\u00ebsishme n\u00eb vend.<\/p>\n\t\t<\/div>\n\t\t\n\t\t<a class=\"elementor-post__read-more\" href=\"https:\/\/halimi.al\/en\/komisioni-hetimor-per-kryeministrin-cfare-e-pengon-juridikisht-te-ngrihet\/\" aria-label=\"Read more about Komisioni hetimor p\u00ebr kryeministrin, \u00e7far\u00eb e pengon juridikisht t\u00eb ngrihet\" tabindex=\"-1\" >\n\t\t\tRead More \u00bb\t\t<\/a>\n\n\t\t\t\t<\/div>\n\t\t\t\t<div class=\"elementor-post__meta-data\">\n\t\t\t\t\t<span class=\"elementor-post-date\">\n\t\t\tFebruary 25, 2023\t\t<\/span>\n\t\t\t\t<\/div>\n\t\t\t\t\t<\/div>\n\t\t<\/article>\n\t\t\t\t<article class=\"elementor-post elementor-grid-item post-1965 post type-post status-publish format-standard has-post-thumbnail hentry category-blog\" role=\"listitem\">\n\t\t\t<div class=\"elementor-post__card\">\n\t\t\t\t<a class=\"elementor-post__thumbnail__link\" href=\"https:\/\/halimi.al\/en\/eduard-halimi-7-implikimet-e-renda-kushtetuese-te-vkm-per-konfiskimet-qeveritare-dhe-heshtja-e-patolerueshme-e-gjykates-se-re-kushtetuese\/\" tabindex=\"-1\" ><div class=\"elementor-post__thumbnail\"><img loading=\"lazy\" decoding=\"async\" width=\"912\" height=\"608\" src=\"https:\/\/halimi.al\/wp-content\/uploads\/2022\/03\/personale-2.jpg\" class=\"attachment-full size-full wp-image-157\" alt=\"\" srcset=\"https:\/\/halimi.al\/wp-content\/uploads\/2022\/03\/personale-2.jpg 912w, https:\/\/halimi.al\/wp-content\/uploads\/2022\/03\/personale-2-300x200.jpg 300w, https:\/\/halimi.al\/wp-content\/uploads\/2022\/03\/personale-2-768x512.jpg 768w\" sizes=\"(max-width: 912px) 100vw, 912px\" \/><\/div><\/a>\n\t\t\t\t<div class=\"elementor-post__badge\">Blog<\/div>\n\t\t\t\t<div class=\"elementor-post__avatar\">\n\t\t\t<img alt='ves' src='https:\/\/secure.gravatar.com\/avatar\/7b26f6fa8aa27d94d95b6cdbd73e79a388dd58c6b2fc0d63ddf5635eab9d2196?s=128&#038;d=mm&#038;r=g' srcset='https:\/\/secure.gravatar.com\/avatar\/7b26f6fa8aa27d94d95b6cdbd73e79a388dd58c6b2fc0d63ddf5635eab9d2196?s=256&#038;d=mm&#038;r=g 2x' class='avatar avatar-128 photo' height='128' width='128' \/>\t\t<\/div>\n\t\t\t\t<div class=\"elementor-post__text\">\n\t\t\t\t<h1 class=\"elementor-post__title\">\n\t\t\t<a href=\"https:\/\/halimi.al\/en\/eduard-halimi-7-implikimet-e-renda-kushtetuese-te-vkm-per-konfiskimet-qeveritare-dhe-heshtja-e-patolerueshme-e-gjykates-se-re-kushtetuese\/\" >\n\t\t\t\tEduard Halimi: 7 implikimet e r\u00ebnda kushtetuese t\u00eb VKM p\u00ebr konfiskimet qeveritare dhe heshtja e patolerueshme e Gjykat\u00ebs s\u00eb re Kushtetuese\t\t\t<\/a>\n\t\t<\/h1>\n\t\t\t\t<div class=\"elementor-post__excerpt\">\n\t\t\t<p>Eduard Halimi, ish-minist\u00ebr i Drejt\u00ebsis\u00eb \u201cVKM merr kompetenca q\u00eb i takojn\u00eb eskluzivisht drejt\u00ebsis\u00eb. Argumenti qeveritar se meq\u00ebn\u00ebse drejt\u00ebsia (prokuroria) nuk funksionon, at\u00ebhere k\u00ebt\u00eb pushtet do<\/p>\n\t\t<\/div>\n\t\t\n\t\t<a class=\"elementor-post__read-more\" href=\"https:\/\/halimi.al\/en\/eduard-halimi-7-implikimet-e-renda-kushtetuese-te-vkm-per-konfiskimet-qeveritare-dhe-heshtja-e-patolerueshme-e-gjykates-se-re-kushtetuese\/\" aria-label=\"Read more about Eduard Halimi: 7 implikimet e r\u00ebnda kushtetuese t\u00eb VKM p\u00ebr konfiskimet qeveritare dhe heshtja e patolerueshme e Gjykat\u00ebs s\u00eb re Kushtetuese\" tabindex=\"-1\" >\n\t\t\tRead More \u00bb\t\t<\/a>\n\n\t\t\t\t<\/div>\n\t\t\t\t<div class=\"elementor-post__meta-data\">\n\t\t\t\t\t<span class=\"elementor-post-date\">\n\t\t\tFebruary 23, 2023\t\t<\/span>\n\t\t\t\t<\/div>\n\t\t\t\t\t<\/div>\n\t\t<\/article>\n\t\t\t\t<article class=\"elementor-post elementor-grid-item post-1962 post type-post status-publish format-standard has-post-thumbnail hentry category-blog\" role=\"listitem\">\n\t\t\t<div class=\"elementor-post__card\">\n\t\t\t\t<a class=\"elementor-post__thumbnail__link\" href=\"https:\/\/halimi.al\/en\/ish-ministri-i-drejtesise-eduard-halimi-ka-publikuar-deklaraten-e-levizjes-se-gazetareve-per-lirine-e-medias-ndersa-sjell-ne-vemendje-rastin-ne-amerike-ku-the-pentagon-pa\/\" tabindex=\"-1\" ><div class=\"elementor-post__thumbnail\"><img loading=\"lazy\" decoding=\"async\" width=\"2048\" height=\"2047\" src=\"https:\/\/halimi.al\/wp-content\/uploads\/2023\/02\/Eduar-Halimi.jpg\" class=\"attachment-full size-full wp-image-1963\" alt=\"\" srcset=\"https:\/\/halimi.al\/wp-content\/uploads\/2023\/02\/Eduar-Halimi.jpg 2048w, https:\/\/halimi.al\/wp-content\/uploads\/2023\/02\/Eduar-Halimi-300x300.jpg 300w, https:\/\/halimi.al\/wp-content\/uploads\/2023\/02\/Eduar-Halimi-1024x1024.jpg 1024w, https:\/\/halimi.al\/wp-content\/uploads\/2023\/02\/Eduar-Halimi-150x150.jpg 150w, https:\/\/halimi.al\/wp-content\/uploads\/2023\/02\/Eduar-Halimi-768x768.jpg 768w, https:\/\/halimi.al\/wp-content\/uploads\/2023\/02\/Eduar-Halimi-1536x1536.jpg 1536w, https:\/\/halimi.al\/wp-content\/uploads\/2023\/02\/Eduar-Halimi-12x12.jpg 12w, https:\/\/halimi.al\/wp-content\/uploads\/2023\/02\/Eduar-Halimi-200x200.jpg 200w\" sizes=\"(max-width: 2048px) 100vw, 2048px\" \/><\/div><\/a>\n\t\t\t\t<div class=\"elementor-post__badge\">Blog<\/div>\n\t\t\t\t<div class=\"elementor-post__avatar\">\n\t\t\t<img alt='ves' src='https:\/\/secure.gravatar.com\/avatar\/7b26f6fa8aa27d94d95b6cdbd73e79a388dd58c6b2fc0d63ddf5635eab9d2196?s=128&#038;d=mm&#038;r=g' srcset='https:\/\/secure.gravatar.com\/avatar\/7b26f6fa8aa27d94d95b6cdbd73e79a388dd58c6b2fc0d63ddf5635eab9d2196?s=256&#038;d=mm&#038;r=g 2x' class='avatar avatar-128 photo' height='128' width='128' \/>\t\t<\/div>\n\t\t\t\t<div class=\"elementor-post__text\">\n\t\t\t\t<h1 class=\"elementor-post__title\">\n\t\t\t<a href=\"https:\/\/halimi.al\/en\/ish-ministri-i-drejtesise-eduard-halimi-ka-publikuar-deklaraten-e-levizjes-se-gazetareve-per-lirine-e-medias-ndersa-sjell-ne-vemendje-rastin-ne-amerike-ku-the-pentagon-pa\/\" >\n\t\t\t\tIsh-ministri i Drejt\u00ebsis\u00eb, Eduard Halimi ka publikuar deklarat\u00ebn e \u201cL\u00ebvizjes s\u00eb Gazetar\u00ebve\u201d p\u00ebr lirin\u00eb e medias, nd\u00ebrsa sjell n\u00eb v\u00ebmendje rastin n\u00eb Amerik\u00eb, ku \u201cThe Pentagon Papers\u201d ishte rasti i publikimit t\u00eb sekreteve qeveritare p\u00ebr luft\u00ebn n\u00eb Vietnam nga dy super mediat bot\u00ebrore, \u201cThe New York Times\u201d dhe \u201cWashington Post\u201d !\t\t\t<\/a>\n\t\t<\/h1>\n\t\t\t\t<div class=\"elementor-post__excerpt\">\n\t\t\t<p>Gjykata e Lart\u00eb, thot\u00eb Halimi, e cila shqyrtoi brenda pak dit\u00ebve akuzat e qeverise, theksoi se \u201cMedia mund t\u00eb jet\u00eb e lir\u00eb kur i sh\u00ebrben<\/p>\n\t\t<\/div>\n\t\t\n\t\t<a class=\"elementor-post__read-more\" href=\"https:\/\/halimi.al\/en\/ish-ministri-i-drejtesise-eduard-halimi-ka-publikuar-deklaraten-e-levizjes-se-gazetareve-per-lirine-e-medias-ndersa-sjell-ne-vemendje-rastin-ne-amerike-ku-the-pentagon-pa\/\" aria-label=\"Read more about Ish-ministri i Drejt\u00ebsis\u00eb, Eduard Halimi ka publikuar deklarat\u00ebn e \u201cL\u00ebvizjes s\u00eb Gazetar\u00ebve\u201d p\u00ebr lirin\u00eb e medias, nd\u00ebrsa sjell n\u00eb v\u00ebmendje rastin n\u00eb Amerik\u00eb, ku \u201cThe Pentagon Papers\u201d ishte rasti i publikimit t\u00eb sekreteve qeveritare p\u00ebr luft\u00ebn n\u00eb Vietnam nga dy super mediat bot\u00ebrore, \u201cThe New York Times\u201d dhe \u201cWashington Post\u201d !\" tabindex=\"-1\" >\n\t\t\tRead More \u00bb\t\t<\/a>\n\n\t\t\t\t<\/div>\n\t\t\t\t<div class=\"elementor-post__meta-data\">\n\t\t\t\t\t<span class=\"elementor-post-date\">\n\t\t\tFebruary 21, 2023\t\t<\/span>\n\t\t\t\t<\/div>\n\t\t\t\t\t<\/div>\n\t\t<\/article>\n\t\t\t\t<article class=\"elementor-post elementor-grid-item post-1953 post type-post status-publish format-standard has-post-thumbnail hentry category-blog\" role=\"listitem\">\n\t\t\t<div class=\"elementor-post__card\">\n\t\t\t\t<a class=\"elementor-post__thumbnail__link\" href=\"https:\/\/halimi.al\/en\/10-reziqet-globale-per-2023-sipas-timemagazine\/\" tabindex=\"-1\" ><div class=\"elementor-post__thumbnail\"><img loading=\"lazy\" decoding=\"async\" width=\"1511\" height=\"790\" src=\"https:\/\/halimi.al\/wp-content\/uploads\/2023\/02\/timemagazin.png\" class=\"attachment-full size-full wp-image-1959\" alt=\"\" srcset=\"https:\/\/halimi.al\/wp-content\/uploads\/2023\/02\/timemagazin.png 1511w, https:\/\/halimi.al\/wp-content\/uploads\/2023\/02\/timemagazin-300x157.png 300w, https:\/\/halimi.al\/wp-content\/uploads\/2023\/02\/timemagazin-1024x535.png 1024w, https:\/\/halimi.al\/wp-content\/uploads\/2023\/02\/timemagazin-768x402.png 768w, https:\/\/halimi.al\/wp-content\/uploads\/2023\/02\/timemagazin-18x9.png 18w, https:\/\/halimi.al\/wp-content\/uploads\/2023\/02\/timemagazin-200x105.png 200w\" sizes=\"(max-width: 1511px) 100vw, 1511px\" \/><\/div><\/a>\n\t\t\t\t<div class=\"elementor-post__badge\">Blog<\/div>\n\t\t\t\t<div class=\"elementor-post__avatar\">\n\t\t\t<img alt='ves' src='https:\/\/secure.gravatar.com\/avatar\/7b26f6fa8aa27d94d95b6cdbd73e79a388dd58c6b2fc0d63ddf5635eab9d2196?s=128&#038;d=mm&#038;r=g' srcset='https:\/\/secure.gravatar.com\/avatar\/7b26f6fa8aa27d94d95b6cdbd73e79a388dd58c6b2fc0d63ddf5635eab9d2196?s=256&#038;d=mm&#038;r=g 2x' class='avatar avatar-128 photo' height='128' width='128' \/>\t\t<\/div>\n\t\t\t\t<div class=\"elementor-post__text\">\n\t\t\t\t<h1 class=\"elementor-post__title\">\n\t\t\t<a href=\"https:\/\/halimi.al\/en\/10-reziqet-globale-per-2023-sipas-timemagazine\/\" >\n\t\t\t\t10 Reziqet globale p\u00ebr 2023 sipas TimeMagazine\t\t\t<\/a>\n\t\t<\/h1>\n\t\t\t\t<div class=\"elementor-post__excerpt\">\n\t\t\t\t\t<\/div>\n\t\t\n\t\t<a class=\"elementor-post__read-more\" href=\"https:\/\/halimi.al\/en\/10-reziqet-globale-per-2023-sipas-timemagazine\/\" aria-label=\"Read more about 10 Reziqet globale p\u00ebr 2023 sipas TimeMagazine\" tabindex=\"-1\" >\n\t\t\tRead More \u00bb\t\t<\/a>\n\n\t\t\t\t<\/div>\n\t\t\t\t<div class=\"elementor-post__meta-data\">\n\t\t\t\t\t<span class=\"elementor-post-date\">\n\t\t\tFebruary 15, 2023\t\t<\/span>\n\t\t\t\t<\/div>\n\t\t\t\t\t<\/div>\n\t\t<\/article>\n\t\t\t\t<article class=\"elementor-post elementor-grid-item post-1948 post type-post status-publish format-standard has-post-thumbnail hentry category-blog\" role=\"listitem\">\n\t\t\t<div class=\"elementor-post__card\">\n\t\t\t\t<a class=\"elementor-post__thumbnail__link\" href=\"https:\/\/halimi.al\/en\/intervista-dhene-tv-ora-news-lidhur-me-harten-gjyqesore\/\" tabindex=\"-1\" ><div class=\"elementor-post__thumbnail\"><img loading=\"lazy\" decoding=\"async\" width=\"1916\" height=\"948\" src=\"https:\/\/halimi.al\/wp-content\/uploads\/2023\/02\/Jam-kritik-per-harten-e-re-gjyqesore-qytetaret-duhet-te-kene-qasje-ne-drejtesi.png\" class=\"attachment-full size-full wp-image-1950\" alt=\"\" srcset=\"https:\/\/halimi.al\/wp-content\/uploads\/2023\/02\/Jam-kritik-per-harten-e-re-gjyqesore-qytetaret-duhet-te-kene-qasje-ne-drejtesi.png 1916w, https:\/\/halimi.al\/wp-content\/uploads\/2023\/02\/Jam-kritik-per-harten-e-re-gjyqesore-qytetaret-duhet-te-kene-qasje-ne-drejtesi-300x148.png 300w, https:\/\/halimi.al\/wp-content\/uploads\/2023\/02\/Jam-kritik-per-harten-e-re-gjyqesore-qytetaret-duhet-te-kene-qasje-ne-drejtesi-1024x507.png 1024w, https:\/\/halimi.al\/wp-content\/uploads\/2023\/02\/Jam-kritik-per-harten-e-re-gjyqesore-qytetaret-duhet-te-kene-qasje-ne-drejtesi-768x380.png 768w, https:\/\/halimi.al\/wp-content\/uploads\/2023\/02\/Jam-kritik-per-harten-e-re-gjyqesore-qytetaret-duhet-te-kene-qasje-ne-drejtesi-1536x760.png 1536w, https:\/\/halimi.al\/wp-content\/uploads\/2023\/02\/Jam-kritik-per-harten-e-re-gjyqesore-qytetaret-duhet-te-kene-qasje-ne-drejtesi-18x9.png 18w, https:\/\/halimi.al\/wp-content\/uploads\/2023\/02\/Jam-kritik-per-harten-e-re-gjyqesore-qytetaret-duhet-te-kene-qasje-ne-drejtesi-200x99.png 200w\" sizes=\"(max-width: 1916px) 100vw, 1916px\" \/><\/div><\/a>\n\t\t\t\t<div class=\"elementor-post__badge\">Blog<\/div>\n\t\t\t\t<div class=\"elementor-post__avatar\">\n\t\t\t<img alt='ves' src='https:\/\/secure.gravatar.com\/avatar\/7b26f6fa8aa27d94d95b6cdbd73e79a388dd58c6b2fc0d63ddf5635eab9d2196?s=128&#038;d=mm&#038;r=g' srcset='https:\/\/secure.gravatar.com\/avatar\/7b26f6fa8aa27d94d95b6cdbd73e79a388dd58c6b2fc0d63ddf5635eab9d2196?s=256&#038;d=mm&#038;r=g 2x' class='avatar avatar-128 photo' height='128' width='128' \/>\t\t<\/div>\n\t\t\t\t<div class=\"elementor-post__text\">\n\t\t\t\t<h1 class=\"elementor-post__title\">\n\t\t\t<a href=\"https:\/\/halimi.al\/en\/intervista-dhene-tv-ora-news-lidhur-me-harten-gjyqesore\/\" >\n\t\t\t\tIntervista dh\u00ebn\u00eb TV Ora News, lidhur me Hart\u00ebn Gjyq\u00ebsore!\t\t\t<\/a>\n\t\t<\/h1>\n\t\t\t\t<div class=\"elementor-post__excerpt\">\n\t\t\t\t\t<\/div>\n\t\t\n\t\t<a class=\"elementor-post__read-more\" href=\"https:\/\/halimi.al\/en\/intervista-dhene-tv-ora-news-lidhur-me-harten-gjyqesore\/\" aria-label=\"Read more about Intervista dh\u00ebn\u00eb TV Ora News, lidhur me Hart\u00ebn Gjyq\u00ebsore!\" tabindex=\"-1\" >\n\t\t\tRead More \u00bb\t\t<\/a>\n\n\t\t\t\t<\/div>\n\t\t\t\t<div class=\"elementor-post__meta-data\">\n\t\t\t\t\t<span class=\"elementor-post-date\">\n\t\t\tFebruary 14, 2023\t\t<\/span>\n\t\t\t\t<\/div>\n\t\t\t\t\t<\/div>\n\t\t<\/article>\n\t\t\t\t<article class=\"elementor-post elementor-grid-item post-1944 post type-post status-publish format-standard has-post-thumbnail hentry category-blog\" role=\"listitem\">\n\t\t\t<div class=\"elementor-post__card\">\n\t\t\t\t<a class=\"elementor-post__thumbnail__link\" href=\"https:\/\/halimi.al\/en\/per-te-pare-cfare-e-shkaktoi-termetin-ne-turqi-sipas-bbc-se\/\" tabindex=\"-1\" ><div class=\"elementor-post__thumbnail\"><img loading=\"lazy\" decoding=\"async\" width=\"770\" height=\"434\" src=\"https:\/\/halimi.al\/wp-content\/uploads\/2023\/02\/Per-te-pare-cfare-e-shkaktoi-termetin-ne-Turqi-sipas-BBC-se.jpg\" class=\"attachment-full size-full wp-image-1947\" alt=\"\" srcset=\"https:\/\/halimi.al\/wp-content\/uploads\/2023\/02\/Per-te-pare-cfare-e-shkaktoi-termetin-ne-Turqi-sipas-BBC-se.jpg 770w, https:\/\/halimi.al\/wp-content\/uploads\/2023\/02\/Per-te-pare-cfare-e-shkaktoi-termetin-ne-Turqi-sipas-BBC-se-300x169.jpg 300w, https:\/\/halimi.al\/wp-content\/uploads\/2023\/02\/Per-te-pare-cfare-e-shkaktoi-termetin-ne-Turqi-sipas-BBC-se-768x433.jpg 768w, https:\/\/halimi.al\/wp-content\/uploads\/2023\/02\/Per-te-pare-cfare-e-shkaktoi-termetin-ne-Turqi-sipas-BBC-se-18x10.jpg 18w, https:\/\/halimi.al\/wp-content\/uploads\/2023\/02\/Per-te-pare-cfare-e-shkaktoi-termetin-ne-Turqi-sipas-BBC-se-200x113.jpg 200w\" sizes=\"(max-width: 770px) 100vw, 770px\" \/><\/div><\/a>\n\t\t\t\t<div class=\"elementor-post__badge\">Blog<\/div>\n\t\t\t\t<div class=\"elementor-post__avatar\">\n\t\t\t<img alt='ves' src='https:\/\/secure.gravatar.com\/avatar\/7b26f6fa8aa27d94d95b6cdbd73e79a388dd58c6b2fc0d63ddf5635eab9d2196?s=128&#038;d=mm&#038;r=g' srcset='https:\/\/secure.gravatar.com\/avatar\/7b26f6fa8aa27d94d95b6cdbd73e79a388dd58c6b2fc0d63ddf5635eab9d2196?s=256&#038;d=mm&#038;r=g 2x' class='avatar avatar-128 photo' height='128' width='128' \/>\t\t<\/div>\n\t\t\t\t<div class=\"elementor-post__text\">\n\t\t\t\t<h1 class=\"elementor-post__title\">\n\t\t\t<a href=\"https:\/\/halimi.al\/en\/per-te-pare-cfare-e-shkaktoi-termetin-ne-turqi-sipas-bbc-se\/\" >\n\t\t\t\tP\u00ebr t\u00eb par\u00eb \u00e7far\u00eb e shkaktoi t\u00ebrmetin n\u00eb Turqi sipas BBC-s\u00eb\t\t\t<\/a>\n\t\t<\/h1>\n\t\t\t\t<div class=\"elementor-post__excerpt\">\n\t\t\t\t\t<\/div>\n\t\t\n\t\t<a class=\"elementor-post__read-more\" href=\"https:\/\/halimi.al\/en\/per-te-pare-cfare-e-shkaktoi-termetin-ne-turqi-sipas-bbc-se\/\" aria-label=\"Read more about P\u00ebr t\u00eb par\u00eb \u00e7far\u00eb e shkaktoi t\u00ebrmetin n\u00eb Turqi sipas BBC-s\u00eb\" tabindex=\"-1\" >\n\t\t\tRead More \u00bb\t\t<\/a>\n\n\t\t\t\t<\/div>\n\t\t\t\t<div class=\"elementor-post__meta-data\">\n\t\t\t\t\t<span class=\"elementor-post-date\">\n\t\t\tFebruary 10, 2023\t\t<\/span>\n\t\t\t\t<\/div>\n\t\t\t\t\t<\/div>\n\t\t<\/article>\n\t\t\t\t<article class=\"elementor-post elementor-grid-item post-1939 post type-post status-publish format-standard has-post-thumbnail hentry category-blog\" role=\"listitem\">\n\t\t\t<div class=\"elementor-post__card\">\n\t\t\t\t<a class=\"elementor-post__thumbnail__link\" href=\"https:\/\/halimi.al\/en\/intervista-ne-panorama-tv-lidhur-me-harten-gjyqesore-dhe-ceshtje-te-tjera-qe-lidhen-me-drejtesine-ne-shqiperi\/\" tabindex=\"-1\" ><div class=\"elementor-post__thumbnail\"><img loading=\"lazy\" decoding=\"async\" width=\"1920\" height=\"966\" src=\"https:\/\/halimi.al\/wp-content\/uploads\/2023\/02\/Eduard-Halimi.png\" class=\"attachment-full size-full wp-image-1941\" alt=\"\" srcset=\"https:\/\/halimi.al\/wp-content\/uploads\/2023\/02\/Eduard-Halimi.png 1920w, https:\/\/halimi.al\/wp-content\/uploads\/2023\/02\/Eduard-Halimi-300x151.png 300w, https:\/\/halimi.al\/wp-content\/uploads\/2023\/02\/Eduard-Halimi-1024x515.png 1024w, https:\/\/halimi.al\/wp-content\/uploads\/2023\/02\/Eduard-Halimi-768x386.png 768w, https:\/\/halimi.al\/wp-content\/uploads\/2023\/02\/Eduard-Halimi-1536x773.png 1536w, https:\/\/halimi.al\/wp-content\/uploads\/2023\/02\/Eduard-Halimi-18x9.png 18w, https:\/\/halimi.al\/wp-content\/uploads\/2023\/02\/Eduard-Halimi-200x101.png 200w\" sizes=\"(max-width: 1920px) 100vw, 1920px\" \/><\/div><\/a>\n\t\t\t\t<div class=\"elementor-post__badge\">Blog<\/div>\n\t\t\t\t<div class=\"elementor-post__avatar\">\n\t\t\t<img alt='ves' src='https:\/\/secure.gravatar.com\/avatar\/7b26f6fa8aa27d94d95b6cdbd73e79a388dd58c6b2fc0d63ddf5635eab9d2196?s=128&#038;d=mm&#038;r=g' srcset='https:\/\/secure.gravatar.com\/avatar\/7b26f6fa8aa27d94d95b6cdbd73e79a388dd58c6b2fc0d63ddf5635eab9d2196?s=256&#038;d=mm&#038;r=g 2x' class='avatar avatar-128 photo' height='128' width='128' \/>\t\t<\/div>\n\t\t\t\t<div class=\"elementor-post__text\">\n\t\t\t\t<h1 class=\"elementor-post__title\">\n\t\t\t<a href=\"https:\/\/halimi.al\/en\/intervista-ne-panorama-tv-lidhur-me-harten-gjyqesore-dhe-ceshtje-te-tjera-qe-lidhen-me-drejtesine-ne-shqiperi\/\" >\n\t\t\t\tIntervista n\u00eb Panorama TV lidhur me Hart\u00ebn Gjyq\u00ebsore, dhe \u00e7\u00ebshtje t\u00eb tjera q\u00eb lidhen me drejt\u00ebsin\u00eb n\u00eb Shqip\u00ebri\t\t\t<\/a>\n\t\t<\/h1>\n\t\t\t\t<div class=\"elementor-post__excerpt\">\n\t\t\t\t\t<\/div>\n\t\t\n\t\t<a class=\"elementor-post__read-more\" href=\"https:\/\/halimi.al\/en\/intervista-ne-panorama-tv-lidhur-me-harten-gjyqesore-dhe-ceshtje-te-tjera-qe-lidhen-me-drejtesine-ne-shqiperi\/\" aria-label=\"Read more about Intervista n\u00eb Panorama TV lidhur me Hart\u00ebn Gjyq\u00ebsore, dhe \u00e7\u00ebshtje t\u00eb tjera q\u00eb lidhen me drejt\u00ebsin\u00eb n\u00eb Shqip\u00ebri\" tabindex=\"-1\" >\n\t\t\tRead More \u00bb\t\t<\/a>\n\n\t\t\t\t<\/div>\n\t\t\t\t<div class=\"elementor-post__meta-data\">\n\t\t\t\t\t<span class=\"elementor-post-date\">\n\t\t\tFebruary 8, 2023\t\t<\/span>\n\t\t\t\t<\/div>\n\t\t\t\t\t<\/div>\n\t\t<\/article>\n\t\t\t\t<article class=\"elementor-post elementor-grid-item post-1911 post type-post status-publish format-standard has-post-thumbnail hentry category-blog\" role=\"listitem\">\n\t\t\t<div class=\"elementor-post__card\">\n\t\t\t\t<a class=\"elementor-post__thumbnail__link\" href=\"https:\/\/halimi.al\/en\/sot-ne-gjyq-pjesa-12\/\" tabindex=\"-1\" ><div class=\"elementor-post__thumbnail\"><img loading=\"lazy\" decoding=\"async\" width=\"1157\" height=\"597\" src=\"https:\/\/halimi.al\/wp-content\/uploads\/2022\/09\/Sot-3.png\" class=\"attachment-full size-full wp-image-1858\" alt=\"\" srcset=\"https:\/\/halimi.al\/wp-content\/uploads\/2022\/09\/Sot-3.png 1157w, https:\/\/halimi.al\/wp-content\/uploads\/2022\/09\/Sot-3-300x155.png 300w, https:\/\/halimi.al\/wp-content\/uploads\/2022\/09\/Sot-3-1024x528.png 1024w, https:\/\/halimi.al\/wp-content\/uploads\/2022\/09\/Sot-3-768x396.png 768w, https:\/\/halimi.al\/wp-content\/uploads\/2022\/09\/Sot-3-200x103.png 200w\" sizes=\"(max-width: 1157px) 100vw, 1157px\" \/><\/div><\/a>\n\t\t\t\t<div class=\"elementor-post__badge\">Blog<\/div>\n\t\t\t\t<div class=\"elementor-post__avatar\">\n\t\t\t<img alt='ves' src='https:\/\/secure.gravatar.com\/avatar\/7b26f6fa8aa27d94d95b6cdbd73e79a388dd58c6b2fc0d63ddf5635eab9d2196?s=128&#038;d=mm&#038;r=g' srcset='https:\/\/secure.gravatar.com\/avatar\/7b26f6fa8aa27d94d95b6cdbd73e79a388dd58c6b2fc0d63ddf5635eab9d2196?s=256&#038;d=mm&#038;r=g 2x' class='avatar avatar-128 photo' height='128' width='128' \/>\t\t<\/div>\n\t\t\t\t<div class=\"elementor-post__text\">\n\t\t\t\t<h1 class=\"elementor-post__title\">\n\t\t\t<a href=\"https:\/\/halimi.al\/en\/sot-ne-gjyq-pjesa-12\/\" >\n\t\t\t\tSOT &#8211; N\u00eb gjyq \/ Pjesa 12\t\t\t<\/a>\n\t\t<\/h1>\n\t\t\t\t<div class=\"elementor-post__excerpt\">\n\t\t\t\t\t<\/div>\n\t\t\n\t\t<a class=\"elementor-post__read-more\" href=\"https:\/\/halimi.al\/en\/sot-ne-gjyq-pjesa-12\/\" aria-label=\"Read more about SOT &#8211; N\u00eb gjyq \/ Pjesa 12\" tabindex=\"-1\" >\n\t\t\tRead More \u00bb\t\t<\/a>\n\n\t\t\t\t<\/div>\n\t\t\t\t<div class=\"elementor-post__meta-data\">\n\t\t\t\t\t<span class=\"elementor-post-date\">\n\t\t\tOctober 8, 2022\t\t<\/span>\n\t\t\t\t<\/div>\n\t\t\t\t\t<\/div>\n\t\t<\/article>\n\t\t\t\t<article class=\"elementor-post elementor-grid-item post-1909 post type-post status-publish format-standard has-post-thumbnail hentry category-blog\" role=\"listitem\">\n\t\t\t<div class=\"elementor-post__card\">\n\t\t\t\t<a class=\"elementor-post__thumbnail__link\" href=\"https:\/\/halimi.al\/en\/sot-ne-gjyq-pjesa-11\/\" tabindex=\"-1\" ><div class=\"elementor-post__thumbnail\"><img loading=\"lazy\" decoding=\"async\" width=\"1157\" height=\"597\" src=\"https:\/\/halimi.al\/wp-content\/uploads\/2022\/09\/Sot-3.png\" class=\"attachment-full size-full wp-image-1858\" alt=\"\" srcset=\"https:\/\/halimi.al\/wp-content\/uploads\/2022\/09\/Sot-3.png 1157w, https:\/\/halimi.al\/wp-content\/uploads\/2022\/09\/Sot-3-300x155.png 300w, https:\/\/halimi.al\/wp-content\/uploads\/2022\/09\/Sot-3-1024x528.png 1024w, https:\/\/halimi.al\/wp-content\/uploads\/2022\/09\/Sot-3-768x396.png 768w, https:\/\/halimi.al\/wp-content\/uploads\/2022\/09\/Sot-3-200x103.png 200w\" sizes=\"(max-width: 1157px) 100vw, 1157px\" \/><\/div><\/a>\n\t\t\t\t<div class=\"elementor-post__badge\">Blog<\/div>\n\t\t\t\t<div class=\"elementor-post__avatar\">\n\t\t\t<img alt='ves' src='https:\/\/secure.gravatar.com\/avatar\/7b26f6fa8aa27d94d95b6cdbd73e79a388dd58c6b2fc0d63ddf5635eab9d2196?s=128&#038;d=mm&#038;r=g' srcset='https:\/\/secure.gravatar.com\/avatar\/7b26f6fa8aa27d94d95b6cdbd73e79a388dd58c6b2fc0d63ddf5635eab9d2196?s=256&#038;d=mm&#038;r=g 2x' class='avatar avatar-128 photo' height='128' width='128' \/>\t\t<\/div>\n\t\t\t\t<div class=\"elementor-post__text\">\n\t\t\t\t<h1 class=\"elementor-post__title\">\n\t\t\t<a href=\"https:\/\/halimi.al\/en\/sot-ne-gjyq-pjesa-11\/\" >\n\t\t\t\tSOT &#8211; N\u00eb gjyq \/ Pjesa 11\t\t\t<\/a>\n\t\t<\/h1>\n\t\t\t\t<div class=\"elementor-post__excerpt\">\n\t\t\t\t\t<\/div>\n\t\t\n\t\t<a class=\"elementor-post__read-more\" href=\"https:\/\/halimi.al\/en\/sot-ne-gjyq-pjesa-11\/\" aria-label=\"Read more about SOT &#8211; N\u00eb gjyq \/ Pjesa 11\" tabindex=\"-1\" >\n\t\t\tRead More \u00bb\t\t<\/a>\n\n\t\t\t\t<\/div>\n\t\t\t\t<div class=\"elementor-post__meta-data\">\n\t\t\t\t\t<span class=\"elementor-post-date\">\n\t\t\tOctober 8, 2022\t\t<\/span>\n\t\t\t\t<\/div>\n\t\t\t\t\t<\/div>\n\t\t<\/article>\n\t\t\t\t<article class=\"elementor-post elementor-grid-item post-1907 post type-post status-publish format-standard has-post-thumbnail hentry category-blog\" role=\"listitem\">\n\t\t\t<div class=\"elementor-post__card\">\n\t\t\t\t<a class=\"elementor-post__thumbnail__link\" href=\"https:\/\/halimi.al\/en\/sot-ne-gjyq-pjesa-10\/\" tabindex=\"-1\" ><div class=\"elementor-post__thumbnail\"><img loading=\"lazy\" decoding=\"async\" width=\"1157\" height=\"597\" src=\"https:\/\/halimi.al\/wp-content\/uploads\/2022\/09\/Sot-3.png\" class=\"attachment-full size-full wp-image-1858\" alt=\"\" srcset=\"https:\/\/halimi.al\/wp-content\/uploads\/2022\/09\/Sot-3.png 1157w, https:\/\/halimi.al\/wp-content\/uploads\/2022\/09\/Sot-3-300x155.png 300w, https:\/\/halimi.al\/wp-content\/uploads\/2022\/09\/Sot-3-1024x528.png 1024w, https:\/\/halimi.al\/wp-content\/uploads\/2022\/09\/Sot-3-768x396.png 768w, https:\/\/halimi.al\/wp-content\/uploads\/2022\/09\/Sot-3-200x103.png 200w\" sizes=\"(max-width: 1157px) 100vw, 1157px\" \/><\/div><\/a>\n\t\t\t\t<div class=\"elementor-post__badge\">Blog<\/div>\n\t\t\t\t<div class=\"elementor-post__avatar\">\n\t\t\t<img alt='ves' src='https:\/\/secure.gravatar.com\/avatar\/7b26f6fa8aa27d94d95b6cdbd73e79a388dd58c6b2fc0d63ddf5635eab9d2196?s=128&#038;d=mm&#038;r=g' srcset='https:\/\/secure.gravatar.com\/avatar\/7b26f6fa8aa27d94d95b6cdbd73e79a388dd58c6b2fc0d63ddf5635eab9d2196?s=256&#038;d=mm&#038;r=g 2x' class='avatar avatar-128 photo' height='128' width='128' \/>\t\t<\/div>\n\t\t\t\t<div class=\"elementor-post__text\">\n\t\t\t\t<h1 class=\"elementor-post__title\">\n\t\t\t<a href=\"https:\/\/halimi.al\/en\/sot-ne-gjyq-pjesa-10\/\" >\n\t\t\t\tSOT &#8211; N\u00eb gjyq \/ Pjesa 10\t\t\t<\/a>\n\t\t<\/h1>\n\t\t\t\t<div class=\"elementor-post__excerpt\">\n\t\t\t\t\t<\/div>\n\t\t\n\t\t<a class=\"elementor-post__read-more\" href=\"https:\/\/halimi.al\/en\/sot-ne-gjyq-pjesa-10\/\" aria-label=\"Read more about SOT &#8211; N\u00eb gjyq \/ Pjesa 10\" tabindex=\"-1\" >\n\t\t\tRead More \u00bb\t\t<\/a>\n\n\t\t\t\t<\/div>\n\t\t\t\t<div class=\"elementor-post__meta-data\">\n\t\t\t\t\t<span class=\"elementor-post-date\">\n\t\t\tOctober 8, 2022\t\t<\/span>\n\t\t\t\t<\/div>\n\t\t\t\t\t<\/div>\n\t\t<\/article>\n\t\t\t\t<article class=\"elementor-post elementor-grid-item post-1901 post type-post status-publish format-standard has-post-thumbnail hentry category-blog\" role=\"listitem\">\n\t\t\t<div class=\"elementor-post__card\">\n\t\t\t\t<a class=\"elementor-post__thumbnail__link\" href=\"https:\/\/halimi.al\/en\/sot-ne-gjyq-pjesa-9\/\" tabindex=\"-1\" ><div class=\"elementor-post__thumbnail\"><img loading=\"lazy\" decoding=\"async\" width=\"1157\" height=\"597\" src=\"https:\/\/halimi.al\/wp-content\/uploads\/2022\/09\/Sot-3.png\" class=\"attachment-full size-full wp-image-1858\" alt=\"\" srcset=\"https:\/\/halimi.al\/wp-content\/uploads\/2022\/09\/Sot-3.png 1157w, https:\/\/halimi.al\/wp-content\/uploads\/2022\/09\/Sot-3-300x155.png 300w, https:\/\/halimi.al\/wp-content\/uploads\/2022\/09\/Sot-3-1024x528.png 1024w, https:\/\/halimi.al\/wp-content\/uploads\/2022\/09\/Sot-3-768x396.png 768w, https:\/\/halimi.al\/wp-content\/uploads\/2022\/09\/Sot-3-200x103.png 200w\" sizes=\"(max-width: 1157px) 100vw, 1157px\" \/><\/div><\/a>\n\t\t\t\t<div class=\"elementor-post__badge\">Blog<\/div>\n\t\t\t\t<div class=\"elementor-post__avatar\">\n\t\t\t<img alt='ves' src='https:\/\/secure.gravatar.com\/avatar\/7b26f6fa8aa27d94d95b6cdbd73e79a388dd58c6b2fc0d63ddf5635eab9d2196?s=128&#038;d=mm&#038;r=g' srcset='https:\/\/secure.gravatar.com\/avatar\/7b26f6fa8aa27d94d95b6cdbd73e79a388dd58c6b2fc0d63ddf5635eab9d2196?s=256&#038;d=mm&#038;r=g 2x' class='avatar avatar-128 photo' height='128' width='128' \/>\t\t<\/div>\n\t\t\t\t<div class=\"elementor-post__text\">\n\t\t\t\t<h1 class=\"elementor-post__title\">\n\t\t\t<a href=\"https:\/\/halimi.al\/en\/sot-ne-gjyq-pjesa-9\/\" >\n\t\t\t\tSOT &#8211; N\u00eb gjyq \/ Pjesa 9\t\t\t<\/a>\n\t\t<\/h1>\n\t\t\t\t<div class=\"elementor-post__excerpt\">\n\t\t\t\t\t<\/div>\n\t\t\n\t\t<a class=\"elementor-post__read-more\" href=\"https:\/\/halimi.al\/en\/sot-ne-gjyq-pjesa-9\/\" aria-label=\"Read more about SOT &#8211; N\u00eb gjyq \/ Pjesa 9\" tabindex=\"-1\" >\n\t\t\tRead More \u00bb\t\t<\/a>\n\n\t\t\t\t<\/div>\n\t\t\t\t<div class=\"elementor-post__meta-data\">\n\t\t\t\t\t<span class=\"elementor-post-date\">\n\t\t\tOctober 8, 2022\t\t<\/span>\n\t\t\t\t<\/div>\n\t\t\t\t\t<\/div>\n\t\t<\/article>\n\t\t\t\t<article class=\"elementor-post elementor-grid-item post-1894 post type-post status-publish format-standard has-post-thumbnail hentry category-blog\" role=\"listitem\">\n\t\t\t<div class=\"elementor-post__card\">\n\t\t\t\t<a class=\"elementor-post__thumbnail__link\" href=\"https:\/\/halimi.al\/en\/sot-ne-gjyq-pjesa-6\/\" tabindex=\"-1\" ><div class=\"elementor-post__thumbnail\"><img loading=\"lazy\" decoding=\"async\" width=\"1157\" height=\"597\" src=\"https:\/\/halimi.al\/wp-content\/uploads\/2022\/09\/Sot-3.png\" class=\"attachment-full size-full wp-image-1858\" alt=\"\" srcset=\"https:\/\/halimi.al\/wp-content\/uploads\/2022\/09\/Sot-3.png 1157w, https:\/\/halimi.al\/wp-content\/uploads\/2022\/09\/Sot-3-300x155.png 300w, https:\/\/halimi.al\/wp-content\/uploads\/2022\/09\/Sot-3-1024x528.png 1024w, https:\/\/halimi.al\/wp-content\/uploads\/2022\/09\/Sot-3-768x396.png 768w, https:\/\/halimi.al\/wp-content\/uploads\/2022\/09\/Sot-3-200x103.png 200w\" sizes=\"(max-width: 1157px) 100vw, 1157px\" \/><\/div><\/a>\n\t\t\t\t<div class=\"elementor-post__badge\">Blog<\/div>\n\t\t\t\t<div class=\"elementor-post__avatar\">\n\t\t\t<img alt='ves' src='https:\/\/secure.gravatar.com\/avatar\/7b26f6fa8aa27d94d95b6cdbd73e79a388dd58c6b2fc0d63ddf5635eab9d2196?s=128&#038;d=mm&#038;r=g' srcset='https:\/\/secure.gravatar.com\/avatar\/7b26f6fa8aa27d94d95b6cdbd73e79a388dd58c6b2fc0d63ddf5635eab9d2196?s=256&#038;d=mm&#038;r=g 2x' class='avatar avatar-128 photo' height='128' width='128' \/>\t\t<\/div>\n\t\t\t\t<div class=\"elementor-post__text\">\n\t\t\t\t<h1 class=\"elementor-post__title\">\n\t\t\t<a href=\"https:\/\/halimi.al\/en\/sot-ne-gjyq-pjesa-6\/\" >\n\t\t\t\tSOT &#8211; N\u00eb gjyq \/ Pjesa 6\t\t\t<\/a>\n\t\t<\/h1>\n\t\t\t\t<div class=\"elementor-post__excerpt\">\n\t\t\t\t\t<\/div>\n\t\t\n\t\t<a class=\"elementor-post__read-more\" href=\"https:\/\/halimi.al\/en\/sot-ne-gjyq-pjesa-6\/\" aria-label=\"Read more about SOT &#8211; N\u00eb gjyq \/ Pjesa 6\" tabindex=\"-1\" >\n\t\t\tRead More \u00bb\t\t<\/a>\n\n\t\t\t\t<\/div>\n\t\t\t\t<div class=\"elementor-post__meta-data\">\n\t\t\t\t\t<span class=\"elementor-post-date\">\n\t\t\tSeptember 28, 2022\t\t<\/span>\n\t\t\t\t<\/div>\n\t\t\t\t\t<\/div>\n\t\t<\/article>\n\t\t\t\t<article class=\"elementor-post elementor-grid-item post-1874 post type-post status-publish format-standard has-post-thumbnail hentry category-blog\" role=\"listitem\">\n\t\t\t<div class=\"elementor-post__card\">\n\t\t\t\t<a class=\"elementor-post__thumbnail__link\" href=\"https:\/\/halimi.al\/en\/sot-ne-gjyq-pjesa-8\/\" tabindex=\"-1\" ><div class=\"elementor-post__thumbnail\"><img loading=\"lazy\" decoding=\"async\" width=\"1157\" height=\"597\" src=\"https:\/\/halimi.al\/wp-content\/uploads\/2022\/09\/Sot-3.png\" class=\"attachment-full size-full wp-image-1858\" alt=\"\" srcset=\"https:\/\/halimi.al\/wp-content\/uploads\/2022\/09\/Sot-3.png 1157w, https:\/\/halimi.al\/wp-content\/uploads\/2022\/09\/Sot-3-300x155.png 300w, https:\/\/halimi.al\/wp-content\/uploads\/2022\/09\/Sot-3-1024x528.png 1024w, https:\/\/halimi.al\/wp-content\/uploads\/2022\/09\/Sot-3-768x396.png 768w, https:\/\/halimi.al\/wp-content\/uploads\/2022\/09\/Sot-3-200x103.png 200w\" sizes=\"(max-width: 1157px) 100vw, 1157px\" \/><\/div><\/a>\n\t\t\t\t<div class=\"elementor-post__badge\">Blog<\/div>\n\t\t\t\t<div class=\"elementor-post__avatar\">\n\t\t\t<img alt='ves' src='https:\/\/secure.gravatar.com\/avatar\/7b26f6fa8aa27d94d95b6cdbd73e79a388dd58c6b2fc0d63ddf5635eab9d2196?s=128&#038;d=mm&#038;r=g' srcset='https:\/\/secure.gravatar.com\/avatar\/7b26f6fa8aa27d94d95b6cdbd73e79a388dd58c6b2fc0d63ddf5635eab9d2196?s=256&#038;d=mm&#038;r=g 2x' class='avatar avatar-128 photo' height='128' width='128' \/>\t\t<\/div>\n\t\t\t\t<div class=\"elementor-post__text\">\n\t\t\t\t<h1 class=\"elementor-post__title\">\n\t\t\t<a href=\"https:\/\/halimi.al\/en\/sot-ne-gjyq-pjesa-8\/\" >\n\t\t\t\tSOT &#8211; N\u00eb gjyq \/ Pjesa 7\t\t\t<\/a>\n\t\t<\/h1>\n\t\t\t\t<div class=\"elementor-post__excerpt\">\n\t\t\t\t\t<\/div>\n\t\t\n\t\t<a class=\"elementor-post__read-more\" href=\"https:\/\/halimi.al\/en\/sot-ne-gjyq-pjesa-8\/\" aria-label=\"Read more about SOT &#8211; N\u00eb gjyq \/ Pjesa 7\" tabindex=\"-1\" >\n\t\t\tRead More \u00bb\t\t<\/a>\n\n\t\t\t\t<\/div>\n\t\t\t\t<div class=\"elementor-post__meta-data\">\n\t\t\t\t\t<span class=\"elementor-post-date\">\n\t\t\tSeptember 28, 2022\t\t<\/span>\n\t\t\t\t<\/div>\n\t\t\t\t\t<\/div>\n\t\t<\/article>\n\t\t\t\t<article class=\"elementor-post elementor-grid-item post-1871 post type-post status-publish format-standard has-post-thumbnail hentry category-blog\" role=\"listitem\">\n\t\t\t<div class=\"elementor-post__card\">\n\t\t\t\t<a class=\"elementor-post__thumbnail__link\" href=\"https:\/\/halimi.al\/en\/sot-ne-gjyq-pjesa-7\/\" tabindex=\"-1\" ><div class=\"elementor-post__thumbnail\"><img loading=\"lazy\" decoding=\"async\" width=\"1157\" height=\"597\" src=\"https:\/\/halimi.al\/wp-content\/uploads\/2022\/09\/Sot-3.png\" class=\"attachment-full size-full wp-image-1858\" alt=\"\" srcset=\"https:\/\/halimi.al\/wp-content\/uploads\/2022\/09\/Sot-3.png 1157w, https:\/\/halimi.al\/wp-content\/uploads\/2022\/09\/Sot-3-300x155.png 300w, https:\/\/halimi.al\/wp-content\/uploads\/2022\/09\/Sot-3-1024x528.png 1024w, https:\/\/halimi.al\/wp-content\/uploads\/2022\/09\/Sot-3-768x396.png 768w, https:\/\/halimi.al\/wp-content\/uploads\/2022\/09\/Sot-3-200x103.png 200w\" sizes=\"(max-width: 1157px) 100vw, 1157px\" \/><\/div><\/a>\n\t\t\t\t<div class=\"elementor-post__badge\">Blog<\/div>\n\t\t\t\t<div class=\"elementor-post__avatar\">\n\t\t\t<img alt='ves' src='https:\/\/secure.gravatar.com\/avatar\/7b26f6fa8aa27d94d95b6cdbd73e79a388dd58c6b2fc0d63ddf5635eab9d2196?s=128&#038;d=mm&#038;r=g' srcset='https:\/\/secure.gravatar.com\/avatar\/7b26f6fa8aa27d94d95b6cdbd73e79a388dd58c6b2fc0d63ddf5635eab9d2196?s=256&#038;d=mm&#038;r=g 2x' class='avatar avatar-128 photo' height='128' width='128' \/>\t\t<\/div>\n\t\t\t\t<div class=\"elementor-post__text\">\n\t\t\t\t<h1 class=\"elementor-post__title\">\n\t\t\t<a href=\"https:\/\/halimi.al\/en\/sot-ne-gjyq-pjesa-7\/\" >\n\t\t\t\tSOT &#8211; N\u00eb gjyq \/ Pjesa 8\t\t\t<\/a>\n\t\t<\/h1>\n\t\t\t\t<div class=\"elementor-post__excerpt\">\n\t\t\t\t\t<\/div>\n\t\t\n\t\t<a class=\"elementor-post__read-more\" href=\"https:\/\/halimi.al\/en\/sot-ne-gjyq-pjesa-7\/\" aria-label=\"Read more about SOT &#8211; N\u00eb gjyq \/ Pjesa 8\" tabindex=\"-1\" >\n\t\t\tRead More \u00bb\t\t<\/a>\n\n\t\t\t\t<\/div>\n\t\t\t\t<div class=\"elementor-post__meta-data\">\n\t\t\t\t\t<span class=\"elementor-post-date\">\n\t\t\tSeptember 28, 2022\t\t<\/span>\n\t\t\t\t<\/div>\n\t\t\t\t\t<\/div>\n\t\t<\/article>\n\t\t\t\t<article class=\"elementor-post elementor-grid-item post-1868 post type-post status-publish format-standard has-post-thumbnail hentry category-blog\" role=\"listitem\">\n\t\t\t<div class=\"elementor-post__card\">\n\t\t\t\t<a class=\"elementor-post__thumbnail__link\" href=\"https:\/\/halimi.al\/en\/sot-ne-gjyq-pjesa-5\/\" tabindex=\"-1\" ><div class=\"elementor-post__thumbnail\"><img loading=\"lazy\" decoding=\"async\" width=\"1157\" height=\"597\" src=\"https:\/\/halimi.al\/wp-content\/uploads\/2022\/09\/Sot-3.png\" class=\"attachment-full size-full wp-image-1858\" alt=\"\" srcset=\"https:\/\/halimi.al\/wp-content\/uploads\/2022\/09\/Sot-3.png 1157w, https:\/\/halimi.al\/wp-content\/uploads\/2022\/09\/Sot-3-300x155.png 300w, https:\/\/halimi.al\/wp-content\/uploads\/2022\/09\/Sot-3-1024x528.png 1024w, https:\/\/halimi.al\/wp-content\/uploads\/2022\/09\/Sot-3-768x396.png 768w, https:\/\/halimi.al\/wp-content\/uploads\/2022\/09\/Sot-3-200x103.png 200w\" sizes=\"(max-width: 1157px) 100vw, 1157px\" \/><\/div><\/a>\n\t\t\t\t<div class=\"elementor-post__badge\">Blog<\/div>\n\t\t\t\t<div class=\"elementor-post__avatar\">\n\t\t\t<img alt='ves' src='https:\/\/secure.gravatar.com\/avatar\/7b26f6fa8aa27d94d95b6cdbd73e79a388dd58c6b2fc0d63ddf5635eab9d2196?s=128&#038;d=mm&#038;r=g' srcset='https:\/\/secure.gravatar.com\/avatar\/7b26f6fa8aa27d94d95b6cdbd73e79a388dd58c6b2fc0d63ddf5635eab9d2196?s=256&#038;d=mm&#038;r=g 2x' class='avatar avatar-128 photo' height='128' width='128' \/>\t\t<\/div>\n\t\t\t\t<div class=\"elementor-post__text\">\n\t\t\t\t<h1 class=\"elementor-post__title\">\n\t\t\t<a href=\"https:\/\/halimi.al\/en\/sot-ne-gjyq-pjesa-5\/\" >\n\t\t\t\tSOT &#8211; N\u00eb gjyq \/ Pjesa 5\t\t\t<\/a>\n\t\t<\/h1>\n\t\t\t\t<div class=\"elementor-post__excerpt\">\n\t\t\t\t\t<\/div>\n\t\t\n\t\t<a class=\"elementor-post__read-more\" href=\"https:\/\/halimi.al\/en\/sot-ne-gjyq-pjesa-5\/\" aria-label=\"Read more about SOT &#8211; N\u00eb gjyq \/ Pjesa 5\" tabindex=\"-1\" >\n\t\t\tRead More \u00bb\t\t<\/a>\n\n\t\t\t\t<\/div>\n\t\t\t\t<div class=\"elementor-post__meta-data\">\n\t\t\t\t\t<span class=\"elementor-post-date\">\n\t\t\tSeptember 28, 2022\t\t<\/span>\n\t\t\t\t<\/div>\n\t\t\t\t\t<\/div>\n\t\t<\/article>\n\t\t\t\t<article class=\"elementor-post elementor-grid-item post-1863 post type-post status-publish format-standard has-post-thumbnail hentry category-blog\" role=\"listitem\">\n\t\t\t<div class=\"elementor-post__card\">\n\t\t\t\t<a class=\"elementor-post__thumbnail__link\" href=\"https:\/\/halimi.al\/en\/sot-ne-gjyq-pjesa-4\/\" tabindex=\"-1\" ><div class=\"elementor-post__thumbnail\"><img loading=\"lazy\" decoding=\"async\" width=\"1157\" height=\"597\" src=\"https:\/\/halimi.al\/wp-content\/uploads\/2022\/09\/Sot-3.png\" class=\"attachment-full size-full wp-image-1858\" alt=\"\" srcset=\"https:\/\/halimi.al\/wp-content\/uploads\/2022\/09\/Sot-3.png 1157w, https:\/\/halimi.al\/wp-content\/uploads\/2022\/09\/Sot-3-300x155.png 300w, https:\/\/halimi.al\/wp-content\/uploads\/2022\/09\/Sot-3-1024x528.png 1024w, https:\/\/halimi.al\/wp-content\/uploads\/2022\/09\/Sot-3-768x396.png 768w, https:\/\/halimi.al\/wp-content\/uploads\/2022\/09\/Sot-3-200x103.png 200w\" sizes=\"(max-width: 1157px) 100vw, 1157px\" \/><\/div><\/a>\n\t\t\t\t<div class=\"elementor-post__badge\">Blog<\/div>\n\t\t\t\t<div class=\"elementor-post__avatar\">\n\t\t\t<img alt='ves' src='https:\/\/secure.gravatar.com\/avatar\/7b26f6fa8aa27d94d95b6cdbd73e79a388dd58c6b2fc0d63ddf5635eab9d2196?s=128&#038;d=mm&#038;r=g' srcset='https:\/\/secure.gravatar.com\/avatar\/7b26f6fa8aa27d94d95b6cdbd73e79a388dd58c6b2fc0d63ddf5635eab9d2196?s=256&#038;d=mm&#038;r=g 2x' class='avatar avatar-128 photo' height='128' width='128' \/>\t\t<\/div>\n\t\t\t\t<div class=\"elementor-post__text\">\n\t\t\t\t<h1 class=\"elementor-post__title\">\n\t\t\t<a href=\"https:\/\/halimi.al\/en\/sot-ne-gjyq-pjesa-4\/\" >\n\t\t\t\tSOT &#8211; N\u00eb gjyq \/ Pjesa 4\t\t\t<\/a>\n\t\t<\/h1>\n\t\t\t\t<div class=\"elementor-post__excerpt\">\n\t\t\t\t\t<\/div>\n\t\t\n\t\t<a class=\"elementor-post__read-more\" href=\"https:\/\/halimi.al\/en\/sot-ne-gjyq-pjesa-4\/\" aria-label=\"Read more about SOT &#8211; N\u00eb gjyq \/ Pjesa 4\" tabindex=\"-1\" >\n\t\t\tRead More \u00bb\t\t<\/a>\n\n\t\t\t\t<\/div>\n\t\t\t\t<div class=\"elementor-post__meta-data\">\n\t\t\t\t\t<span class=\"elementor-post-date\">\n\t\t\tSeptember 28, 2022\t\t<\/span>\n\t\t\t\t<\/div>\n\t\t\t\t\t<\/div>\n\t\t<\/article>\n\t\t\t\t<article class=\"elementor-post elementor-grid-item post-1860 post type-post status-publish format-standard has-post-thumbnail hentry category-blog\" role=\"listitem\">\n\t\t\t<div class=\"elementor-post__card\">\n\t\t\t\t<a class=\"elementor-post__thumbnail__link\" href=\"https:\/\/halimi.al\/en\/sot-ne-gjyq-pjesa-2\/\" tabindex=\"-1\" ><div class=\"elementor-post__thumbnail\"><img loading=\"lazy\" decoding=\"async\" width=\"1157\" height=\"597\" src=\"https:\/\/halimi.al\/wp-content\/uploads\/2022\/09\/Sot-3.png\" class=\"attachment-full size-full wp-image-1858\" alt=\"\" srcset=\"https:\/\/halimi.al\/wp-content\/uploads\/2022\/09\/Sot-3.png 1157w, https:\/\/halimi.al\/wp-content\/uploads\/2022\/09\/Sot-3-300x155.png 300w, https:\/\/halimi.al\/wp-content\/uploads\/2022\/09\/Sot-3-1024x528.png 1024w, https:\/\/halimi.al\/wp-content\/uploads\/2022\/09\/Sot-3-768x396.png 768w, https:\/\/halimi.al\/wp-content\/uploads\/2022\/09\/Sot-3-200x103.png 200w\" sizes=\"(max-width: 1157px) 100vw, 1157px\" \/><\/div><\/a>\n\t\t\t\t<div class=\"elementor-post__badge\">Blog<\/div>\n\t\t\t\t<div class=\"elementor-post__avatar\">\n\t\t\t<img alt='ves' src='https:\/\/secure.gravatar.com\/avatar\/7b26f6fa8aa27d94d95b6cdbd73e79a388dd58c6b2fc0d63ddf5635eab9d2196?s=128&#038;d=mm&#038;r=g' srcset='https:\/\/secure.gravatar.com\/avatar\/7b26f6fa8aa27d94d95b6cdbd73e79a388dd58c6b2fc0d63ddf5635eab9d2196?s=256&#038;d=mm&#038;r=g 2x' class='avatar avatar-128 photo' height='128' width='128' \/>\t\t<\/div>\n\t\t\t\t<div class=\"elementor-post__text\">\n\t\t\t\t<h1 class=\"elementor-post__title\">\n\t\t\t<a href=\"https:\/\/halimi.al\/en\/sot-ne-gjyq-pjesa-2\/\" >\n\t\t\t\tSOT &#8211; N\u00eb gjyq \/ Pjesa 2\t\t\t<\/a>\n\t\t<\/h1>\n\t\t\t\t<div class=\"elementor-post__excerpt\">\n\t\t\t\t\t<\/div>\n\t\t\n\t\t<a class=\"elementor-post__read-more\" href=\"https:\/\/halimi.al\/en\/sot-ne-gjyq-pjesa-2\/\" aria-label=\"Read more about SOT &#8211; N\u00eb gjyq \/ Pjesa 2\" tabindex=\"-1\" >\n\t\t\tRead More \u00bb\t\t<\/a>\n\n\t\t\t\t<\/div>\n\t\t\t\t<div class=\"elementor-post__meta-data\">\n\t\t\t\t\t<span class=\"elementor-post-date\">\n\t\t\tSeptember 28, 2022\t\t<\/span>\n\t\t\t\t<\/div>\n\t\t\t\t\t<\/div>\n\t\t<\/article>\n\t\t\t\t<article class=\"elementor-post elementor-grid-item post-1853 post type-post status-publish format-standard has-post-thumbnail hentry category-blog\" role=\"listitem\">\n\t\t\t<div class=\"elementor-post__card\">\n\t\t\t\t<a class=\"elementor-post__thumbnail__link\" href=\"https:\/\/halimi.al\/en\/sot-ne-gjyq-pjesa-3\/\" tabindex=\"-1\" ><div class=\"elementor-post__thumbnail\"><img loading=\"lazy\" decoding=\"async\" width=\"1157\" height=\"597\" src=\"https:\/\/halimi.al\/wp-content\/uploads\/2022\/09\/Sot-3.png\" class=\"attachment-full size-full wp-image-1858\" alt=\"\" srcset=\"https:\/\/halimi.al\/wp-content\/uploads\/2022\/09\/Sot-3.png 1157w, https:\/\/halimi.al\/wp-content\/uploads\/2022\/09\/Sot-3-300x155.png 300w, https:\/\/halimi.al\/wp-content\/uploads\/2022\/09\/Sot-3-1024x528.png 1024w, https:\/\/halimi.al\/wp-content\/uploads\/2022\/09\/Sot-3-768x396.png 768w, https:\/\/halimi.al\/wp-content\/uploads\/2022\/09\/Sot-3-200x103.png 200w\" sizes=\"(max-width: 1157px) 100vw, 1157px\" \/><\/div><\/a>\n\t\t\t\t<div class=\"elementor-post__badge\">Blog<\/div>\n\t\t\t\t<div class=\"elementor-post__avatar\">\n\t\t\t<img alt='ves' src='https:\/\/secure.gravatar.com\/avatar\/7b26f6fa8aa27d94d95b6cdbd73e79a388dd58c6b2fc0d63ddf5635eab9d2196?s=128&#038;d=mm&#038;r=g' srcset='https:\/\/secure.gravatar.com\/avatar\/7b26f6fa8aa27d94d95b6cdbd73e79a388dd58c6b2fc0d63ddf5635eab9d2196?s=256&#038;d=mm&#038;r=g 2x' class='avatar avatar-128 photo' height='128' width='128' \/>\t\t<\/div>\n\t\t\t\t<div class=\"elementor-post__text\">\n\t\t\t\t<h1 class=\"elementor-post__title\">\n\t\t\t<a href=\"https:\/\/halimi.al\/en\/sot-ne-gjyq-pjesa-3\/\" >\n\t\t\t\tSOT &#8211; N\u00eb gjyq \/ Pjesa 3\t\t\t<\/a>\n\t\t<\/h1>\n\t\t\t\t<div class=\"elementor-post__excerpt\">\n\t\t\t\t\t<\/div>\n\t\t\n\t\t<a class=\"elementor-post__read-more\" href=\"https:\/\/halimi.al\/en\/sot-ne-gjyq-pjesa-3\/\" aria-label=\"Read more about SOT &#8211; N\u00eb gjyq \/ Pjesa 3\" tabindex=\"-1\" >\n\t\t\tRead More \u00bb\t\t<\/a>\n\n\t\t\t\t<\/div>\n\t\t\t\t<div class=\"elementor-post__meta-data\">\n\t\t\t\t\t<span class=\"elementor-post-date\">\n\t\t\tSeptember 25, 2022\t\t<\/span>\n\t\t\t\t<\/div>\n\t\t\t\t\t<\/div>\n\t\t<\/article>\n\t\t\t\t<article class=\"elementor-post elementor-grid-item post-1849 post type-post status-publish format-standard has-post-thumbnail hentry category-blog\" role=\"listitem\">\n\t\t\t<div class=\"elementor-post__card\">\n\t\t\t\t<a class=\"elementor-post__thumbnail__link\" href=\"https:\/\/halimi.al\/en\/sot-ne-gjyq-pjesa-e-1-2\/\" tabindex=\"-1\" ><div class=\"elementor-post__thumbnail\"><img loading=\"lazy\" decoding=\"async\" width=\"1745\" height=\"607\" src=\"https:\/\/halimi.al\/wp-content\/uploads\/2022\/09\/Sot.png\" class=\"attachment-full size-full wp-image-1851\" alt=\"\" srcset=\"https:\/\/halimi.al\/wp-content\/uploads\/2022\/09\/Sot.png 1745w, https:\/\/halimi.al\/wp-content\/uploads\/2022\/09\/Sot-300x104.png 300w, https:\/\/halimi.al\/wp-content\/uploads\/2022\/09\/Sot-1024x356.png 1024w, https:\/\/halimi.al\/wp-content\/uploads\/2022\/09\/Sot-768x267.png 768w, https:\/\/halimi.al\/wp-content\/uploads\/2022\/09\/Sot-1536x534.png 1536w, https:\/\/halimi.al\/wp-content\/uploads\/2022\/09\/Sot-200x70.png 200w\" sizes=\"(max-width: 1745px) 100vw, 1745px\" \/><\/div><\/a>\n\t\t\t\t<div class=\"elementor-post__badge\">Blog<\/div>\n\t\t\t\t<div class=\"elementor-post__avatar\">\n\t\t\t<img alt='ves' src='https:\/\/secure.gravatar.com\/avatar\/7b26f6fa8aa27d94d95b6cdbd73e79a388dd58c6b2fc0d63ddf5635eab9d2196?s=128&#038;d=mm&#038;r=g' srcset='https:\/\/secure.gravatar.com\/avatar\/7b26f6fa8aa27d94d95b6cdbd73e79a388dd58c6b2fc0d63ddf5635eab9d2196?s=256&#038;d=mm&#038;r=g 2x' class='avatar avatar-128 photo' height='128' width='128' \/>\t\t<\/div>\n\t\t\t\t<div class=\"elementor-post__text\">\n\t\t\t\t<h1 class=\"elementor-post__title\">\n\t\t\t<a href=\"https:\/\/halimi.al\/en\/sot-ne-gjyq-pjesa-e-1-2\/\" >\n\t\t\t\tSOT &#8211; N\u00eb gjyq | Pjesa e 1 &#038; 2\t\t\t<\/a>\n\t\t<\/h1>\n\t\t\t\t<div class=\"elementor-post__excerpt\">\n\t\t\t\t\t<\/div>\n\t\t\n\t\t<a class=\"elementor-post__read-more\" href=\"https:\/\/halimi.al\/en\/sot-ne-gjyq-pjesa-e-1-2\/\" aria-label=\"Read more about SOT &#8211; N\u00eb gjyq | Pjesa e 1 &#038; 2\" tabindex=\"-1\" >\n\t\t\tRead More \u00bb\t\t<\/a>\n\n\t\t\t\t<\/div>\n\t\t\t\t<div class=\"elementor-post__meta-data\">\n\t\t\t\t\t<span class=\"elementor-post-date\">\n\t\t\tSeptember 25, 2022\t\t<\/span>\n\t\t\t\t<\/div>\n\t\t\t\t\t<\/div>\n\t\t<\/article>\n\t\t\t\t<article class=\"elementor-post elementor-grid-item post-1835 post type-post status-publish format-standard has-post-thumbnail hentry category-blog\" role=\"listitem\">\n\t\t\t<div class=\"elementor-post__card\">\n\t\t\t\t<a class=\"elementor-post__thumbnail__link\" href=\"https:\/\/halimi.al\/en\/nuk-mund-te-shkrihen-18-gjykata-ish-ministri-i-drejtesise-protesta-e-avokateve-eshte-legjitime\/\" tabindex=\"-1\" ><div class=\"elementor-post__thumbnail\"><img loading=\"lazy\" decoding=\"async\" width=\"1315\" height=\"1080\" src=\"https:\/\/halimi.al\/wp-content\/uploads\/2022\/06\/ABC-Eduar-Halimi.jpg\" class=\"attachment-full size-full wp-image-1838\" alt=\"\" srcset=\"https:\/\/halimi.al\/wp-content\/uploads\/2022\/06\/ABC-Eduar-Halimi.jpg 1315w, https:\/\/halimi.al\/wp-content\/uploads\/2022\/06\/ABC-Eduar-Halimi-300x246.jpg 300w, https:\/\/halimi.al\/wp-content\/uploads\/2022\/06\/ABC-Eduar-Halimi-1024x841.jpg 1024w, https:\/\/halimi.al\/wp-content\/uploads\/2022\/06\/ABC-Eduar-Halimi-768x631.jpg 768w, https:\/\/halimi.al\/wp-content\/uploads\/2022\/06\/ABC-Eduar-Halimi-200x164.jpg 200w\" sizes=\"(max-width: 1315px) 100vw, 1315px\" \/><\/div><\/a>\n\t\t\t\t<div class=\"elementor-post__badge\">Blog<\/div>\n\t\t\t\t<div class=\"elementor-post__avatar\">\n\t\t\t<img alt='ves' src='https:\/\/secure.gravatar.com\/avatar\/7b26f6fa8aa27d94d95b6cdbd73e79a388dd58c6b2fc0d63ddf5635eab9d2196?s=128&#038;d=mm&#038;r=g' srcset='https:\/\/secure.gravatar.com\/avatar\/7b26f6fa8aa27d94d95b6cdbd73e79a388dd58c6b2fc0d63ddf5635eab9d2196?s=256&#038;d=mm&#038;r=g 2x' class='avatar avatar-128 photo' height='128' width='128' \/>\t\t<\/div>\n\t\t\t\t<div class=\"elementor-post__text\">\n\t\t\t\t<h1 class=\"elementor-post__title\">\n\t\t\t<a href=\"https:\/\/halimi.al\/en\/nuk-mund-te-shkrihen-18-gjykata-ish-ministri-i-drejtesise-protesta-e-avokateve-eshte-legjitime\/\" >\n\t\t\t\t&#8220;Nuk mund t\u00eb shkrihen 18 Gjykata&#8221;, ish-ministri i Drejt\u00ebsis\u00eb: Protesta e avokat\u00ebve \u00ebsht\u00eb legjitime\t\t\t<\/a>\n\t\t<\/h1>\n\t\t\t\t<div class=\"elementor-post__excerpt\">\n\t\t\t\t\t<\/div>\n\t\t\n\t\t<a class=\"elementor-post__read-more\" href=\"https:\/\/halimi.al\/en\/nuk-mund-te-shkrihen-18-gjykata-ish-ministri-i-drejtesise-protesta-e-avokateve-eshte-legjitime\/\" aria-label=\"Read more about &#8220;Nuk mund t\u00eb shkrihen 18 Gjykata&#8221;, ish-ministri i Drejt\u00ebsis\u00eb: Protesta e avokat\u00ebve \u00ebsht\u00eb legjitime\" tabindex=\"-1\" >\n\t\t\tRead More \u00bb\t\t<\/a>\n\n\t\t\t\t<\/div>\n\t\t\t\t<div class=\"elementor-post__meta-data\">\n\t\t\t\t\t<span class=\"elementor-post-date\">\n\t\t\tJune 16, 2022\t\t<\/span>\n\t\t\t\t<\/div>\n\t\t\t\t\t<\/div>\n\t\t<\/article>\n\t\t\t\t<article class=\"elementor-post elementor-grid-item post-1832 post type-post status-publish format-standard has-post-thumbnail hentry category-blog\" role=\"listitem\">\n\t\t\t<div class=\"elementor-post__card\">\n\t\t\t\t<a class=\"elementor-post__thumbnail__link\" href=\"https:\/\/halimi.al\/en\/intervista-e-z-halimi-ne-rtsh-kombetar\/\" tabindex=\"-1\" ><div class=\"elementor-post__thumbnail\"><img loading=\"lazy\" decoding=\"async\" width=\"1920\" height=\"1080\" src=\"https:\/\/halimi.al\/wp-content\/uploads\/2022\/06\/Eduar-Halimi-RTSH.jpg\" class=\"attachment-full size-full wp-image-1834\" alt=\"\" srcset=\"https:\/\/halimi.al\/wp-content\/uploads\/2022\/06\/Eduar-Halimi-RTSH.jpg 1920w, https:\/\/halimi.al\/wp-content\/uploads\/2022\/06\/Eduar-Halimi-RTSH-300x169.jpg 300w, https:\/\/halimi.al\/wp-content\/uploads\/2022\/06\/Eduar-Halimi-RTSH-1024x576.jpg 1024w, https:\/\/halimi.al\/wp-content\/uploads\/2022\/06\/Eduar-Halimi-RTSH-768x432.jpg 768w, https:\/\/halimi.al\/wp-content\/uploads\/2022\/06\/Eduar-Halimi-RTSH-1536x864.jpg 1536w, https:\/\/halimi.al\/wp-content\/uploads\/2022\/06\/Eduar-Halimi-RTSH-200x113.jpg 200w\" sizes=\"(max-width: 1920px) 100vw, 1920px\" \/><\/div><\/a>\n\t\t\t\t<div class=\"elementor-post__badge\">Blog<\/div>\n\t\t\t\t<div class=\"elementor-post__avatar\">\n\t\t\t<img alt='ves' src='https:\/\/secure.gravatar.com\/avatar\/7b26f6fa8aa27d94d95b6cdbd73e79a388dd58c6b2fc0d63ddf5635eab9d2196?s=128&#038;d=mm&#038;r=g' srcset='https:\/\/secure.gravatar.com\/avatar\/7b26f6fa8aa27d94d95b6cdbd73e79a388dd58c6b2fc0d63ddf5635eab9d2196?s=256&#038;d=mm&#038;r=g 2x' class='avatar avatar-128 photo' height='128' width='128' \/>\t\t<\/div>\n\t\t\t\t<div class=\"elementor-post__text\">\n\t\t\t\t<h1 class=\"elementor-post__title\">\n\t\t\t<a href=\"https:\/\/halimi.al\/en\/intervista-e-z-halimi-ne-rtsh-kombetar\/\" >\n\t\t\t\tIntervista e z. Halimi ne RTSH kombetar\t\t\t<\/a>\n\t\t<\/h1>\n\t\t\t\t<div class=\"elementor-post__excerpt\">\n\t\t\t<p>Intervista e z. Halimi ne RTSH kombetar<\/p>\n\t\t<\/div>\n\t\t\n\t\t<a class=\"elementor-post__read-more\" href=\"https:\/\/halimi.al\/en\/intervista-e-z-halimi-ne-rtsh-kombetar\/\" aria-label=\"Read more about Intervista e z. Halimi ne RTSH kombetar\" tabindex=\"-1\" >\n\t\t\tRead More \u00bb\t\t<\/a>\n\n\t\t\t\t<\/div>\n\t\t\t\t<div class=\"elementor-post__meta-data\">\n\t\t\t\t\t<span class=\"elementor-post-date\">\n\t\t\tJune 15, 2022\t\t<\/span>\n\t\t\t\t<\/div>\n\t\t\t\t\t<\/div>\n\t\t<\/article>\n\t\t\t\t<article class=\"elementor-post elementor-grid-item post-1828 post type-post status-publish format-standard has-post-thumbnail hentry category-blog\" role=\"listitem\">\n\t\t\t<div class=\"elementor-post__card\">\n\t\t\t\t<a class=\"elementor-post__thumbnail__link\" href=\"https:\/\/halimi.al\/en\/ora-e-betit-ish-ministri-i-drejtesise-eduard-halimi-reforma-e-re-gjyqesore-pa-studim-fizibiliteti\/\" tabindex=\"-1\" ><div class=\"elementor-post__thumbnail\"><img loading=\"lazy\" decoding=\"async\" width=\"2560\" height=\"1080\" src=\"https:\/\/halimi.al\/wp-content\/uploads\/2022\/06\/Halimi-Ora-RABETIT.jpg\" class=\"attachment-full size-full wp-image-1830\" alt=\"\" srcset=\"https:\/\/halimi.al\/wp-content\/uploads\/2022\/06\/Halimi-Ora-RABETIT.jpg 2560w, https:\/\/halimi.al\/wp-content\/uploads\/2022\/06\/Halimi-Ora-RABETIT-300x127.jpg 300w, https:\/\/halimi.al\/wp-content\/uploads\/2022\/06\/Halimi-Ora-RABETIT-1024x432.jpg 1024w, https:\/\/halimi.al\/wp-content\/uploads\/2022\/06\/Halimi-Ora-RABETIT-768x324.jpg 768w, https:\/\/halimi.al\/wp-content\/uploads\/2022\/06\/Halimi-Ora-RABETIT-1536x648.jpg 1536w, https:\/\/halimi.al\/wp-content\/uploads\/2022\/06\/Halimi-Ora-RABETIT-2048x864.jpg 2048w, https:\/\/halimi.al\/wp-content\/uploads\/2022\/06\/Halimi-Ora-RABETIT-200x84.jpg 200w\" sizes=\"(max-width: 2560px) 100vw, 2560px\" \/><\/div><\/a>\n\t\t\t\t<div class=\"elementor-post__badge\">Blog<\/div>\n\t\t\t\t<div class=\"elementor-post__avatar\">\n\t\t\t<img alt='ves' src='https:\/\/secure.gravatar.com\/avatar\/7b26f6fa8aa27d94d95b6cdbd73e79a388dd58c6b2fc0d63ddf5635eab9d2196?s=128&#038;d=mm&#038;r=g' srcset='https:\/\/secure.gravatar.com\/avatar\/7b26f6fa8aa27d94d95b6cdbd73e79a388dd58c6b2fc0d63ddf5635eab9d2196?s=256&#038;d=mm&#038;r=g 2x' class='avatar avatar-128 photo' height='128' width='128' \/>\t\t<\/div>\n\t\t\t\t<div class=\"elementor-post__text\">\n\t\t\t\t<h1 class=\"elementor-post__title\">\n\t\t\t<a href=\"https:\/\/halimi.al\/en\/ora-e-betit-ish-ministri-i-drejtesise-eduard-halimi-reforma-e-re-gjyqesore-pa-studim-fizibiliteti\/\" >\n\t\t\t\tOra e Betit &#8211; Ish-ministri i Drejt\u00ebsis\u00eb Eduard Halimi: Reforma e re gjyq\u00ebsore pa studim fizibiliteti\t\t\t<\/a>\n\t\t<\/h1>\n\t\t\t\t<div class=\"elementor-post__excerpt\">\n\t\t\t<p>z. Ora e Betit &#8211; Ish-ministri i Drejt\u00ebsis\u00eb Eduard Halimi: Reforma e re gjyq\u00ebsore pa studim fizibiliteti. &nbsp;<\/p>\n\t\t<\/div>\n\t\t\n\t\t<a class=\"elementor-post__read-more\" href=\"https:\/\/halimi.al\/en\/ora-e-betit-ish-ministri-i-drejtesise-eduard-halimi-reforma-e-re-gjyqesore-pa-studim-fizibiliteti\/\" aria-label=\"Read more about Ora e Betit &#8211; Ish-ministri i Drejt\u00ebsis\u00eb Eduard Halimi: Reforma e re gjyq\u00ebsore pa studim fizibiliteti\" tabindex=\"-1\" >\n\t\t\tRead More \u00bb\t\t<\/a>\n\n\t\t\t\t<\/div>\n\t\t\t\t<div class=\"elementor-post__meta-data\">\n\t\t\t\t\t<span class=\"elementor-post-date\">\n\t\t\tJune 15, 2022\t\t<\/span>\n\t\t\t\t<\/div>\n\t\t\t\t\t<\/div>\n\t\t<\/article>\n\t\t\t\t<article class=\"elementor-post elementor-grid-item post-1813 post type-post status-publish format-standard has-post-thumbnail hentry category-blog\" role=\"listitem\">\n\t\t\t<div class=\"elementor-post__card\">\n\t\t\t\t<a class=\"elementor-post__thumbnail__link\" href=\"https:\/\/halimi.al\/en\/komuniteti-i-energjise-mirepret-anetaresimin-si-vezhgues-te-ukrenergo-ne-entso-e\/\" tabindex=\"-1\" ><div class=\"elementor-post__thumbnail\"><img loading=\"lazy\" decoding=\"async\" width=\"1267\" height=\"864\" src=\"https:\/\/halimi.al\/wp-content\/uploads\/2022\/04\/Alban-Avdualla-cover-1-e1650922765933.jpg\" class=\"attachment-full size-full wp-image-1593\" alt=\"\" srcset=\"https:\/\/halimi.al\/wp-content\/uploads\/2022\/04\/Alban-Avdualla-cover-1-e1650922765933.jpg 1267w, https:\/\/halimi.al\/wp-content\/uploads\/2022\/04\/Alban-Avdualla-cover-1-e1650922765933-300x205.jpg 300w, https:\/\/halimi.al\/wp-content\/uploads\/2022\/04\/Alban-Avdualla-cover-1-e1650922765933-1024x698.jpg 1024w, https:\/\/halimi.al\/wp-content\/uploads\/2022\/04\/Alban-Avdualla-cover-1-e1650922765933-768x524.jpg 768w, https:\/\/halimi.al\/wp-content\/uploads\/2022\/04\/Alban-Avdualla-cover-1-e1650922765933-200x136.jpg 200w\" sizes=\"(max-width: 1267px) 100vw, 1267px\" \/><\/div><\/a>\n\t\t\t\t<div class=\"elementor-post__badge\">Blog<\/div>\n\t\t\t\t<div class=\"elementor-post__avatar\">\n\t\t\t<img alt='ves' src='https:\/\/secure.gravatar.com\/avatar\/7b26f6fa8aa27d94d95b6cdbd73e79a388dd58c6b2fc0d63ddf5635eab9d2196?s=128&#038;d=mm&#038;r=g' srcset='https:\/\/secure.gravatar.com\/avatar\/7b26f6fa8aa27d94d95b6cdbd73e79a388dd58c6b2fc0d63ddf5635eab9d2196?s=256&#038;d=mm&#038;r=g 2x' class='avatar avatar-128 photo' height='128' width='128' \/>\t\t<\/div>\n\t\t\t\t<div class=\"elementor-post__text\">\n\t\t\t\t<h1 class=\"elementor-post__title\">\n\t\t\t<a href=\"https:\/\/halimi.al\/en\/komuniteti-i-energjise-mirepret-anetaresimin-si-vezhgues-te-ukrenergo-ne-entso-e\/\" >\n\t\t\t\tKOMUNITETI I ENERGJIS\u00cb MIR\u00cbPRET AN\u00cbTAR\u00cbSIMIN SI V\u00cbZHGUES T\u00cb &#8220;UKRENERGO&#8221; N\u00cb ENTSO-E.\t\t\t<\/a>\n\t\t<\/h1>\n\t\t\t\t<div class=\"elementor-post__excerpt\">\n\t\t\t<p>M\u00eb 7 Qershor 2022, Operator\u00ebt e Sistemit t\u00eb Transmetimit (OST) t\u00eb Evrop\u00ebs Kontinentale iu p\u00ebrgjigj pozitivisht k\u00ebrkes\u00ebs s\u00eb OST \u201cUKRENERGO\u201d t\u00eb Ukrain\u00ebs p\u00ebr shk\u00ebmbimet komerciale<\/p>\n\t\t<\/div>\n\t\t\n\t\t<a class=\"elementor-post__read-more\" href=\"https:\/\/halimi.al\/en\/komuniteti-i-energjise-mirepret-anetaresimin-si-vezhgues-te-ukrenergo-ne-entso-e\/\" aria-label=\"Read more about KOMUNITETI I ENERGJIS\u00cb MIR\u00cbPRET AN\u00cbTAR\u00cbSIMIN SI V\u00cbZHGUES T\u00cb &#8220;UKRENERGO&#8221; N\u00cb ENTSO-E.\" tabindex=\"-1\" >\n\t\t\tRead More \u00bb\t\t<\/a>\n\n\t\t\t\t<\/div>\n\t\t\t\t<div class=\"elementor-post__meta-data\">\n\t\t\t\t\t<span class=\"elementor-post-date\">\n\t\t\tJune 10, 2022\t\t<\/span>\n\t\t\t\t<\/div>\n\t\t\t\t\t<\/div>\n\t\t<\/article>\n\t\t\t\t<article class=\"elementor-post elementor-grid-item post-1768 post type-post status-publish format-standard has-post-thumbnail hentry category-blog\" role=\"listitem\">\n\t\t\t<div class=\"elementor-post__card\">\n\t\t\t\t<a class=\"elementor-post__thumbnail__link\" href=\"https:\/\/halimi.al\/en\/detyrimi-ligjor-i-qeverise-per-konsultim-publik\/\" tabindex=\"-1\" ><div class=\"elementor-post__thumbnail\"><img loading=\"lazy\" decoding=\"async\" width=\"1267\" height=\"864\" src=\"https:\/\/halimi.al\/wp-content\/uploads\/2022\/04\/Alban-Avdualla-cover-1-e1650922765933.jpg\" class=\"attachment-full size-full wp-image-1593\" alt=\"\" srcset=\"https:\/\/halimi.al\/wp-content\/uploads\/2022\/04\/Alban-Avdualla-cover-1-e1650922765933.jpg 1267w, https:\/\/halimi.al\/wp-content\/uploads\/2022\/04\/Alban-Avdualla-cover-1-e1650922765933-300x205.jpg 300w, https:\/\/halimi.al\/wp-content\/uploads\/2022\/04\/Alban-Avdualla-cover-1-e1650922765933-1024x698.jpg 1024w, https:\/\/halimi.al\/wp-content\/uploads\/2022\/04\/Alban-Avdualla-cover-1-e1650922765933-768x524.jpg 768w, https:\/\/halimi.al\/wp-content\/uploads\/2022\/04\/Alban-Avdualla-cover-1-e1650922765933-200x136.jpg 200w\" sizes=\"(max-width: 1267px) 100vw, 1267px\" \/><\/div><\/a>\n\t\t\t\t<div class=\"elementor-post__badge\">Blog<\/div>\n\t\t\t\t<div class=\"elementor-post__avatar\">\n\t\t\t<img alt='ves' src='https:\/\/secure.gravatar.com\/avatar\/7b26f6fa8aa27d94d95b6cdbd73e79a388dd58c6b2fc0d63ddf5635eab9d2196?s=128&#038;d=mm&#038;r=g' srcset='https:\/\/secure.gravatar.com\/avatar\/7b26f6fa8aa27d94d95b6cdbd73e79a388dd58c6b2fc0d63ddf5635eab9d2196?s=256&#038;d=mm&#038;r=g 2x' class='avatar avatar-128 photo' height='128' width='128' \/>\t\t<\/div>\n\t\t\t\t<div class=\"elementor-post__text\">\n\t\t\t\t<h1 class=\"elementor-post__title\">\n\t\t\t<a href=\"https:\/\/halimi.al\/en\/detyrimi-ligjor-i-qeverise-per-konsultim-publik\/\" >\n\t\t\t\tDETYRIMI LIGJOR I QEVERIS\u00cb P\u00cbR KONSULTIM PUBLIK\t\t\t<\/a>\n\t\t<\/h1>\n\t\t\t\t<div class=\"elementor-post__excerpt\">\n\t\t\t<p>Sipas parashikimeve t\u00eb ligjit me nr.146\/2014 \u201cP\u00ebr njoftimin dhe konsultimin publik\u201d, Qeveria kadetyrim ligjor t\u00eb konsultohet me grupet e interesit p\u00ebr miratimin e projektligjeve me<\/p>\n\t\t<\/div>\n\t\t\n\t\t<a class=\"elementor-post__read-more\" href=\"https:\/\/halimi.al\/en\/detyrimi-ligjor-i-qeverise-per-konsultim-publik\/\" aria-label=\"Read more about DETYRIMI LIGJOR I QEVERIS\u00cb P\u00cbR KONSULTIM PUBLIK\" tabindex=\"-1\" >\n\t\t\tRead More \u00bb\t\t<\/a>\n\n\t\t\t\t<\/div>\n\t\t\t\t<div class=\"elementor-post__meta-data\">\n\t\t\t\t\t<span class=\"elementor-post-date\">\n\t\t\tMay 18, 2022\t\t<\/span>\n\t\t\t\t<\/div>\n\t\t\t\t\t<\/div>\n\t\t<\/article>\n\t\t\t\t<article class=\"elementor-post elementor-grid-item post-1759 post type-post status-publish format-standard has-post-thumbnail hentry category-blog\" role=\"listitem\">\n\t\t\t<div class=\"elementor-post__card\">\n\t\t\t\t<a class=\"elementor-post__thumbnail__link\" href=\"https:\/\/halimi.al\/en\/krijimi-i-kadastres-se-burimeve-ujore-dhe-kostot-qe-i-jane-ngarkuar-subjektit-privat\/\" tabindex=\"-1\" ><div class=\"elementor-post__thumbnail\"><img loading=\"lazy\" decoding=\"async\" width=\"1267\" height=\"864\" src=\"https:\/\/halimi.al\/wp-content\/uploads\/2022\/04\/Alban-Avdualla-cover-1-e1650922765933.jpg\" class=\"attachment-full size-full wp-image-1593\" alt=\"\" srcset=\"https:\/\/halimi.al\/wp-content\/uploads\/2022\/04\/Alban-Avdualla-cover-1-e1650922765933.jpg 1267w, https:\/\/halimi.al\/wp-content\/uploads\/2022\/04\/Alban-Avdualla-cover-1-e1650922765933-300x205.jpg 300w, https:\/\/halimi.al\/wp-content\/uploads\/2022\/04\/Alban-Avdualla-cover-1-e1650922765933-1024x698.jpg 1024w, https:\/\/halimi.al\/wp-content\/uploads\/2022\/04\/Alban-Avdualla-cover-1-e1650922765933-768x524.jpg 768w, https:\/\/halimi.al\/wp-content\/uploads\/2022\/04\/Alban-Avdualla-cover-1-e1650922765933-200x136.jpg 200w\" sizes=\"(max-width: 1267px) 100vw, 1267px\" \/><\/div><\/a>\n\t\t\t\t<div class=\"elementor-post__badge\">Blog<\/div>\n\t\t\t\t<div class=\"elementor-post__avatar\">\n\t\t\t<img alt='ves' src='https:\/\/secure.gravatar.com\/avatar\/7b26f6fa8aa27d94d95b6cdbd73e79a388dd58c6b2fc0d63ddf5635eab9d2196?s=128&#038;d=mm&#038;r=g' srcset='https:\/\/secure.gravatar.com\/avatar\/7b26f6fa8aa27d94d95b6cdbd73e79a388dd58c6b2fc0d63ddf5635eab9d2196?s=256&#038;d=mm&#038;r=g 2x' class='avatar avatar-128 photo' height='128' width='128' \/>\t\t<\/div>\n\t\t\t\t<div class=\"elementor-post__text\">\n\t\t\t\t<h1 class=\"elementor-post__title\">\n\t\t\t<a href=\"https:\/\/halimi.al\/en\/krijimi-i-kadastres-se-burimeve-ujore-dhe-kostot-qe-i-jane-ngarkuar-subjektit-privat\/\" >\n\t\t\t\tKRIJIMI I KADASTR\u00cbS S\u00cb BURIMEVE UJORE DHE KOSTOT Q\u00cb I JAN\u00cb NGARKUAR SUBJEKTIT PRIVAT\t\t\t<\/a>\n\t\t<\/h1>\n\t\t\t\t<div class=\"elementor-post__excerpt\">\n\t\t\t<p>N\u00eb dat\u00ebn 30\/12\/2020 Qeveria ka miratuar VKM-n\u00eb me nr. 1122\/2020 \u201cP\u00ebr miratimin e k\u00ebrkesave, kushteve, procedurave, fondeve t\u00eb nevojshme buxhetore p\u00ebr krijimin, mbajtjen, menaxhimin, dhe<\/p>\n\t\t<\/div>\n\t\t\n\t\t<a class=\"elementor-post__read-more\" href=\"https:\/\/halimi.al\/en\/krijimi-i-kadastres-se-burimeve-ujore-dhe-kostot-qe-i-jane-ngarkuar-subjektit-privat\/\" aria-label=\"Read more about KRIJIMI I KADASTR\u00cbS S\u00cb BURIMEVE UJORE DHE KOSTOT Q\u00cb I JAN\u00cb NGARKUAR SUBJEKTIT PRIVAT\" tabindex=\"-1\" >\n\t\t\tRead More \u00bb\t\t<\/a>\n\n\t\t\t\t<\/div>\n\t\t\t\t<div class=\"elementor-post__meta-data\">\n\t\t\t\t\t<span class=\"elementor-post-date\">\n\t\t\tMay 11, 2022\t\t<\/span>\n\t\t\t\t<\/div>\n\t\t\t\t\t<\/div>\n\t\t<\/article>\n\t\t\t\t<article class=\"elementor-post elementor-grid-item post-1752 post type-post status-publish format-standard has-post-thumbnail hentry category-blog\" role=\"listitem\">\n\t\t\t<div class=\"elementor-post__card\">\n\t\t\t\t<a class=\"elementor-post__thumbnail__link\" href=\"https:\/\/halimi.al\/en\/holanda-shenon-cmimin-me-te-ulet-te-energjise-elektrike-ne-histori\/\" tabindex=\"-1\" ><div class=\"elementor-post__thumbnail\"><img loading=\"lazy\" decoding=\"async\" width=\"1267\" height=\"864\" src=\"https:\/\/halimi.al\/wp-content\/uploads\/2022\/04\/Alban-Avdualla-cover-1-e1650922765933.jpg\" class=\"attachment-full size-full wp-image-1593\" alt=\"\" srcset=\"https:\/\/halimi.al\/wp-content\/uploads\/2022\/04\/Alban-Avdualla-cover-1-e1650922765933.jpg 1267w, https:\/\/halimi.al\/wp-content\/uploads\/2022\/04\/Alban-Avdualla-cover-1-e1650922765933-300x205.jpg 300w, https:\/\/halimi.al\/wp-content\/uploads\/2022\/04\/Alban-Avdualla-cover-1-e1650922765933-1024x698.jpg 1024w, https:\/\/halimi.al\/wp-content\/uploads\/2022\/04\/Alban-Avdualla-cover-1-e1650922765933-768x524.jpg 768w, https:\/\/halimi.al\/wp-content\/uploads\/2022\/04\/Alban-Avdualla-cover-1-e1650922765933-200x136.jpg 200w\" sizes=\"(max-width: 1267px) 100vw, 1267px\" \/><\/div><\/a>\n\t\t\t\t<div class=\"elementor-post__badge\">Blog<\/div>\n\t\t\t\t<div class=\"elementor-post__avatar\">\n\t\t\t<img alt='ves' src='https:\/\/secure.gravatar.com\/avatar\/7b26f6fa8aa27d94d95b6cdbd73e79a388dd58c6b2fc0d63ddf5635eab9d2196?s=128&#038;d=mm&#038;r=g' srcset='https:\/\/secure.gravatar.com\/avatar\/7b26f6fa8aa27d94d95b6cdbd73e79a388dd58c6b2fc0d63ddf5635eab9d2196?s=256&#038;d=mm&#038;r=g 2x' class='avatar avatar-128 photo' height='128' width='128' \/>\t\t<\/div>\n\t\t\t\t<div class=\"elementor-post__text\">\n\t\t\t\t<h1 class=\"elementor-post__title\">\n\t\t\t<a href=\"https:\/\/halimi.al\/en\/holanda-shenon-cmimin-me-te-ulet-te-energjise-elektrike-ne-histori\/\" >\n\t\t\t\tHOLANDA SH\u00cbNON CMIMIN M\u00cb T\u00cb UL\u00cbT T\u00cb ENERGJIS\u00cb ELEKTRIKE N\u00cb HISTORI\t\t\t<\/a>\n\t\t<\/h1>\n\t\t\t\t<div class=\"elementor-post__excerpt\">\n\t\t\t<p>Dit\u00ebn e shtun\u00eb t\u00eb dat\u00ebs 23 Prill 2022, \u201cNordPool Group\u201d sh\u00ebnoi kufirin minimal t\u00eb\u00e7mimit t\u00eb energjis\u00eb elektrike t\u00eb arritur n\u00eb Holand\u00eb.\u00c7mimet negative si n\u00eb zon\u00ebn<\/p>\n\t\t<\/div>\n\t\t\n\t\t<a class=\"elementor-post__read-more\" href=\"https:\/\/halimi.al\/en\/holanda-shenon-cmimin-me-te-ulet-te-energjise-elektrike-ne-histori\/\" aria-label=\"Read more about HOLANDA SH\u00cbNON CMIMIN M\u00cb T\u00cb UL\u00cbT T\u00cb ENERGJIS\u00cb ELEKTRIKE N\u00cb HISTORI\" tabindex=\"-1\" >\n\t\t\tRead More \u00bb\t\t<\/a>\n\n\t\t\t\t<\/div>\n\t\t\t\t<div class=\"elementor-post__meta-data\">\n\t\t\t\t\t<span class=\"elementor-post-date\">\n\t\t\tMay 4, 2022\t\t<\/span>\n\t\t\t\t<\/div>\n\t\t\t\t\t<\/div>\n\t\t<\/article>\n\t\t\t\t<article class=\"elementor-post elementor-grid-item post-1734 post type-post status-publish format-standard has-post-thumbnail hentry category-blog\" role=\"listitem\">\n\t\t\t<div class=\"elementor-post__card\">\n\t\t\t\t<a class=\"elementor-post__thumbnail__link\" href=\"https:\/\/halimi.al\/en\/tarifat-e-perdorimit-te-zonave-te-mbrojtura-pas-vitit-2021\/\" tabindex=\"-1\" ><div class=\"elementor-post__thumbnail\"><img loading=\"lazy\" decoding=\"async\" width=\"1267\" height=\"864\" src=\"https:\/\/halimi.al\/wp-content\/uploads\/2022\/04\/Alban-Avdualla-cover-1-e1650922765933.jpg\" class=\"attachment-full size-full wp-image-1593\" alt=\"\" srcset=\"https:\/\/halimi.al\/wp-content\/uploads\/2022\/04\/Alban-Avdualla-cover-1-e1650922765933.jpg 1267w, https:\/\/halimi.al\/wp-content\/uploads\/2022\/04\/Alban-Avdualla-cover-1-e1650922765933-300x205.jpg 300w, https:\/\/halimi.al\/wp-content\/uploads\/2022\/04\/Alban-Avdualla-cover-1-e1650922765933-1024x698.jpg 1024w, https:\/\/halimi.al\/wp-content\/uploads\/2022\/04\/Alban-Avdualla-cover-1-e1650922765933-768x524.jpg 768w, https:\/\/halimi.al\/wp-content\/uploads\/2022\/04\/Alban-Avdualla-cover-1-e1650922765933-200x136.jpg 200w\" sizes=\"(max-width: 1267px) 100vw, 1267px\" \/><\/div><\/a>\n\t\t\t\t<div class=\"elementor-post__badge\">Blog<\/div>\n\t\t\t\t<div class=\"elementor-post__avatar\">\n\t\t\t<img alt='ves' src='https:\/\/secure.gravatar.com\/avatar\/7b26f6fa8aa27d94d95b6cdbd73e79a388dd58c6b2fc0d63ddf5635eab9d2196?s=128&#038;d=mm&#038;r=g' srcset='https:\/\/secure.gravatar.com\/avatar\/7b26f6fa8aa27d94d95b6cdbd73e79a388dd58c6b2fc0d63ddf5635eab9d2196?s=256&#038;d=mm&#038;r=g 2x' class='avatar avatar-128 photo' height='128' width='128' \/>\t\t<\/div>\n\t\t\t\t<div class=\"elementor-post__text\">\n\t\t\t\t<h1 class=\"elementor-post__title\">\n\t\t\t<a href=\"https:\/\/halimi.al\/en\/tarifat-e-perdorimit-te-zonave-te-mbrojtura-pas-vitit-2021\/\" >\n\t\t\t\tTarifat e p\u00ebrdorimit t\u00eb zonave t\u00eb mbrojtura pas vitit 2021\t\t\t<\/a>\n\t\t<\/h1>\n\t\t\t\t<div class=\"elementor-post__excerpt\">\n\t\t\t<p>P\u00ebrmes vendimit me nr. 1156 date 24\/12\/2020 \u201cP\u00ebr caktimin e t\u00eb ardhurave t\u00eb gjeneruara nga tarifat q\u00eb paguhen n\u00eb zonat e mbrojtura, t\u00eb mas\u00ebs dhe<\/p>\n\t\t<\/div>\n\t\t\n\t\t<a class=\"elementor-post__read-more\" href=\"https:\/\/halimi.al\/en\/tarifat-e-perdorimit-te-zonave-te-mbrojtura-pas-vitit-2021\/\" aria-label=\"Read more about Tarifat e p\u00ebrdorimit t\u00eb zonave t\u00eb mbrojtura pas vitit 2021\" tabindex=\"-1\" >\n\t\t\tRead More \u00bb\t\t<\/a>\n\n\t\t\t\t<\/div>\n\t\t\t\t<div class=\"elementor-post__meta-data\">\n\t\t\t\t\t<span class=\"elementor-post-date\">\n\t\t\tApril 25, 2022\t\t<\/span>\n\t\t\t\t<\/div>\n\t\t\t\t\t<\/div>\n\t\t<\/article>\n\t\t\t\t<article class=\"elementor-post elementor-grid-item post-1660 post type-post status-publish format-standard has-post-thumbnail hentry category-blog\" role=\"listitem\">\n\t\t\t<div class=\"elementor-post__card\">\n\t\t\t\t<a class=\"elementor-post__thumbnail__link\" href=\"https:\/\/halimi.al\/en\/z-halimi-ne-cnn-a2-lidhur-me-drejtesine-dhe-situaten-politike-ne-vend\/\" tabindex=\"-1\" ><div class=\"elementor-post__thumbnail\"><img loading=\"lazy\" decoding=\"async\" width=\"1920\" height=\"1080\" src=\"https:\/\/halimi.al\/wp-content\/uploads\/2022\/04\/Eduard-Halimi-a2.jpg\" class=\"attachment-full size-full wp-image-1663\" alt=\"\" srcset=\"https:\/\/halimi.al\/wp-content\/uploads\/2022\/04\/Eduard-Halimi-a2.jpg 1920w, https:\/\/halimi.al\/wp-content\/uploads\/2022\/04\/Eduard-Halimi-a2-300x169.jpg 300w, https:\/\/halimi.al\/wp-content\/uploads\/2022\/04\/Eduard-Halimi-a2-1024x576.jpg 1024w, https:\/\/halimi.al\/wp-content\/uploads\/2022\/04\/Eduard-Halimi-a2-768x432.jpg 768w, https:\/\/halimi.al\/wp-content\/uploads\/2022\/04\/Eduard-Halimi-a2-1536x864.jpg 1536w, https:\/\/halimi.al\/wp-content\/uploads\/2022\/04\/Eduard-Halimi-a2-18x10.jpg 18w, https:\/\/halimi.al\/wp-content\/uploads\/2022\/04\/Eduard-Halimi-a2-200x113.jpg 200w\" sizes=\"(max-width: 1920px) 100vw, 1920px\" \/><\/div><\/a>\n\t\t\t\t<div class=\"elementor-post__badge\">Blog<\/div>\n\t\t\t\t<div class=\"elementor-post__avatar\">\n\t\t\t<img alt='ves' src='https:\/\/secure.gravatar.com\/avatar\/7b26f6fa8aa27d94d95b6cdbd73e79a388dd58c6b2fc0d63ddf5635eab9d2196?s=128&#038;d=mm&#038;r=g' srcset='https:\/\/secure.gravatar.com\/avatar\/7b26f6fa8aa27d94d95b6cdbd73e79a388dd58c6b2fc0d63ddf5635eab9d2196?s=256&#038;d=mm&#038;r=g 2x' class='avatar avatar-128 photo' height='128' width='128' \/>\t\t<\/div>\n\t\t\t\t<div class=\"elementor-post__text\">\n\t\t\t\t<h1 class=\"elementor-post__title\">\n\t\t\t<a href=\"https:\/\/halimi.al\/en\/z-halimi-ne-cnn-a2-lidhur-me-drejtesine-dhe-situaten-politike-ne-vend\/\" >\n\t\t\t\tz. Halimi ne CNN A2 lidhur me drejtesine dhe situaten politike ne vend\t\t\t<\/a>\n\t\t<\/h1>\n\t\t\t\t<div class=\"elementor-post__excerpt\">\n\t\t\t<p>z. Halimi ne CNN A2 lidhur me drejtesine dhe situaten politike ne vend.<\/p>\n\t\t<\/div>\n\t\t\n\t\t<a class=\"elementor-post__read-more\" href=\"https:\/\/halimi.al\/en\/z-halimi-ne-cnn-a2-lidhur-me-drejtesine-dhe-situaten-politike-ne-vend\/\" aria-label=\"Read more about z. Halimi ne CNN A2 lidhur me drejtesine dhe situaten politike ne vend\" tabindex=\"-1\" >\n\t\t\tRead More \u00bb\t\t<\/a>\n\n\t\t\t\t<\/div>\n\t\t\t\t<div class=\"elementor-post__meta-data\">\n\t\t\t\t\t<span class=\"elementor-post-date\">\n\t\t\tApril 25, 2022\t\t<\/span>\n\t\t\t\t<\/div>\n\t\t\t\t\t<\/div>\n\t\t<\/article>\n\t\t\t\t<\/div>\n\t\t\n\t\t\t\t\t\t<\/div>\n\t\t\t\t<\/div>\n\t\t\t\t\t<\/div>\n\t\t<\/div>\n\t\t\t\t\t<\/div>\n\t\t<\/section>\n\t\t\t\t\t<\/div>\n\t\t<\/div>\n\t\t\t\t\t<\/div>\n\t\t<\/section>\n\t\t\t\t\t<\/div>\n\t\t<\/div>\n\t\t\t\t\t<\/div>\n\t\t<\/section>\n\t\t\t\t<\/div>","protected":false},"excerpt":{"rendered":"<p>BLOG 0 Asistenca Ligjore 0 Njoftime 0 Prezantim<\/p>","protected":false},"author":1,"featured_media":0,"parent":0,"menu_order":0,"comment_status":"closed","ping_status":"closed","template":"","meta":{"_acf_changed":false,"site-sidebar-layout":"no-sidebar","site-content-layout":"page-builder","ast-site-content-layout":"","site-content-style":"default","site-sidebar-style":"default","ast-global-header-display":"","ast-banner-title-visibility":"","ast-main-header-display":"","ast-hfb-above-header-display":"","ast-hfb-below-header-display":"","ast-hfb-mobile-header-display":"","site-post-title":"disabled","ast-breadcrumbs-content":"","ast-featured-img":"disabled","footer-sml-layout":"","theme-transparent-header-meta":"default","adv-header-id-meta":"","stick-header-meta":"","header-above-stick-meta":"","header-main-stick-meta":"","header-below-stick-meta":"","astra-migrate-meta-layouts":"default","ast-page-background-enabled":"default","ast-page-background-meta":{"desktop":{"background-color":"var(--ast-global-color-4)","background-image":"","background-repeat":"repeat","background-position":"center center","background-size":"auto","background-attachment":"scroll","background-type":"","background-media":"","overlay-type":"","overlay-color":"","overlay-opacity":"","overlay-gradient":""},"tablet":{"background-color":"","background-image":"","background-repeat":"repeat","background-position":"center center","background-size":"auto","background-attachment":"scroll","background-type":"","background-media":"","overlay-type":"","overlay-color":"","overlay-opacity":"","overlay-gradient":""},"mobile":{"background-color":"","background-image":"","background-repeat":"repeat","background-position":"center center","background-size":"auto","background-attachment":"scroll","background-type":"","background-media":"","overlay-type":"","overlay-color":"","overlay-opacity":"","overlay-gradient":""}},"ast-content-background-meta":{"desktop":{"background-color":"var(--ast-global-color-5)","background-image":"","background-repeat":"repeat","background-position":"center center","background-size":"auto","background-attachment":"scroll","background-type":"","background-media":"","overlay-type":"","overlay-color":"","overlay-opacity":"","overlay-gradient":""},"tablet":{"background-color":"var(--ast-global-color-5)","background-image":"","background-repeat":"repeat","background-position":"center center","background-size":"auto","background-attachment":"scroll","background-type":"","background-media":"","overlay-type":"","overlay-color":"","overlay-opacity":"","overlay-gradient":""},"mobile":{"background-color":"var(--ast-global-color-5)","background-image":"","background-repeat":"repeat","background-position":"center center","background-size":"auto","background-attachment":"scroll","background-type":"","background-media":"","overlay-type":"","overlay-color":"","overlay-opacity":"","overlay-gradient":""}},"footnotes":""},"class_list":["post-1253","page","type-page","status-publish","hentry"],"acf":[],"_links":{"self":[{"href":"https:\/\/halimi.al\/en\/wp-json\/wp\/v2\/pages\/1253","targetHints":{"allow":["GET"]}}],"collection":[{"href":"https:\/\/halimi.al\/en\/wp-json\/wp\/v2\/pages"}],"about":[{"href":"https:\/\/halimi.al\/en\/wp-json\/wp\/v2\/types\/page"}],"author":[{"embeddable":true,"href":"https:\/\/halimi.al\/en\/wp-json\/wp\/v2\/users\/1"}],"replies":[{"embeddable":true,"href":"https:\/\/halimi.al\/en\/wp-json\/wp\/v2\/comments?post=1253"}],"version-history":[{"count":46,"href":"https:\/\/halimi.al\/en\/wp-json\/wp\/v2\/pages\/1253\/revisions"}],"predecessor-version":[{"id":1670,"href":"https:\/\/halimi.al\/en\/wp-json\/wp\/v2\/pages\/1253\/revisions\/1670"}],"wp:attachment":[{"href":"https:\/\/halimi.al\/en\/wp-json\/wp\/v2\/media?parent=1253"}],"curies":[{"name":"wp","href":"https:\/\/api.w.org\/{rel}","templated":true}]}}